{"id":9284,"date":"2020-01-20T13:08:51","date_gmt":"2020-01-20T11:08:51","guid":{"rendered":"http:\/\/www.eoimalaga.com\/web\/?page_id=9284"},"modified":"2020-01-20T13:08:51","modified_gmt":"2020-01-20T11:08:51","slug":"jueves-y-jornadas-de-las-lenguas","status":"publish","type":"page","link":"https:\/\/www.eoimalaga.com\/web\/jueves-y-jornadas-de-las-lenguas\/","title":{"rendered":"Jueves y Jornadas de las lenguas"},"content":{"rendered":"<div class=\"wpb-content-wrapper\"><p>[vc_row full_width=\u00bbstretch_row_content\u00bb el_id=\u00bbrow_focus_title\u00bb el_class=\u00bbcustom_spacer_row\u00bb css=\u00bb.vc_custom_1579174507444{margin-top: 0px !important;margin-bottom: 0px !important;padding-top: 0px !important;padding-right: 15px !important;padding-bottom: 0px !important;padding-left: 15px !important;background-image: url(http:\/\/www.eoimalaga.com\/web\/wp-content\/uploads\/2017\/03\/EOI_back.jpg?id=5036) !important;}\u00bb][vc_column css=\u00bb.vc_custom_1481791680110{margin-top: 0px !important;margin-bottom: 0px !important;padding-top: 0px !important;padding-bottom: 0px !important;}\u00bb el_class=\u00bbnicdark_upper_level1&#8243;][vc_empty_space height=\u00bb250px\u00bb][vc_column_text]<\/p>\n<h1 style=\"text-align: center;\"><span style=\"color: #ffffff;\">Los Jueves y las Jornadas de las Lenguas<\/span><\/h1>\n<p>[\/vc_column_text][\/vc_column][\/vc_row][vc_row][vc_column][vc_column_text]Durante los cursos 2015\/2016 y 2017\/18 la Escuela Oficial de Idiomas de M\u00e1laga llev\u00f3 a cabo unas actividades de difusi\u00f3n de las diferentes lenguas que se imparten en nuestro centro.<\/p>\n<p>Estas actividades se plasmaron en <a href=\"http:\/\/www.eoimalaga.com\/web\/los-jueves-de-las-lenguas\/\" target=\"_blank\" rel=\"noopener noreferrer\">Los Jueves<\/a> y <a href=\"http:\/\/www.eoimalaga.com\/web\/las-jornadas-de-las-lenguas\/\" target=\"_blank\" rel=\"noopener noreferrer\">Las Jornadas de las Lenguas<\/a>.<\/p>\n<p>Te animamos a conocer a fondo estas iniciativas.[\/vc_column_text][\/vc_column][\/vc_row][vc_column][\/vc_column][vc_row][vc_column][vc_column_text]<\/p>\n<p style=\"text-align: left;\"><span style=\"font-size: 14pt;\"><strong><span style=\"color: #ff6600;\">Patrocinadores<\/span><\/strong><\/span><\/p>\n<p>[\/vc_column_text][\/vc_column][\/vc_row][vc_row][vc_column width=\u00bb1\/4&#8243;][vc_column_text]<img loading=\"lazy\" decoding=\"async\" class=\"wp-image-9308 aligncenter\" src=\"http:\/\/www.eoimalaga.com\/web\/wp-content\/uploads\/2020\/01\/logo_azul-300x300.jpg\" alt=\"\" width=\"100\" height=\"100\" srcset=\"https:\/\/www.eoimalaga.com\/web\/wp-content\/uploads\/2020\/01\/logo_azul-300x300.jpg 300w, https:\/\/www.eoimalaga.com\/web\/wp-content\/uploads\/2020\/01\/logo_azul-150x150.jpg 150w, https:\/\/www.eoimalaga.com\/web\/wp-content\/uploads\/2020\/01\/logo_azul.jpg 400w\" sizes=\"auto, (max-width: 100px) 100vw, 100px\" \/>[\/vc_column_text][\/vc_column][vc_column width=\u00bb1\/4&#8243;][vc_column_text]<img loading=\"lazy\" decoding=\"async\" class=\"alignnone wp-image-9342 \" src=\"http:\/\/www.eoimalaga.com\/web\/wp-content\/uploads\/2020\/01\/luces-300x143.jpg\" alt=\"\" width=\"201\" height=\"96\" srcset=\"https:\/\/www.eoimalaga.com\/web\/wp-content\/uploads\/2020\/01\/luces-300x143.jpg 300w, https:\/\/www.eoimalaga.com\/web\/wp-content\/uploads\/2020\/01\/luces.jpg 395w\" sizes=\"auto, (max-width: 201px) 100vw, 201px\" \/>[\/vc_column_text][\/vc_column][vc_column width=\u00bb1\/4&#8243;][vc_column_text]<img loading=\"lazy\" decoding=\"async\" class=\" wp-image-9352 aligncenter\" src=\"http:\/\/www.eoimalaga.com\/web\/wp-content\/uploads\/2020\/01\/Logo-Cep-M\u00e1laga-300x280.png\" alt=\"\" width=\"125\" height=\"117\" srcset=\"https:\/\/www.eoimalaga.com\/web\/wp-content\/uploads\/2020\/01\/Logo-Cep-M\u00e1laga-300x280.png 300w, https:\/\/www.eoimalaga.com\/web\/wp-content\/uploads\/2020\/01\/Logo-Cep-M\u00e1laga-1024x956.png 1024w, https:\/\/www.eoimalaga.com\/web\/wp-content\/uploads\/2020\/01\/Logo-Cep-M\u00e1laga-768x717.png 768w, https:\/\/www.eoimalaga.com\/web\/wp-content\/uploads\/2020\/01\/Logo-Cep-M\u00e1laga-1536x1434.png 1536w, https:\/\/www.eoimalaga.com\/web\/wp-content\/uploads\/2020\/01\/Logo-Cep-M\u00e1laga.png 1773w\" sizes=\"auto, (max-width: 125px) 100vw, 125px\" \/>[\/vc_column_text][\/vc_column][vc_column width=\u00bb1\/4&#8243;][vc_column_text]<img loading=\"lazy\" decoding=\"async\" class=\" wp-image-9358 aligncenter\" src=\"http:\/\/www.eoimalaga.com\/web\/wp-content\/uploads\/2020\/01\/logotipo_copicentro2-300x98.jpg\" alt=\"\" width=\"202\" height=\"66\" srcset=\"https:\/\/www.eoimalaga.com\/web\/wp-content\/uploads\/2020\/01\/logotipo_copicentro2-300x98.jpg 300w, https:\/\/www.eoimalaga.com\/web\/wp-content\/uploads\/2020\/01\/logotipo_copicentro2-1024x335.jpg 1024w, https:\/\/www.eoimalaga.com\/web\/wp-content\/uploads\/2020\/01\/logotipo_copicentro2-768x251.jpg 768w, https:\/\/www.eoimalaga.com\/web\/wp-content\/uploads\/2020\/01\/logotipo_copicentro2.jpg 1210w\" sizes=\"auto, (max-width: 202px) 100vw, 202px\" \/>[\/vc_column_text][\/vc_column][\/vc_row][vc_row][vc_column][\/vc_column][\/vc_row]<\/p>\n<\/div>","protected":false},"excerpt":{"rendered":"<p>[vc_row full_width=\u00bbstretch_row_content\u00bb el_id=\u00bbrow_focus_title\u00bb el_class=\u00bbcustom_spacer_row\u00bb css=\u00bb.vc_custom_1579174507444{margin-top: 0px !important;margin-bottom: 0px !important;padding-top: 0px !important;padding-right: 15px !important;padding-bottom: 0px !important;padding-left: 15px !important;background-image: url(http:\/\/www.eoimalaga.com\/web\/wp-content\/uploads\/2017\/03\/EOI_back.jpg?id=5036) !important;}\u00bb][vc_column css=\u00bb.vc_custom_1481791680110{margin-top: 0px !important;margin-bottom: 0px !important;padding-top: 0px !important;padding-bottom: 0px !important;}\u00bb el_class=\u00bbnicdark_upper_level1&#8243;][vc_empty_space height=\u00bb250px\u00bb][vc_column_text] Los Jueves y las Jornadas de las Lenguas [\/vc_column_text][\/vc_column][\/vc_row][vc_row][vc_column][vc_column_text]Durante los cursos 2015\/2016 y 2017\/18 la Escuela Oficial de Idiomas de M\u00e1laga llev\u00f3 a cabo unas [&hellip;]<\/p>\n","protected":false},"author":12,"featured_media":0,"parent":0,"menu_order":0,"comment_status":"closed","ping_status":"closed","template":"","meta":{"inline_featured_image":false,"footnotes":""},"categories":[74],"tags":[],"class_list":["post-9284","page","type-page","status-publish","hentry","category-jueves-y-jornadas"],"yoast_head":"<!-- This site is optimized with the Yoast SEO plugin v26.5 - https:\/\/yoast.com\/wordpress\/plugins\/seo\/ -->\n<title>Jueves y Jornadas de las lenguas - P\u00e1gina Oficial de la EOI de M\u00e1laga ::Los idiomas ponen el mundo a tus pies::<\/title>\n<meta name=\"robots\" content=\"index, follow, max-snippet:-1, max-image-preview:large, max-video-preview:-1\" \/>\n<link rel=\"canonical\" href=\"https:\/\/www.eoimalaga.com\/web\/jueves-y-jornadas-de-las-lenguas\/\" \/>\n<meta property=\"og:locale\" content=\"es_ES\" \/>\n<meta property=\"og:type\" content=\"article\" \/>\n<meta property=\"og:title\" content=\"Jueves y Jornadas de las lenguas - P\u00e1gina Oficial de la EOI de M\u00e1laga ::Los idiomas ponen el mundo a tus pies::\" \/>\n<meta property=\"og:description\" content=\"[vc_row full_width=\u00bbstretch_row_content\u00bb el_id=\u00bbrow_focus_title\u00bb el_class=\u00bbcustom_spacer_row\u00bb css=\u00bb.vc_custom_1579174507444{margin-top: 0px !important;margin-bottom: 0px !important;padding-top: 0px !important;padding-right: 15px !important;padding-bottom: 0px !important;padding-left: 15px !important;background-image: url(http:\/\/www.eoimalaga.com\/web\/wp-content\/uploads\/2017\/03\/EOI_back.jpg?id=5036) !important;}\u00bb][vc_column css=\u00bb.vc_custom_1481791680110{margin-top: 0px !important;margin-bottom: 0px !important;padding-top: 0px !important;padding-bottom: 0px !important;}\u00bb el_class=\u00bbnicdark_upper_level1&#8243;][vc_empty_space height=\u00bb250px\u00bb][vc_column_text] Los Jueves y las Jornadas de las Lenguas [\/vc_column_text][\/vc_column][\/vc_row][vc_row][vc_column][vc_column_text]Durante los cursos 2015\/2016 y 2017\/18 la Escuela Oficial de Idiomas de M\u00e1laga llev\u00f3 a cabo unas [&hellip;]\" \/>\n<meta property=\"og:url\" content=\"https:\/\/www.eoimalaga.com\/web\/jueves-y-jornadas-de-las-lenguas\/\" \/>\n<meta property=\"og:site_name\" content=\"P\u00e1gina Oficial de la EOI de M\u00e1laga ::Los idiomas ponen el mundo a tus pies::\" \/>\n<meta property=\"og:image\" content=\"http:\/\/www.eoimalaga.com\/web\/wp-content\/uploads\/2020\/01\/logo_azul-300x300.jpg\" \/>\n<meta name=\"twitter:card\" content=\"summary_large_image\" \/>\n<meta name=\"twitter:label1\" content=\"Tiempo de lectura\" \/>\n\t<meta name=\"twitter:data1\" content=\"1 minuto\" \/>\n<script type=\"application\/ld+json\" class=\"yoast-schema-graph\">{\"@context\":\"https:\/\/schema.org\",\"@graph\":[{\"@type\":\"WebPage\",\"@id\":\"https:\/\/www.eoimalaga.com\/web\/jueves-y-jornadas-de-las-lenguas\/\",\"url\":\"https:\/\/www.eoimalaga.com\/web\/jueves-y-jornadas-de-las-lenguas\/\",\"name\":\"Jueves y Jornadas de las lenguas - P\u00e1gina Oficial de la EOI de M\u00e1laga ::Los idiomas ponen el mundo a tus pies::\",\"isPartOf\":{\"@id\":\"https:\/\/www.eoimalaga.com\/web\/#website\"},\"primaryImageOfPage\":{\"@id\":\"https:\/\/www.eoimalaga.com\/web\/jueves-y-jornadas-de-las-lenguas\/#primaryimage\"},\"image\":{\"@id\":\"https:\/\/www.eoimalaga.com\/web\/jueves-y-jornadas-de-las-lenguas\/#primaryimage\"},\"thumbnailUrl\":\"http:\/\/www.eoimalaga.com\/web\/wp-content\/uploads\/2020\/01\/logo_azul-300x300.jpg\",\"datePublished\":\"2020-01-20T11:08:51+00:00\",\"breadcrumb\":{\"@id\":\"https:\/\/www.eoimalaga.com\/web\/jueves-y-jornadas-de-las-lenguas\/#breadcrumb\"},\"inLanguage\":\"es\",\"potentialAction\":[{\"@type\":\"ReadAction\",\"target\":[\"https:\/\/www.eoimalaga.com\/web\/jueves-y-jornadas-de-las-lenguas\/\"]}]},{\"@type\":\"ImageObject\",\"inLanguage\":\"es\",\"@id\":\"https:\/\/www.eoimalaga.com\/web\/jueves-y-jornadas-de-las-lenguas\/#primaryimage\",\"url\":\"http:\/\/www.eoimalaga.com\/web\/wp-content\/uploads\/2020\/01\/logo_azul-300x300.jpg\",\"contentUrl\":\"http:\/\/www.eoimalaga.com\/web\/wp-content\/uploads\/2020\/01\/logo_azul-300x300.jpg\"},{\"@type\":\"BreadcrumbList\",\"@id\":\"https:\/\/www.eoimalaga.com\/web\/jueves-y-jornadas-de-las-lenguas\/#breadcrumb\",\"itemListElement\":[{\"@type\":\"ListItem\",\"position\":1,\"name\":\"Home\",\"item\":\"https:\/\/www.eoimalaga.com\/web\/\"},{\"@type\":\"ListItem\",\"position\":2,\"name\":\"Jueves y Jornadas de las lenguas\"}]},{\"@type\":\"WebSite\",\"@id\":\"https:\/\/www.eoimalaga.com\/web\/#website\",\"url\":\"https:\/\/www.eoimalaga.com\/web\/\",\"name\":\"P\u00e1gina Oficial de la EOI de M\u00e1laga ::Los idiomas ponen el mundo a tus pies::\",\"description\":\"EOI M\u00e1laga\",\"potentialAction\":[{\"@type\":\"SearchAction\",\"target\":{\"@type\":\"EntryPoint\",\"urlTemplate\":\"https:\/\/www.eoimalaga.com\/web\/?s={search_term_string}\"},\"query-input\":{\"@type\":\"PropertyValueSpecification\",\"valueRequired\":true,\"valueName\":\"search_term_string\"}}],\"inLanguage\":\"es\"}]}<\/script>\n<!-- \/ Yoast SEO plugin. -->","yoast_head_json":{"title":"Jueves y Jornadas de las lenguas - P\u00e1gina Oficial de la EOI de M\u00e1laga ::Los idiomas ponen el mundo a tus pies::","robots":{"index":"index","follow":"follow","max-snippet":"max-snippet:-1","max-image-preview":"max-image-preview:large","max-video-preview":"max-video-preview:-1"},"canonical":"https:\/\/www.eoimalaga.com\/web\/jueves-y-jornadas-de-las-lenguas\/","og_locale":"es_ES","og_type":"article","og_title":"Jueves y Jornadas de las lenguas - P\u00e1gina Oficial de la EOI de M\u00e1laga ::Los idiomas ponen el mundo a tus pies::","og_description":"[vc_row full_width=\u00bbstretch_row_content\u00bb el_id=\u00bbrow_focus_title\u00bb el_class=\u00bbcustom_spacer_row\u00bb css=\u00bb.vc_custom_1579174507444{margin-top: 0px !important;margin-bottom: 0px !important;padding-top: 0px !important;padding-right: 15px !important;padding-bottom: 0px !important;padding-left: 15px !important;background-image: url(http:\/\/www.eoimalaga.com\/web\/wp-content\/uploads\/2017\/03\/EOI_back.jpg?id=5036) !important;}\u00bb][vc_column css=\u00bb.vc_custom_1481791680110{margin-top: 0px !important;margin-bottom: 0px !important;padding-top: 0px !important;padding-bottom: 0px !important;}\u00bb el_class=\u00bbnicdark_upper_level1&#8243;][vc_empty_space height=\u00bb250px\u00bb][vc_column_text] Los Jueves y las Jornadas de las Lenguas [\/vc_column_text][\/vc_column][\/vc_row][vc_row][vc_column][vc_column_text]Durante los cursos 2015\/2016 y 2017\/18 la Escuela Oficial de Idiomas de M\u00e1laga llev\u00f3 a cabo unas [&hellip;]","og_url":"https:\/\/www.eoimalaga.com\/web\/jueves-y-jornadas-de-las-lenguas\/","og_site_name":"P\u00e1gina Oficial de la EOI de M\u00e1laga ::Los idiomas ponen el mundo a tus pies::","og_image":[{"url":"http:\/\/www.eoimalaga.com\/web\/wp-content\/uploads\/2020\/01\/logo_azul-300x300.jpg","type":"","width":"","height":""}],"twitter_card":"summary_large_image","twitter_misc":{"Tiempo de lectura":"1 minuto"},"schema":{"@context":"https:\/\/schema.org","@graph":[{"@type":"WebPage","@id":"https:\/\/www.eoimalaga.com\/web\/jueves-y-jornadas-de-las-lenguas\/","url":"https:\/\/www.eoimalaga.com\/web\/jueves-y-jornadas-de-las-lenguas\/","name":"Jueves y Jornadas de las lenguas - P\u00e1gina Oficial de la EOI de M\u00e1laga ::Los idiomas ponen el mundo a tus pies::","isPartOf":{"@id":"https:\/\/www.eoimalaga.com\/web\/#website"},"primaryImageOfPage":{"@id":"https:\/\/www.eoimalaga.com\/web\/jueves-y-jornadas-de-las-lenguas\/#primaryimage"},"image":{"@id":"https:\/\/www.eoimalaga.com\/web\/jueves-y-jornadas-de-las-lenguas\/#primaryimage"},"thumbnailUrl":"http:\/\/www.eoimalaga.com\/web\/wp-content\/uploads\/2020\/01\/logo_azul-300x300.jpg","datePublished":"2020-01-20T11:08:51+00:00","breadcrumb":{"@id":"https:\/\/www.eoimalaga.com\/web\/jueves-y-jornadas-de-las-lenguas\/#breadcrumb"},"inLanguage":"es","potentialAction":[{"@type":"ReadAction","target":["https:\/\/www.eoimalaga.com\/web\/jueves-y-jornadas-de-las-lenguas\/"]}]},{"@type":"ImageObject","inLanguage":"es","@id":"https:\/\/www.eoimalaga.com\/web\/jueves-y-jornadas-de-las-lenguas\/#primaryimage","url":"http:\/\/www.eoimalaga.com\/web\/wp-content\/uploads\/2020\/01\/logo_azul-300x300.jpg","contentUrl":"http:\/\/www.eoimalaga.com\/web\/wp-content\/uploads\/2020\/01\/logo_azul-300x300.jpg"},{"@type":"BreadcrumbList","@id":"https:\/\/www.eoimalaga.com\/web\/jueves-y-jornadas-de-las-lenguas\/#breadcrumb","itemListElement":[{"@type":"ListItem","position":1,"name":"Home","item":"https:\/\/www.eoimalaga.com\/web\/"},{"@type":"ListItem","position":2,"name":"Jueves y Jornadas de las lenguas"}]},{"@type":"WebSite","@id":"https:\/\/www.eoimalaga.com\/web\/#website","url":"https:\/\/www.eoimalaga.com\/web\/","name":"P\u00e1gina Oficial de la EOI de M\u00e1laga ::Los idiomas ponen el mundo a tus pies::","description":"EOI M\u00e1laga","potentialAction":[{"@type":"SearchAction","target":{"@type":"EntryPoint","urlTemplate":"https:\/\/www.eoimalaga.com\/web\/?s={search_term_string}"},"query-input":{"@type":"PropertyValueSpecification","valueRequired":true,"valueName":"search_term_string"}}],"inLanguage":"es"}]}},"_links":{"self":[{"href":"https:\/\/www.eoimalaga.com\/web\/wp-json\/wp\/v2\/pages\/9284","targetHints":{"allow":["GET"]}}],"collection":[{"href":"https:\/\/www.eoimalaga.com\/web\/wp-json\/wp\/v2\/pages"}],"about":[{"href":"https:\/\/www.eoimalaga.com\/web\/wp-json\/wp\/v2\/types\/page"}],"author":[{"embeddable":true,"href":"https:\/\/www.eoimalaga.com\/web\/wp-json\/wp\/v2\/users\/12"}],"replies":[{"embeddable":true,"href":"https:\/\/www.eoimalaga.com\/web\/wp-json\/wp\/v2\/comments?post=9284"}],"version-history":[{"count":69,"href":"https:\/\/www.eoimalaga.com\/web\/wp-json\/wp\/v2\/pages\/9284\/revisions"}],"predecessor-version":[{"id":9527,"href":"https:\/\/www.eoimalaga.com\/web\/wp-json\/wp\/v2\/pages\/9284\/revisions\/9527"}],"wp:attachment":[{"href":"https:\/\/www.eoimalaga.com\/web\/wp-json\/wp\/v2\/media?parent=9284"}],"wp:term":[{"taxonomy":"category","embeddable":true,"href":"https:\/\/www.eoimalaga.com\/web\/wp-json\/wp\/v2\/categories?post=9284"},{"taxonomy":"post_tag","embeddable":true,"href":"https:\/\/www.eoimalaga.com\/web\/wp-json\/wp\/v2\/tags?post=9284"}],"curies":[{"name":"wp","href":"https:\/\/api.w.org\/{rel}","templated":true}]}}