{"id":8708,"date":"2019-12-31T08:21:21","date_gmt":"2019-12-31T06:21:21","guid":{"rendered":"http:\/\/www.eoimalaga.com\/web\/?page_id=8708"},"modified":"2025-02-03T14:55:19","modified_gmt":"2025-02-03T12:55:19","slug":"horarios","status":"publish","type":"page","link":"https:\/\/www.eoimalaga.com\/web\/japones\/horarios\/","title":{"rendered":"Horarios"},"content":{"rendered":"<div class=\"wpb-content-wrapper\"><p>[vc_row][vc_column][vc_column_text css=\u00bb\u00bb]<span style=\"font-size: 14pt;\">En el siguiente enlace puede encontrar informaci\u00f3n detallada sobre los <strong>niveles, horarios, profesorado y aulas<\/strong> correspondientes a los cursos que se imparten:<\/span>[\/vc_column_text][\/vc_column][\/vc_row][vc_row][vc_column][vc_empty_space][\/vc_column][\/vc_row][vc_row equal_height=\u00bbyes\u00bb content_placement=\u00bbmiddle\u00bb][vc_column width=\u00bb1\/4&#8243;][vc_icon icon_fontawesome=\u00bbfar fa-clock\u00bb color=\u00bbcustom\u00bb size=\u00bbxl\u00bb align=\u00bbright\u00bb link=\u00bburl:https%3A%2F%2Fwww.eoimalaga.com%2Fweb_docs%2Fhorarios%2FIN_OfertaAcademica_Idioma.pdf||target:%20_blank|\u00bb custom_color=\u00bb#6fc191&#8243;][\/vc_column][vc_column width=\u00bb2\/4&#8243;][vc_column_text css=\u00bb\u00bb]<\/p>\n<p style=\"text-align: left;\"><a href=\"https:\/\/www.eoimalaga.com\/web_docs\/horarios\/JA_OfertaAcademica_Idioma.pdf\" target=\"_blank\" rel=\"noopener noreferrer\">CURSOS PRESENCIALES<\/a><\/p>\n<p>[\/vc_column_text][\/vc_column][vc_column width=\u00bb1\/4&#8243;][\/vc_column][\/vc_row][vc_row][vc_column][\/vc_column][\/vc_row][vc_row][vc_column][vc_column_text]<\/p>\n<p>[\/vc_column_text][\/vc_column][\/vc_row][vc_row disable_element=\u00bbyes\u00bb][vc_column][vc_column_text]<\/p>\n<h1 style=\"text-align: center;\">HORARIOS CURSO 24\/25<\/h1>\n<p>[\/vc_column_text][vc_column_text]<\/p>\n<table style=\"height: 194px; width: 97.9738%;\" border=\"1\" cellspacing=\"10\" cellpadding=\"2\">\n<tbody>\n<tr style=\"height: 23px; background-color: #c4b5b5;\">\n<td style=\"width: 6.39534%; height: 23px; text-align: center;\"><strong>GRUPO<\/strong><\/td>\n<td style=\"width: 35.4651%; height: 23px; text-align: center;\"><strong>D\u00cdA<\/strong><\/td>\n<td style=\"width: 18.4594%; height: 23px; text-align: center;\"><strong>HORA<\/strong><\/td>\n<td style=\"width: 35.6104%; height: 23px; text-align: center;\"><strong>PROFESORADO<\/strong><\/td>\n<\/tr>\n<tr style=\"height: 23px;\">\n<td style=\"width: 6.39534%; height: 23px; text-align: center;\"><strong>\u00a0A1<\/strong><\/td>\n<td style=\"width: 35.4651%; height: 23px; text-align: center;\">LUNES Y MI\u00c9RCOLES<\/td>\n<td style=\"width: 18.4594%; height: 23px; text-align: center;\">18:00-21:00<\/td>\n<td style=\"width: 35.6104%; height: 23px; text-align: center;\">Alejandro Pereira<\/td>\n<\/tr>\n<tr style=\"height: 35px;\">\n<td style=\"width: 6.39534%; height: 35px; text-align: center;\"><strong>A1<\/strong><\/td>\n<td style=\"width: 35.4651%; height: 35px; text-align: center;\">MARTES Y JUEVES<\/td>\n<td style=\"width: 18.4594%; height: 35px; text-align: center;\">15:00-18:00<\/td>\n<td style=\"width: 35.6104%; height: 35px; text-align: center;\">Alejandro Pereira<\/td>\n<\/tr>\n<tr style=\"height: 23px;\">\n<td style=\"width: 6.39534%; height: 23px; text-align: center;\"><strong>A1<\/strong><\/td>\n<td style=\"width: 35.4651%; height: 23px; text-align: center;\">MARTES Y JUEVES<\/td>\n<td style=\"width: 18.4594%; height: 23px; text-align: center;\">18:00-21:00<\/td>\n<td style=\"width: 35.6104%; height: 23px; text-align: center;\">Carmen Guijarro<\/td>\n<\/tr>\n<tr style=\"height: 23px;\">\n<td style=\"width: 6.39534%; height: 23px; text-align: center;\"><strong>A2<\/strong><\/td>\n<td style=\"width: 35.4651%; height: 23px; text-align: center;\">LUNES Y MI\u00c9RCOLES<\/td>\n<td style=\"width: 18.4594%; height: 23px; text-align: center;\">15:00-18:00<\/td>\n<td style=\"width: 35.6104%; height: 23px; text-align: center;\">Carmen Guijarro<\/td>\n<\/tr>\n<tr style=\"height: 23px;\">\n<td style=\"width: 6.39534%; height: 23px; text-align: center;\"><strong>A2<\/strong><\/td>\n<td style=\"width: 35.4651%; height: 23px; text-align: center;\">MARTES Y JUEVES<\/td>\n<td style=\"width: 18.4594%; height: 23px; text-align: center;\">18:00-21:00<\/td>\n<td style=\"width: 35.6104%; height: 23px; text-align: center;\">Alejandro Pereira<\/td>\n<\/tr>\n<tr style=\"height: 23px;\">\n<td style=\"width: 6.39534%; height: 10px; text-align: center;\"><strong>B1<\/strong><\/td>\n<td style=\"width: 35.4651%; height: 10px; text-align: center;\">LUNES Y MI\u00c9RCOLES<\/td>\n<td style=\"width: 18.4594%; height: 10px; text-align: center;\">18:00-21:00<\/td>\n<td style=\"width: 35.6104%; height: 10px; text-align: center;\">Carmen Guijarro \/ Paloma Mellado<\/td>\n<\/tr>\n<tr style=\"height: 23px;\">\n<td style=\"width: 6.39534%; height: 10px; text-align: center;\"><strong>B2.1<\/strong><\/td>\n<td style=\"width: 35.4651%; height: 10px; text-align: center;\">LUNES Y MI\u00c9RCOLES<\/td>\n<td style=\"width: 18.4594%; height: 10px; text-align: center;\">15:30-17:45<\/td>\n<td style=\"width: 35.6104%; height: 10px; text-align: center;\">Paloma Mellado<\/td>\n<\/tr>\n<tr style=\"height: 24px;\">\n<td style=\"width: 6.39534%; height: 24px; text-align: center;\"><strong>B2.2<\/strong><\/td>\n<td style=\"width: 35.4651%; height: 24px; text-align: center;\">MARTES Y JUEVES<\/td>\n<td style=\"width: 18.4594%; height: 24px; text-align: center;\">15:30-17:45<\/td>\n<td style=\"width: 35.6104%; height: 24px; text-align: center;\">Paloma Mellado<\/td>\n<\/tr>\n<\/tbody>\n<\/table>\n<p>&nbsp;<\/p>\n<p>&nbsp;<\/p>\n<p>[\/vc_column_text][\/vc_column][\/vc_row]<\/p>\n<\/div>","protected":false},"excerpt":{"rendered":"<p>[vc_row][vc_column][vc_column_text css=\u00bb\u00bb]En el siguiente enlace puede encontrar informaci\u00f3n detallada sobre los niveles, horarios, profesorado y aulas correspondientes a los cursos que se imparten:[\/vc_column_text][\/vc_column][\/vc_row][vc_row][vc_column][vc_empty_space][\/vc_column][\/vc_row][vc_row equal_height=\u00bbyes\u00bb content_placement=\u00bbmiddle\u00bb][vc_column width=\u00bb1\/4&#8243;][vc_icon icon_fontawesome=\u00bbfar fa-clock\u00bb color=\u00bbcustom\u00bb size=\u00bbxl\u00bb align=\u00bbright\u00bb link=\u00bburl:https%3A%2F%2Fwww.eoimalaga.com%2Fweb_docs%2Fhorarios%2FIN_OfertaAcademica_Idioma.pdf||target:%20_blank|\u00bb custom_color=\u00bb#6fc191&#8243;][\/vc_column][vc_column width=\u00bb2\/4&#8243;][vc_column_text css=\u00bb\u00bb] CURSOS PRESENCIALES [\/vc_column_text][\/vc_column][vc_column width=\u00bb1\/4&#8243;][\/vc_column][\/vc_row][vc_row][vc_column][\/vc_column][\/vc_row][vc_row][vc_column][vc_column_text] [\/vc_column_text][\/vc_column][\/vc_row][vc_row disable_element=\u00bbyes\u00bb][vc_column][vc_column_text] HORARIOS CURSO 24\/25 [\/vc_column_text][vc_column_text] GRUPO D\u00cdA HORA PROFESORADO \u00a0A1 LUNES Y MI\u00c9RCOLES 18:00-21:00 Alejandro [&hellip;]<\/p>\n","protected":false},"author":19,"featured_media":0,"parent":8704,"menu_order":0,"comment_status":"closed","ping_status":"closed","template":"","meta":{"inline_featured_image":false,"footnotes":""},"categories":[63],"tags":[],"class_list":["post-8708","page","type-page","status-publish","hentry","category-japones"],"yoast_head":"<!-- This site is optimized with the Yoast SEO plugin v26.5 - https:\/\/yoast.com\/wordpress\/plugins\/seo\/ -->\n<title>Horarios - P\u00e1gina Oficial de la EOI de M\u00e1laga ::Los idiomas ponen el mundo a tus pies::<\/title>\n<meta name=\"robots\" content=\"index, follow, max-snippet:-1, max-image-preview:large, max-video-preview:-1\" \/>\n<link rel=\"canonical\" href=\"https:\/\/www.eoimalaga.com\/web\/japones\/horarios\/\" \/>\n<meta property=\"og:locale\" content=\"es_ES\" \/>\n<meta property=\"og:type\" content=\"article\" \/>\n<meta property=\"og:title\" content=\"Horarios - P\u00e1gina Oficial de la EOI de M\u00e1laga ::Los idiomas ponen el mundo a tus pies::\" \/>\n<meta property=\"og:description\" content=\"[vc_row][vc_column][vc_column_text css=\u00bb\u00bb]En el siguiente enlace puede encontrar informaci\u00f3n detallada sobre los niveles, horarios, profesorado y aulas correspondientes a los cursos que se imparten:[\/vc_column_text][\/vc_column][\/vc_row][vc_row][vc_column][vc_empty_space][\/vc_column][\/vc_row][vc_row equal_height=\u00bbyes\u00bb content_placement=\u00bbmiddle\u00bb][vc_column width=\u00bb1\/4&#8243;][vc_icon icon_fontawesome=\u00bbfar fa-clock\u00bb color=\u00bbcustom\u00bb size=\u00bbxl\u00bb align=\u00bbright\u00bb link=\u00bburl:https%3A%2F%2Fwww.eoimalaga.com%2Fweb_docs%2Fhorarios%2FIN_OfertaAcademica_Idioma.pdf||target:%20_blank|\u00bb custom_color=\u00bb#6fc191&#8243;][\/vc_column][vc_column width=\u00bb2\/4&#8243;][vc_column_text css=\u00bb\u00bb] CURSOS PRESENCIALES [\/vc_column_text][\/vc_column][vc_column width=\u00bb1\/4&#8243;][\/vc_column][\/vc_row][vc_row][vc_column][\/vc_column][\/vc_row][vc_row][vc_column][vc_column_text] [\/vc_column_text][\/vc_column][\/vc_row][vc_row disable_element=\u00bbyes\u00bb][vc_column][vc_column_text] HORARIOS CURSO 24\/25 [\/vc_column_text][vc_column_text] GRUPO D\u00cdA HORA PROFESORADO \u00a0A1 LUNES Y MI\u00c9RCOLES 18:00-21:00 Alejandro [&hellip;]\" \/>\n<meta property=\"og:url\" content=\"https:\/\/www.eoimalaga.com\/web\/japones\/horarios\/\" \/>\n<meta property=\"og:site_name\" content=\"P\u00e1gina Oficial de la EOI de M\u00e1laga ::Los idiomas ponen el mundo a tus pies::\" \/>\n<meta property=\"article:modified_time\" content=\"2025-02-03T12:55:19+00:00\" \/>\n<meta name=\"twitter:card\" content=\"summary_large_image\" \/>\n<meta name=\"twitter:label1\" content=\"Tiempo de lectura\" \/>\n\t<meta name=\"twitter:data1\" content=\"1 minuto\" \/>\n<script type=\"application\/ld+json\" class=\"yoast-schema-graph\">{\"@context\":\"https:\/\/schema.org\",\"@graph\":[{\"@type\":\"WebPage\",\"@id\":\"https:\/\/www.eoimalaga.com\/web\/japones\/horarios\/\",\"url\":\"https:\/\/www.eoimalaga.com\/web\/japones\/horarios\/\",\"name\":\"Horarios - P\u00e1gina Oficial de la EOI de M\u00e1laga ::Los idiomas ponen el mundo a tus pies::\",\"isPartOf\":{\"@id\":\"https:\/\/www.eoimalaga.com\/web\/#website\"},\"datePublished\":\"2019-12-31T06:21:21+00:00\",\"dateModified\":\"2025-02-03T12:55:19+00:00\",\"breadcrumb\":{\"@id\":\"https:\/\/www.eoimalaga.com\/web\/japones\/horarios\/#breadcrumb\"},\"inLanguage\":\"es\",\"potentialAction\":[{\"@type\":\"ReadAction\",\"target\":[\"https:\/\/www.eoimalaga.com\/web\/japones\/horarios\/\"]}]},{\"@type\":\"BreadcrumbList\",\"@id\":\"https:\/\/www.eoimalaga.com\/web\/japones\/horarios\/#breadcrumb\",\"itemListElement\":[{\"@type\":\"ListItem\",\"position\":1,\"name\":\"Home\",\"item\":\"https:\/\/www.eoimalaga.com\/web\/\"},{\"@type\":\"ListItem\",\"position\":2,\"name\":\"JAPON\u00c9S\",\"item\":\"https:\/\/www.eoimalaga.com\/web\/japones\/\"},{\"@type\":\"ListItem\",\"position\":3,\"name\":\"Horarios\"}]},{\"@type\":\"WebSite\",\"@id\":\"https:\/\/www.eoimalaga.com\/web\/#website\",\"url\":\"https:\/\/www.eoimalaga.com\/web\/\",\"name\":\"P\u00e1gina Oficial de la EOI de M\u00e1laga ::Los idiomas ponen el mundo a tus pies::\",\"description\":\"EOI M\u00e1laga\",\"potentialAction\":[{\"@type\":\"SearchAction\",\"target\":{\"@type\":\"EntryPoint\",\"urlTemplate\":\"https:\/\/www.eoimalaga.com\/web\/?s={search_term_string}\"},\"query-input\":{\"@type\":\"PropertyValueSpecification\",\"valueRequired\":true,\"valueName\":\"search_term_string\"}}],\"inLanguage\":\"es\"}]}<\/script>\n<!-- \/ Yoast SEO plugin. -->","yoast_head_json":{"title":"Horarios - P\u00e1gina Oficial de la EOI de M\u00e1laga ::Los idiomas ponen el mundo a tus pies::","robots":{"index":"index","follow":"follow","max-snippet":"max-snippet:-1","max-image-preview":"max-image-preview:large","max-video-preview":"max-video-preview:-1"},"canonical":"https:\/\/www.eoimalaga.com\/web\/japones\/horarios\/","og_locale":"es_ES","og_type":"article","og_title":"Horarios - P\u00e1gina Oficial de la EOI de M\u00e1laga ::Los idiomas ponen el mundo a tus pies::","og_description":"[vc_row][vc_column][vc_column_text css=\u00bb\u00bb]En el siguiente enlace puede encontrar informaci\u00f3n detallada sobre los niveles, horarios, profesorado y aulas correspondientes a los cursos que se imparten:[\/vc_column_text][\/vc_column][\/vc_row][vc_row][vc_column][vc_empty_space][\/vc_column][\/vc_row][vc_row equal_height=\u00bbyes\u00bb content_placement=\u00bbmiddle\u00bb][vc_column width=\u00bb1\/4&#8243;][vc_icon icon_fontawesome=\u00bbfar fa-clock\u00bb color=\u00bbcustom\u00bb size=\u00bbxl\u00bb align=\u00bbright\u00bb link=\u00bburl:https%3A%2F%2Fwww.eoimalaga.com%2Fweb_docs%2Fhorarios%2FIN_OfertaAcademica_Idioma.pdf||target:%20_blank|\u00bb custom_color=\u00bb#6fc191&#8243;][\/vc_column][vc_column width=\u00bb2\/4&#8243;][vc_column_text css=\u00bb\u00bb] CURSOS PRESENCIALES [\/vc_column_text][\/vc_column][vc_column width=\u00bb1\/4&#8243;][\/vc_column][\/vc_row][vc_row][vc_column][\/vc_column][\/vc_row][vc_row][vc_column][vc_column_text] [\/vc_column_text][\/vc_column][\/vc_row][vc_row disable_element=\u00bbyes\u00bb][vc_column][vc_column_text] HORARIOS CURSO 24\/25 [\/vc_column_text][vc_column_text] GRUPO D\u00cdA HORA PROFESORADO \u00a0A1 LUNES Y MI\u00c9RCOLES 18:00-21:00 Alejandro [&hellip;]","og_url":"https:\/\/www.eoimalaga.com\/web\/japones\/horarios\/","og_site_name":"P\u00e1gina Oficial de la EOI de M\u00e1laga ::Los idiomas ponen el mundo a tus pies::","article_modified_time":"2025-02-03T12:55:19+00:00","twitter_card":"summary_large_image","twitter_misc":{"Tiempo de lectura":"1 minuto"},"schema":{"@context":"https:\/\/schema.org","@graph":[{"@type":"WebPage","@id":"https:\/\/www.eoimalaga.com\/web\/japones\/horarios\/","url":"https:\/\/www.eoimalaga.com\/web\/japones\/horarios\/","name":"Horarios - P\u00e1gina Oficial de la EOI de M\u00e1laga ::Los idiomas ponen el mundo a tus pies::","isPartOf":{"@id":"https:\/\/www.eoimalaga.com\/web\/#website"},"datePublished":"2019-12-31T06:21:21+00:00","dateModified":"2025-02-03T12:55:19+00:00","breadcrumb":{"@id":"https:\/\/www.eoimalaga.com\/web\/japones\/horarios\/#breadcrumb"},"inLanguage":"es","potentialAction":[{"@type":"ReadAction","target":["https:\/\/www.eoimalaga.com\/web\/japones\/horarios\/"]}]},{"@type":"BreadcrumbList","@id":"https:\/\/www.eoimalaga.com\/web\/japones\/horarios\/#breadcrumb","itemListElement":[{"@type":"ListItem","position":1,"name":"Home","item":"https:\/\/www.eoimalaga.com\/web\/"},{"@type":"ListItem","position":2,"name":"JAPON\u00c9S","item":"https:\/\/www.eoimalaga.com\/web\/japones\/"},{"@type":"ListItem","position":3,"name":"Horarios"}]},{"@type":"WebSite","@id":"https:\/\/www.eoimalaga.com\/web\/#website","url":"https:\/\/www.eoimalaga.com\/web\/","name":"P\u00e1gina Oficial de la EOI de M\u00e1laga ::Los idiomas ponen el mundo a tus pies::","description":"EOI M\u00e1laga","potentialAction":[{"@type":"SearchAction","target":{"@type":"EntryPoint","urlTemplate":"https:\/\/www.eoimalaga.com\/web\/?s={search_term_string}"},"query-input":{"@type":"PropertyValueSpecification","valueRequired":true,"valueName":"search_term_string"}}],"inLanguage":"es"}]}},"_links":{"self":[{"href":"https:\/\/www.eoimalaga.com\/web\/wp-json\/wp\/v2\/pages\/8708","targetHints":{"allow":["GET"]}}],"collection":[{"href":"https:\/\/www.eoimalaga.com\/web\/wp-json\/wp\/v2\/pages"}],"about":[{"href":"https:\/\/www.eoimalaga.com\/web\/wp-json\/wp\/v2\/types\/page"}],"author":[{"embeddable":true,"href":"https:\/\/www.eoimalaga.com\/web\/wp-json\/wp\/v2\/users\/19"}],"replies":[{"embeddable":true,"href":"https:\/\/www.eoimalaga.com\/web\/wp-json\/wp\/v2\/comments?post=8708"}],"version-history":[{"count":14,"href":"https:\/\/www.eoimalaga.com\/web\/wp-json\/wp\/v2\/pages\/8708\/revisions"}],"predecessor-version":[{"id":17744,"href":"https:\/\/www.eoimalaga.com\/web\/wp-json\/wp\/v2\/pages\/8708\/revisions\/17744"}],"up":[{"embeddable":true,"href":"https:\/\/www.eoimalaga.com\/web\/wp-json\/wp\/v2\/pages\/8704"}],"wp:attachment":[{"href":"https:\/\/www.eoimalaga.com\/web\/wp-json\/wp\/v2\/media?parent=8708"}],"wp:term":[{"taxonomy":"category","embeddable":true,"href":"https:\/\/www.eoimalaga.com\/web\/wp-json\/wp\/v2\/categories?post=8708"},{"taxonomy":"post_tag","embeddable":true,"href":"https:\/\/www.eoimalaga.com\/web\/wp-json\/wp\/v2\/tags?post=8708"}],"curies":[{"name":"wp","href":"https:\/\/api.w.org\/{rel}","templated":true}]}}