{"id":8396,"date":"2019-12-29T09:45:37","date_gmt":"2019-12-29T07:45:37","guid":{"rendered":"http:\/\/www.eoimalaga.com\/web\/?page_id=8396"},"modified":"2020-01-11T13:04:30","modified_gmt":"2020-01-11T11:04:30","slug":"frances","status":"publish","type":"page","link":"https:\/\/www.eoimalaga.com\/web\/frances\/","title":{"rendered":"FRANCES"},"content":{"rendered":"<div class=\"wpb-content-wrapper\"><p>[vc_row][vc_column][vc_empty_space height=\u00bb100&#8243;][vc_column_text]<\/p>\n<h4 style=\"text-align: center;\">PRESENTACI\u00d3N<\/h4>\n<h4 style=\"text-align: center;\"><span style=\"color: #ff6600;\"><strong>Te damos la bienvenida al Departamento de Franc\u00e9s de la E.O.I. M\u00e1laga<\/strong><\/span><\/h4>\n<p style=\"text-align: center;\">Este departamento se inaugur\u00f3 en 1971, siendo desde entonces pionero en la ense\u00f1anza del idioma franc\u00e9s dentro del sistema educativo p\u00fablico andaluz.<\/p>\n<p style=\"text-align: center;\">\u00a1\u00c1nimo! Aprende a comunicarte con el mundo en franc\u00e9s.<\/p>\n<p>[\/vc_column_text][\/vc_column][\/vc_row]<\/p>\n<\/div>","protected":false},"excerpt":{"rendered":"<p>[vc_row][vc_column][vc_empty_space height=\u00bb100&#8243;][vc_column_text] PRESENTACI\u00d3N Te damos la bienvenida al Departamento de Franc\u00e9s de la E.O.I. M\u00e1laga Este departamento se inaugur\u00f3 en 1971, siendo desde entonces pionero en la ense\u00f1anza del idioma franc\u00e9s dentro del sistema educativo p\u00fablico andaluz. \u00a1\u00c1nimo! Aprende a comunicarte con el mundo en franc\u00e9s. [\/vc_column_text][\/vc_column][\/vc_row]<\/p>\n","protected":false},"author":15,"featured_media":0,"parent":0,"menu_order":0,"comment_status":"closed","ping_status":"closed","template":"","meta":{"inline_featured_image":false,"footnotes":""},"categories":[55],"tags":[],"class_list":["post-8396","page","type-page","status-publish","hentry","category-frances"],"yoast_head":"<!-- This site is optimized with the Yoast SEO plugin v26.5 - https:\/\/yoast.com\/wordpress\/plugins\/seo\/ -->\n<title>FRANCES - P\u00e1gina Oficial de la EOI de M\u00e1laga ::Los idiomas ponen el mundo a tus pies::<\/title>\n<meta name=\"robots\" content=\"index, follow, max-snippet:-1, max-image-preview:large, max-video-preview:-1\" \/>\n<link rel=\"canonical\" href=\"https:\/\/www.eoimalaga.com\/web\/frances\/\" \/>\n<meta property=\"og:locale\" content=\"es_ES\" \/>\n<meta property=\"og:type\" content=\"article\" \/>\n<meta property=\"og:title\" content=\"FRANCES - P\u00e1gina Oficial de la EOI de M\u00e1laga ::Los idiomas ponen el mundo a tus pies::\" \/>\n<meta property=\"og:description\" content=\"[vc_row][vc_column][vc_empty_space height=\u00bb100&#8243;][vc_column_text] PRESENTACI\u00d3N Te damos la bienvenida al Departamento de Franc\u00e9s de la E.O.I. M\u00e1laga Este departamento se inaugur\u00f3 en 1971, siendo desde entonces pionero en la ense\u00f1anza del idioma franc\u00e9s dentro del sistema educativo p\u00fablico andaluz. \u00a1\u00c1nimo! Aprende a comunicarte con el mundo en franc\u00e9s. [\/vc_column_text][\/vc_column][\/vc_row]\" \/>\n<meta property=\"og:url\" content=\"https:\/\/www.eoimalaga.com\/web\/frances\/\" \/>\n<meta property=\"og:site_name\" content=\"P\u00e1gina Oficial de la EOI de M\u00e1laga ::Los idiomas ponen el mundo a tus pies::\" \/>\n<meta property=\"article:modified_time\" content=\"2020-01-11T11:04:30+00:00\" \/>\n<meta name=\"twitter:card\" content=\"summary_large_image\" \/>\n<script type=\"application\/ld+json\" class=\"yoast-schema-graph\">{\"@context\":\"https:\/\/schema.org\",\"@graph\":[{\"@type\":\"WebPage\",\"@id\":\"https:\/\/www.eoimalaga.com\/web\/frances\/\",\"url\":\"https:\/\/www.eoimalaga.com\/web\/frances\/\",\"name\":\"FRANCES - P\u00e1gina Oficial de la EOI de M\u00e1laga ::Los idiomas ponen el mundo a tus pies::\",\"isPartOf\":{\"@id\":\"https:\/\/www.eoimalaga.com\/web\/#website\"},\"datePublished\":\"2019-12-29T07:45:37+00:00\",\"dateModified\":\"2020-01-11T11:04:30+00:00\",\"breadcrumb\":{\"@id\":\"https:\/\/www.eoimalaga.com\/web\/frances\/#breadcrumb\"},\"inLanguage\":\"es\",\"potentialAction\":[{\"@type\":\"ReadAction\",\"target\":[\"https:\/\/www.eoimalaga.com\/web\/frances\/\"]}]},{\"@type\":\"BreadcrumbList\",\"@id\":\"https:\/\/www.eoimalaga.com\/web\/frances\/#breadcrumb\",\"itemListElement\":[{\"@type\":\"ListItem\",\"position\":1,\"name\":\"Home\",\"item\":\"https:\/\/www.eoimalaga.com\/web\/\"},{\"@type\":\"ListItem\",\"position\":2,\"name\":\"FRANCES\"}]},{\"@type\":\"WebSite\",\"@id\":\"https:\/\/www.eoimalaga.com\/web\/#website\",\"url\":\"https:\/\/www.eoimalaga.com\/web\/\",\"name\":\"P\u00e1gina Oficial de la EOI de M\u00e1laga ::Los idiomas ponen el mundo a tus pies::\",\"description\":\"EOI M\u00e1laga\",\"potentialAction\":[{\"@type\":\"SearchAction\",\"target\":{\"@type\":\"EntryPoint\",\"urlTemplate\":\"https:\/\/www.eoimalaga.com\/web\/?s={search_term_string}\"},\"query-input\":{\"@type\":\"PropertyValueSpecification\",\"valueRequired\":true,\"valueName\":\"search_term_string\"}}],\"inLanguage\":\"es\"}]}<\/script>\n<!-- \/ Yoast SEO plugin. -->","yoast_head_json":{"title":"FRANCES - P\u00e1gina Oficial de la EOI de M\u00e1laga ::Los idiomas ponen el mundo a tus pies::","robots":{"index":"index","follow":"follow","max-snippet":"max-snippet:-1","max-image-preview":"max-image-preview:large","max-video-preview":"max-video-preview:-1"},"canonical":"https:\/\/www.eoimalaga.com\/web\/frances\/","og_locale":"es_ES","og_type":"article","og_title":"FRANCES - P\u00e1gina Oficial de la EOI de M\u00e1laga ::Los idiomas ponen el mundo a tus pies::","og_description":"[vc_row][vc_column][vc_empty_space height=\u00bb100&#8243;][vc_column_text] PRESENTACI\u00d3N Te damos la bienvenida al Departamento de Franc\u00e9s de la E.O.I. M\u00e1laga Este departamento se inaugur\u00f3 en 1971, siendo desde entonces pionero en la ense\u00f1anza del idioma franc\u00e9s dentro del sistema educativo p\u00fablico andaluz. \u00a1\u00c1nimo! Aprende a comunicarte con el mundo en franc\u00e9s. [\/vc_column_text][\/vc_column][\/vc_row]","og_url":"https:\/\/www.eoimalaga.com\/web\/frances\/","og_site_name":"P\u00e1gina Oficial de la EOI de M\u00e1laga ::Los idiomas ponen el mundo a tus pies::","article_modified_time":"2020-01-11T11:04:30+00:00","twitter_card":"summary_large_image","schema":{"@context":"https:\/\/schema.org","@graph":[{"@type":"WebPage","@id":"https:\/\/www.eoimalaga.com\/web\/frances\/","url":"https:\/\/www.eoimalaga.com\/web\/frances\/","name":"FRANCES - P\u00e1gina Oficial de la EOI de M\u00e1laga ::Los idiomas ponen el mundo a tus pies::","isPartOf":{"@id":"https:\/\/www.eoimalaga.com\/web\/#website"},"datePublished":"2019-12-29T07:45:37+00:00","dateModified":"2020-01-11T11:04:30+00:00","breadcrumb":{"@id":"https:\/\/www.eoimalaga.com\/web\/frances\/#breadcrumb"},"inLanguage":"es","potentialAction":[{"@type":"ReadAction","target":["https:\/\/www.eoimalaga.com\/web\/frances\/"]}]},{"@type":"BreadcrumbList","@id":"https:\/\/www.eoimalaga.com\/web\/frances\/#breadcrumb","itemListElement":[{"@type":"ListItem","position":1,"name":"Home","item":"https:\/\/www.eoimalaga.com\/web\/"},{"@type":"ListItem","position":2,"name":"FRANCES"}]},{"@type":"WebSite","@id":"https:\/\/www.eoimalaga.com\/web\/#website","url":"https:\/\/www.eoimalaga.com\/web\/","name":"P\u00e1gina Oficial de la EOI de M\u00e1laga ::Los idiomas ponen el mundo a tus pies::","description":"EOI M\u00e1laga","potentialAction":[{"@type":"SearchAction","target":{"@type":"EntryPoint","urlTemplate":"https:\/\/www.eoimalaga.com\/web\/?s={search_term_string}"},"query-input":{"@type":"PropertyValueSpecification","valueRequired":true,"valueName":"search_term_string"}}],"inLanguage":"es"}]}},"_links":{"self":[{"href":"https:\/\/www.eoimalaga.com\/web\/wp-json\/wp\/v2\/pages\/8396","targetHints":{"allow":["GET"]}}],"collection":[{"href":"https:\/\/www.eoimalaga.com\/web\/wp-json\/wp\/v2\/pages"}],"about":[{"href":"https:\/\/www.eoimalaga.com\/web\/wp-json\/wp\/v2\/types\/page"}],"author":[{"embeddable":true,"href":"https:\/\/www.eoimalaga.com\/web\/wp-json\/wp\/v2\/users\/15"}],"replies":[{"embeddable":true,"href":"https:\/\/www.eoimalaga.com\/web\/wp-json\/wp\/v2\/comments?post=8396"}],"version-history":[{"count":5,"href":"https:\/\/www.eoimalaga.com\/web\/wp-json\/wp\/v2\/pages\/8396\/revisions"}],"predecessor-version":[{"id":13983,"href":"https:\/\/www.eoimalaga.com\/web\/wp-json\/wp\/v2\/pages\/8396\/revisions\/13983"}],"wp:attachment":[{"href":"https:\/\/www.eoimalaga.com\/web\/wp-json\/wp\/v2\/media?parent=8396"}],"wp:term":[{"taxonomy":"category","embeddable":true,"href":"https:\/\/www.eoimalaga.com\/web\/wp-json\/wp\/v2\/categories?post=8396"},{"taxonomy":"post_tag","embeddable":true,"href":"https:\/\/www.eoimalaga.com\/web\/wp-json\/wp\/v2\/tags?post=8396"}],"curies":[{"name":"wp","href":"https:\/\/api.w.org\/{rel}","templated":true}]}}