{"id":8302,"date":"2019-12-28T10:36:27","date_gmt":"2019-12-28T08:36:27","guid":{"rendered":"http:\/\/www.eoimalaga.com\/web\/?page_id=8302"},"modified":"2025-09-29T17:57:03","modified_gmt":"2025-09-29T15:57:03","slug":"profesorado","status":"publish","type":"page","link":"https:\/\/www.eoimalaga.com\/web\/aleman\/profesorado\/","title":{"rendered":"Profesorado"},"content":{"rendered":"<div class=\"wpb-content-wrapper\"><p>[vc_row][vc_column][vc_column_text css=\u00bb\u00bb]<\/p>\n<h3><span style=\"color: #134984\"><strong>Jefa del departamento:<\/strong><\/span><\/h3>\n<table style=\"border-collapse: collapse;width: 100.108%;height: 30px\">\n<tbody>\n<tr>\n<td style=\"width: 28.4969%\"><strong>F\u00e1tima L\u00f3pez Mart\u00ednez<\/strong><\/td>\n<td style=\"width: 71.5031%\">fatima.lopez@eoimalaga.com<\/p>\n<p><span style=\"font-size: 14px\"><span style=\"color: #3366ff\">Horario de tutor\u00eda jefa de departamento:<\/span><\/span><\/p>\n<div>Lunes 18.30-19.30<\/div>\n<div>Jueves 12.00-13.00<\/div>\n<p><span style=\"font-size: 14px\">\u00a0<\/span><span style=\"font-size: 14px\"><span style=\"color: #3366ff\">Horario de tutor\u00edas para alumnado:<\/span>\u00a0<\/span><\/p>\n<p>Mi\u00e9rcoles 19.15-20.00<\/p>\n<p>Viernes 10.15 &#8211; 11.30<\/td>\n<\/tr>\n<tr>\n<td style=\"width: 28.4969%\"><strong>\u00a0<\/strong><\/td>\n<td style=\"width: 71.5031%\"><\/td>\n<\/tr>\n<\/tbody>\n<\/table>\n<h3><\/h3>\n<h3><span style=\"color: #134984\"><strong>Profesorado del departamento:<\/strong><\/span><\/h3>\n<p>&nbsp;<\/p>\n<table style=\"height: 239px;width: 100%;border-collapse: collapse\">\n<tbody>\n<tr style=\"height: 24px\">\n<td style=\"width: 18.6753%;height: 24px\"><\/td>\n<td style=\"width: 47.9913%;height: 24px\"><\/td>\n<\/tr>\n<tr style=\"height: 24px\">\n<td style=\"width: 18.6753%;height: 24px\"><strong>Teresa Chiclana Otal<\/strong><\/td>\n<td style=\"width: 47.9913%;height: 24px\"><span style=\"font-weight: 400\"><span style=\"font-size: 14px\">teresa.chiclana@eoimalaga.com<\/span><\/span><\/p>\n<p><span style=\"font-size: 14px\"><span style=\"color: #3366ff\">Horario de tutor\u00eda para alumnado:<\/span>\u00a0<\/span><\/p>\n<div class=\"gmail_default\">Lunes a jueves de 8:30 a 9:00<\/div>\n<div class=\"gmail_default\">Mi\u00e9rcoles de 12:15 a 13:15<\/div>\n<div><\/div>\n<\/td>\n<\/tr>\n<tr style=\"height: 24px\">\n<td style=\"width: 18.6753%;height: 24px\"><strong>Alicia Sendino Cari\u00f1ena<\/strong><\/td>\n<td style=\"width: 47.9913%;height: 24px\"><span style=\"font-weight: 400\"><span style=\"font-size: 14px\">alicia.sendino@eoimalaga.com<\/span><\/span><\/p>\n<p><span style=\"font-size: 14px\"><span style=\"color: #3366ff\">Horario de tutor\u00eda para alumnado:<\/span> <\/span><\/p>\n<div>Martes 10.00-11.00<\/div>\n<div>Mi\u00e9rcoles 13.15-14.15<\/div>\n<div><\/div>\n<\/td>\n<\/tr>\n<tr style=\"height: 24px\">\n<td style=\"width: 18.6753%;height: 23px\"><strong>Inmaculada Perea<\/strong><\/td>\n<td style=\"width: 47.9913%;height: 23px\"><span style=\"font-size: 14px\">inmaculada.perea@eoimalaga.com<\/span><\/p>\n<p><span style=\"font-size: 14px\"><span style=\"color: #3366ff\">Horario de tutor\u00edas para alumnado:<\/span>\u00a0<\/span><\/p>\n<p>Mi\u00e9rcoles 19.30-20.00h<\/p>\n<p>Jueves 19.30-20.00 h<\/p>\n<p>&nbsp;<\/td>\n<\/tr>\n<tr style=\"height: 24px\">\n<td style=\"width: 18.6753%;height: 24px\"><strong>Juan Vicente Vega<\/strong><\/td>\n<td style=\"width: 47.9913%;height: 24px\"><span style=\"font-weight: 400\">juanvicente.vega@eoimalaga.com<\/span><\/p>\n<p><span style=\"font-size: 14px\"><span style=\"color: #3366ff\">Horario de tutor\u00eda para padres:<\/span>\u00a0<\/span><\/p>\n<p>Martes 16.15 a 17.15.<\/p>\n<p><span style=\"font-size: 14px\"><span style=\"color: #3366ff\">Horario de tutor\u00edas para alumnado:<\/span>\u00a0<\/span><\/p>\n<p>Lunes 11.15 a 12.15<\/p>\n<p>&nbsp;<\/td>\n<\/tr>\n<tr style=\"height: 24px\">\n<td style=\"width: 18.6753%;height: 24px\"><strong>Juan Ponce<\/strong><\/td>\n<td style=\"width: 47.9913%;height: 24px\"><span style=\"font-weight: 400\">juan.ponce@eoimalaga.com<\/span><\/p>\n<p><span style=\"font-size: 14px\"><span style=\"color: #3366ff\">Horario de tutor\u00eda para alumnado:\u00a0<\/span><\/span><\/p>\n<p dir=\"ltr\">Martes 19:00 &#8211; 19:30<\/p>\n<p dir=\"ltr\">Jueves 17:00 &#8211; 18:00 y 19:00 &#8211; 19:30<\/p>\n<p dir=\"ltr\">\n<\/td>\n<\/tr>\n<tr style=\"height: 24px\">\n<td style=\"width: 18.6753%;height: 24px\"><strong>Carmen Valle<\/strong><\/td>\n<td style=\"width: 47.9913%;height: 24px\"><span style=\"font-weight: 400\">carmen.valle@eoimalaga.com<\/span><\/p>\n<p><span style=\"font-size: 14px\"><span style=\"color: #3366ff\">Horario de tutor\u00eda para alumnado:\u00a0<\/span><\/span><\/p>\n<div dir=\"auto\">Lunes 17-17.15<\/div>\n<div dir=\"auto\">Mi\u00e9rcoles 16.45-17.15<\/div>\n<div dir=\"auto\">Jueves 17-17.15<\/div>\n<\/td>\n<\/tr>\n<tr style=\"height: 24px\">\n<td style=\"width: 18.6753%;height: 24px\"><strong>\u00a0<\/strong><\/td>\n<td style=\"width: 47.9913%;height: 24px\"><span style=\"font-weight: 400\">\u00a0<\/span><\/td>\n<\/tr>\n<tr style=\"height: 24px\">\n<td style=\"width: 18.6753%;height: 24px\"><\/td>\n<td style=\"width: 47.9913%;height: 24px\"><\/td>\n<\/tr>\n<tr style=\"height: 24px\">\n<td style=\"width: 18.6753%;height: 24px\"><\/td>\n<td style=\"width: 47.9913%;height: 24px\"><\/td>\n<\/tr>\n<\/tbody>\n<\/table>\n<p>[\/vc_column_text][\/vc_column][\/vc_row]<\/p>\n<\/div>","protected":false},"excerpt":{"rendered":"<p>[vc_row][vc_column][vc_column_text css=\u00bb\u00bb] Jefa del departamento: F\u00e1tima L\u00f3pez Mart\u00ednez fatima.lopez@eoimalaga.com Horario de tutor\u00eda jefa de departamento: Lunes 18.30-19.30 Jueves 12.00-13.00 \u00a0Horario de tutor\u00edas para alumnado:\u00a0 Mi\u00e9rcoles 19.15-20.00 Viernes 10.15 &#8211; 11.30 \u00a0 Profesorado del departamento: &nbsp; Teresa Chiclana Otal teresa.chiclana@eoimalaga.com Horario de tutor\u00eda para alumnado:\u00a0 Lunes a jueves de 8:30 a 9:00 Mi\u00e9rcoles de 12:15 a [&hellip;]<\/p>\n","protected":false},"author":13,"featured_media":0,"parent":8288,"menu_order":0,"comment_status":"closed","ping_status":"closed","template":"","meta":{"inline_featured_image":false,"footnotes":""},"categories":[50],"tags":[],"class_list":["post-8302","page","type-page","status-publish","hentry","category-aleman"],"yoast_head":"<!-- This site is optimized with the Yoast SEO plugin v26.5 - https:\/\/yoast.com\/wordpress\/plugins\/seo\/ -->\n<title>Profesorado - P\u00e1gina Oficial de la EOI de M\u00e1laga ::Los idiomas ponen el mundo a tus pies::<\/title>\n<meta name=\"robots\" content=\"index, follow, max-snippet:-1, max-image-preview:large, max-video-preview:-1\" \/>\n<link rel=\"canonical\" href=\"https:\/\/www.eoimalaga.com\/web\/aleman\/profesorado\/\" \/>\n<meta property=\"og:locale\" content=\"es_ES\" \/>\n<meta property=\"og:type\" content=\"article\" \/>\n<meta property=\"og:title\" content=\"Profesorado - P\u00e1gina Oficial de la EOI de M\u00e1laga ::Los idiomas ponen el mundo a tus pies::\" \/>\n<meta property=\"og:description\" content=\"[vc_row][vc_column][vc_column_text css=\u00bb\u00bb] Jefa del departamento: F\u00e1tima L\u00f3pez Mart\u00ednez fatima.lopez@eoimalaga.com Horario de tutor\u00eda jefa de departamento: Lunes 18.30-19.30 Jueves 12.00-13.00 \u00a0Horario de tutor\u00edas para alumnado:\u00a0 Mi\u00e9rcoles 19.15-20.00 Viernes 10.15 &#8211; 11.30 \u00a0 Profesorado del departamento: &nbsp; Teresa Chiclana Otal teresa.chiclana@eoimalaga.com Horario de tutor\u00eda para alumnado:\u00a0 Lunes a jueves de 8:30 a 9:00 Mi\u00e9rcoles de 12:15 a [&hellip;]\" \/>\n<meta property=\"og:url\" content=\"https:\/\/www.eoimalaga.com\/web\/aleman\/profesorado\/\" \/>\n<meta property=\"og:site_name\" content=\"P\u00e1gina Oficial de la EOI de M\u00e1laga ::Los idiomas ponen el mundo a tus pies::\" \/>\n<meta property=\"article:modified_time\" content=\"2025-09-29T15:57:03+00:00\" \/>\n<meta name=\"twitter:card\" content=\"summary_large_image\" \/>\n<meta name=\"twitter:label1\" content=\"Tiempo de lectura\" \/>\n\t<meta name=\"twitter:data1\" content=\"1 minuto\" \/>\n<script type=\"application\/ld+json\" class=\"yoast-schema-graph\">{\"@context\":\"https:\/\/schema.org\",\"@graph\":[{\"@type\":\"WebPage\",\"@id\":\"https:\/\/www.eoimalaga.com\/web\/aleman\/profesorado\/\",\"url\":\"https:\/\/www.eoimalaga.com\/web\/aleman\/profesorado\/\",\"name\":\"Profesorado - P\u00e1gina Oficial de la EOI de M\u00e1laga ::Los idiomas ponen el mundo a tus pies::\",\"isPartOf\":{\"@id\":\"https:\/\/www.eoimalaga.com\/web\/#website\"},\"datePublished\":\"2019-12-28T08:36:27+00:00\",\"dateModified\":\"2025-09-29T15:57:03+00:00\",\"breadcrumb\":{\"@id\":\"https:\/\/www.eoimalaga.com\/web\/aleman\/profesorado\/#breadcrumb\"},\"inLanguage\":\"es\",\"potentialAction\":[{\"@type\":\"ReadAction\",\"target\":[\"https:\/\/www.eoimalaga.com\/web\/aleman\/profesorado\/\"]}]},{\"@type\":\"BreadcrumbList\",\"@id\":\"https:\/\/www.eoimalaga.com\/web\/aleman\/profesorado\/#breadcrumb\",\"itemListElement\":[{\"@type\":\"ListItem\",\"position\":1,\"name\":\"Home\",\"item\":\"https:\/\/www.eoimalaga.com\/web\/\"},{\"@type\":\"ListItem\",\"position\":2,\"name\":\"ALEM\u00c1N\",\"item\":\"https:\/\/www.eoimalaga.com\/web\/aleman\/\"},{\"@type\":\"ListItem\",\"position\":3,\"name\":\"Profesorado\"}]},{\"@type\":\"WebSite\",\"@id\":\"https:\/\/www.eoimalaga.com\/web\/#website\",\"url\":\"https:\/\/www.eoimalaga.com\/web\/\",\"name\":\"P\u00e1gina Oficial de la EOI de M\u00e1laga ::Los idiomas ponen el mundo a tus pies::\",\"description\":\"EOI M\u00e1laga\",\"potentialAction\":[{\"@type\":\"SearchAction\",\"target\":{\"@type\":\"EntryPoint\",\"urlTemplate\":\"https:\/\/www.eoimalaga.com\/web\/?s={search_term_string}\"},\"query-input\":{\"@type\":\"PropertyValueSpecification\",\"valueRequired\":true,\"valueName\":\"search_term_string\"}}],\"inLanguage\":\"es\"}]}<\/script>\n<!-- \/ Yoast SEO plugin. -->","yoast_head_json":{"title":"Profesorado - P\u00e1gina Oficial de la EOI de M\u00e1laga ::Los idiomas ponen el mundo a tus pies::","robots":{"index":"index","follow":"follow","max-snippet":"max-snippet:-1","max-image-preview":"max-image-preview:large","max-video-preview":"max-video-preview:-1"},"canonical":"https:\/\/www.eoimalaga.com\/web\/aleman\/profesorado\/","og_locale":"es_ES","og_type":"article","og_title":"Profesorado - P\u00e1gina Oficial de la EOI de M\u00e1laga ::Los idiomas ponen el mundo a tus pies::","og_description":"[vc_row][vc_column][vc_column_text css=\u00bb\u00bb] Jefa del departamento: F\u00e1tima L\u00f3pez Mart\u00ednez fatima.lopez@eoimalaga.com Horario de tutor\u00eda jefa de departamento: Lunes 18.30-19.30 Jueves 12.00-13.00 \u00a0Horario de tutor\u00edas para alumnado:\u00a0 Mi\u00e9rcoles 19.15-20.00 Viernes 10.15 &#8211; 11.30 \u00a0 Profesorado del departamento: &nbsp; Teresa Chiclana Otal teresa.chiclana@eoimalaga.com Horario de tutor\u00eda para alumnado:\u00a0 Lunes a jueves de 8:30 a 9:00 Mi\u00e9rcoles de 12:15 a [&hellip;]","og_url":"https:\/\/www.eoimalaga.com\/web\/aleman\/profesorado\/","og_site_name":"P\u00e1gina Oficial de la EOI de M\u00e1laga ::Los idiomas ponen el mundo a tus pies::","article_modified_time":"2025-09-29T15:57:03+00:00","twitter_card":"summary_large_image","twitter_misc":{"Tiempo de lectura":"1 minuto"},"schema":{"@context":"https:\/\/schema.org","@graph":[{"@type":"WebPage","@id":"https:\/\/www.eoimalaga.com\/web\/aleman\/profesorado\/","url":"https:\/\/www.eoimalaga.com\/web\/aleman\/profesorado\/","name":"Profesorado - P\u00e1gina Oficial de la EOI de M\u00e1laga ::Los idiomas ponen el mundo a tus pies::","isPartOf":{"@id":"https:\/\/www.eoimalaga.com\/web\/#website"},"datePublished":"2019-12-28T08:36:27+00:00","dateModified":"2025-09-29T15:57:03+00:00","breadcrumb":{"@id":"https:\/\/www.eoimalaga.com\/web\/aleman\/profesorado\/#breadcrumb"},"inLanguage":"es","potentialAction":[{"@type":"ReadAction","target":["https:\/\/www.eoimalaga.com\/web\/aleman\/profesorado\/"]}]},{"@type":"BreadcrumbList","@id":"https:\/\/www.eoimalaga.com\/web\/aleman\/profesorado\/#breadcrumb","itemListElement":[{"@type":"ListItem","position":1,"name":"Home","item":"https:\/\/www.eoimalaga.com\/web\/"},{"@type":"ListItem","position":2,"name":"ALEM\u00c1N","item":"https:\/\/www.eoimalaga.com\/web\/aleman\/"},{"@type":"ListItem","position":3,"name":"Profesorado"}]},{"@type":"WebSite","@id":"https:\/\/www.eoimalaga.com\/web\/#website","url":"https:\/\/www.eoimalaga.com\/web\/","name":"P\u00e1gina Oficial de la EOI de M\u00e1laga ::Los idiomas ponen el mundo a tus pies::","description":"EOI M\u00e1laga","potentialAction":[{"@type":"SearchAction","target":{"@type":"EntryPoint","urlTemplate":"https:\/\/www.eoimalaga.com\/web\/?s={search_term_string}"},"query-input":{"@type":"PropertyValueSpecification","valueRequired":true,"valueName":"search_term_string"}}],"inLanguage":"es"}]}},"_links":{"self":[{"href":"https:\/\/www.eoimalaga.com\/web\/wp-json\/wp\/v2\/pages\/8302","targetHints":{"allow":["GET"]}}],"collection":[{"href":"https:\/\/www.eoimalaga.com\/web\/wp-json\/wp\/v2\/pages"}],"about":[{"href":"https:\/\/www.eoimalaga.com\/web\/wp-json\/wp\/v2\/types\/page"}],"author":[{"embeddable":true,"href":"https:\/\/www.eoimalaga.com\/web\/wp-json\/wp\/v2\/users\/13"}],"replies":[{"embeddable":true,"href":"https:\/\/www.eoimalaga.com\/web\/wp-json\/wp\/v2\/comments?post=8302"}],"version-history":[{"count":24,"href":"https:\/\/www.eoimalaga.com\/web\/wp-json\/wp\/v2\/pages\/8302\/revisions"}],"predecessor-version":[{"id":22386,"href":"https:\/\/www.eoimalaga.com\/web\/wp-json\/wp\/v2\/pages\/8302\/revisions\/22386"}],"up":[{"embeddable":true,"href":"https:\/\/www.eoimalaga.com\/web\/wp-json\/wp\/v2\/pages\/8288"}],"wp:attachment":[{"href":"https:\/\/www.eoimalaga.com\/web\/wp-json\/wp\/v2\/media?parent=8302"}],"wp:term":[{"taxonomy":"category","embeddable":true,"href":"https:\/\/www.eoimalaga.com\/web\/wp-json\/wp\/v2\/categories?post=8302"},{"taxonomy":"post_tag","embeddable":true,"href":"https:\/\/www.eoimalaga.com\/web\/wp-json\/wp\/v2\/tags?post=8302"}],"curies":[{"name":"wp","href":"https:\/\/api.w.org\/{rel}","templated":true}]}}