{"id":5190,"date":"2017-05-27T00:05:30","date_gmt":"2017-05-26T22:05:30","guid":{"rendered":"http:\/\/www.eoimalaga.com\/web\/?page_id=5190"},"modified":"2026-02-03T13:27:15","modified_gmt":"2026-02-03T11:27:15","slug":"ausencia-del-profesorado","status":"publish","type":"page","link":"https:\/\/www.eoimalaga.com\/web\/ausencia-del-profesorado\/","title":{"rendered":"Ausencias del profesorado"},"content":{"rendered":"<div class=\"wpb-content-wrapper\"><p>[vc_row][vc_column][vc_column_text css=\u00bb\u00bb]<div class=\"gswpts_tables_container gswpts_table_1\" id=\"1\" data-nonce=\"752607aaae\" data-ai-summary=\"false\" data-summary-source=\"generate_on_click\" data-summary-display=\"always_show\"><div class=\"gswpts_tables_content\">\n\t\t\t<div class=\"ui segment gswpts_table_loader\">\n\t\t\t\t<div class=\"ui active inverted dimmer\">\n\t\t\t\t\t<div class=\"ui large text loader\">Loading<\/div>\n\t\t\t\t<\/div>\n\t\t\t\t<p><\/p>\n\t\t\t\t<p><\/p>\n\t\t\t\t<p><\/p>\n\t\t\t<\/div>\n\t\t<\/div><\/div><br><br>[\/vc_column_text][\/vc_column][\/vc_row][vc_row disable_element=\u00bbyes\u00bb][vc_column][vc_row_inner][vc_column_inner]<div class=\"nicdark_archive1 nicdark_bg_grey nicdark_shadow nicdark_radius left overflow_scroll\">\n<table class=\"nicdark_table extrabig nicdark_bg_yellow nicdark_radius\" style=\"width: 101.01%;height: 220px\">\n<thead class=\"nicdark_border_yellow\">\n<tr style=\"height: 66px\">\n<td class=\"nicdark_width_percentage1\" style=\"width: 22.9935%;height: 66px\">\n<h4 class=\"white\">Profesorado<\/h4>\n<\/td>\n<td style=\"width: 14.2413%;height: 66px\">\n<h4 class=\"white\">Idioma<\/h4>\n<\/td>\n<td style=\"width: 14.6934%;height: 66px\">\n<h4 class=\"white\">Inicio<\/h4>\n<\/td>\n<td style=\"width: 26.8137%;height: 66px\">\n<h4 class=\"white\">Incorporaci\u00f3n<\/h4>\n<\/td>\n<td style=\"width: 19.3059%;height: 66px\">\n<h4 class=\"white\">Sustituido por<\/h4>\n<\/td>\n<\/tr>\n<\/thead>\n<tbody class=\"nicdark_bg_grey nicdark_border_grey\">\n<tr>\n<td style=\"width: 22.9935%\">Andr\u00e9s Mart\u00ed<\/td>\n<td style=\"width: 14.2413%\">\n<p class=\"grey subtitle\"><span style=\"color: #000000\">ITALIANO<\/span><\/p>\n<\/td>\n<td style=\"width: 14.6934%\">\n<p class=\"grey subtitle\"><span style=\"color: #000000\">26\/01\/2026<\/span><\/p>\n<\/td>\n<td style=\"width: 26.8137%\">\n<p class=\"grey subtitle\"><span style=\"color: #000000;font-family: inherit;font-size: inherit\">27\/01\/2026<\/span><\/p>\n<\/td>\n<td style=\"width: 19.3059%\"><\/td>\n<\/tr>\n<tr>\n<td style=\"width: 22.9935%\">Cristina Marcos<\/td>\n<td style=\"width: 14.2413%\">\n<p class=\"grey subtitle\"><span style=\"color: #000000\">ITALIANO<\/span><\/p>\n<\/td>\n<td style=\"width: 14.6934%\">\n<p class=\"grey subtitle\"><span style=\"color: #000000\">22\/01\/2026<\/span><\/p>\n<\/td>\n<td style=\"width: 26.8137%\">\n<p class=\"grey subtitle\"><span style=\"color: #000000;font-family: inherit;font-size: inherit\">26\/01\/2026<\/span><\/p>\n<\/td>\n<td style=\"width: 19.3059%\"><\/td>\n<\/tr>\n<tr>\n<td style=\"width: 22.9935%\">Manuel Ostos<\/td>\n<td style=\"width: 14.2413%\">\n<p class=\"grey subtitle\"><span style=\"color: #000000\">FRANC\u00c9S<\/span><\/p>\n<\/td>\n<td style=\"width: 14.6934%\">\n<p class=\"grey subtitle\"><span style=\"color: #000000\">21\/01\/2026<\/span><\/p>\n<\/td>\n<td style=\"width: 26.8137%\">\n<p class=\"grey subtitle\"><span style=\"color: #000000;font-family: inherit;font-size: inherit\">Sin determinar<\/span><\/p>\n<\/td>\n<td style=\"width: 19.3059%\"><\/td>\n<\/tr>\n<tr>\n<td style=\"width: 22.9935%\">Mar\u00eda Le Goff<\/td>\n<td style=\"width: 14.2413%\">\n<p class=\"grey subtitle\"><span style=\"color: #000000\">FRANC\u00c9S<\/span><\/p>\n<\/td>\n<td style=\"width: 14.6934%\">\n<p class=\"grey subtitle\"><span style=\"color: #000000\">21\/01\/2026<\/span><\/p>\n<\/td>\n<td style=\"width: 26.8137%\">\n<p class=\"grey subtitle\"><span style=\"color: #000000;font-family: inherit;font-size: inherit\">23\/01\/2026<\/span><\/p>\n<\/td>\n<td style=\"width: 19.3059%\"><\/td>\n<\/tr>\n<tr>\n<td style=\"width: 22.9935%\">Sandrine Garc\u00eda<\/td>\n<td style=\"width: 14.2413%\">\n<p class=\"grey subtitle\"><span style=\"color: #000000\">FRANC\u00c9S<\/span><\/p>\n<\/td>\n<td style=\"width: 14.6934%\">\n<p class=\"grey subtitle\"><span style=\"color: #000000\">21\/01\/2026<\/span><\/p>\n<\/td>\n<td style=\"width: 26.8137%\">\n<p class=\"grey subtitle\"><span style=\"color: #000000;font-family: inherit;font-size: inherit\">23\/01\/2026<\/span><\/p>\n<\/td>\n<td style=\"width: 19.3059%\"><\/td>\n<\/tr>\n<tr>\n<td style=\"width: 22.9935%\">Carmen Espinosa<\/td>\n<td style=\"width: 14.2413%\">\n<p class=\"grey subtitle\"><span style=\"color: #000000\">FRANC\u00c9S<\/span><\/p>\n<\/td>\n<td style=\"width: 14.6934%\">\n<p class=\"grey subtitle\"><span style=\"color: #000000\">19\/01\/2026<\/span><\/p>\n<\/td>\n<td style=\"width: 26.8137%\">\n<p class=\"grey subtitle\"><span style=\"color: #000000;font-family: inherit;font-size: inherit\">Sin determinar<\/span><\/p>\n<\/td>\n<td style=\"width: 19.3059%\"><\/td>\n<\/tr>\n<tr>\n<td style=\"width: 22.9935%\">Qi Zhou<\/td>\n<td style=\"width: 14.2413%\">\n<p class=\"grey subtitle\"><span style=\"color: #000000\">CHINO<\/span><\/p>\n<\/td>\n<td style=\"width: 14.6934%\">\n<p class=\"grey subtitle\"><span style=\"color: #000000\">15\/01\/2026<\/span><\/p>\n<\/td>\n<td style=\"width: 26.8137%\">\n<p class=\"grey subtitle\"><span style=\"color: #000000;font-family: inherit;font-size: inherit\">26\/01\/2026<\/span><\/p>\n<\/td>\n<td style=\"width: 19.3059%\"><\/td>\n<\/tr>\n<tr>\n<td style=\"width: 22.9935%\">Ana M\u00aa N\u00fa\u00f1ez<\/td>\n<td style=\"width: 14.2413%\">\n<p class=\"grey subtitle\"><span style=\"color: #000000\">INGL\u00c9S<\/span><\/p>\n<\/td>\n<td style=\"width: 14.6934%\">\n<p class=\"grey subtitle\"><span style=\"color: #000000\">12\/01\/2026<\/span><\/p>\n<\/td>\n<td style=\"width: 26.8137%\">\n<p class=\"grey subtitle\"><span style=\"color: #000000;font-family: inherit;font-size: inherit\">Sin determinar<\/span><\/p>\n<\/td>\n<td style=\"width: 19.3059%\"><\/td>\n<\/tr>\n<\/tbody>\n<\/table>\n<\/div>\n[\/vc_column_inner][\/vc_row_inner][\/vc_column][\/vc_row]<\/p>\n<\/div>","protected":false},"excerpt":{"rendered":"<p>[vc_row][vc_column][vc_column_text css=\u00bb\u00bb][\/vc_column_text][\/vc_column][\/vc_row][vc_row disable_element=\u00bbyes\u00bb][vc_column][vc_row_inner][vc_column_inner][\/vc_column_inner][\/vc_row_inner][\/vc_column][\/vc_row]<\/p>\n","protected":false},"author":8,"featured_media":0,"parent":0,"menu_order":0,"comment_status":"closed","ping_status":"closed","template":"","meta":{"inline_featured_image":false,"footnotes":""},"categories":[],"tags":[],"class_list":["post-5190","page","type-page","status-publish","hentry"],"yoast_head":"<!-- This site is optimized with the Yoast SEO plugin v26.5 - https:\/\/yoast.com\/wordpress\/plugins\/seo\/ -->\n<title>Ausencias del profesorado - P\u00e1gina Oficial de la EOI de M\u00e1laga ::Los idiomas ponen el mundo a tus pies::<\/title>\n<meta name=\"robots\" content=\"index, follow, max-snippet:-1, max-image-preview:large, max-video-preview:-1\" \/>\n<link rel=\"canonical\" href=\"https:\/\/www.eoimalaga.com\/web\/ausencia-del-profesorado\/\" \/>\n<meta property=\"og:locale\" content=\"es_ES\" \/>\n<meta property=\"og:type\" content=\"article\" \/>\n<meta property=\"og:title\" content=\"Ausencias del profesorado - P\u00e1gina Oficial de la EOI de M\u00e1laga ::Los idiomas ponen el mundo a tus pies::\" \/>\n<meta property=\"og:description\" content=\"[vc_row][vc_column][vc_column_text css=\u00bb\u00bb][\/vc_column_text][\/vc_column][\/vc_row][vc_row disable_element=\u00bbyes\u00bb][vc_column][vc_row_inner][vc_column_inner][\/vc_column_inner][\/vc_row_inner][\/vc_column][\/vc_row]\" \/>\n<meta property=\"og:url\" content=\"https:\/\/www.eoimalaga.com\/web\/ausencia-del-profesorado\/\" \/>\n<meta property=\"og:site_name\" content=\"P\u00e1gina Oficial de la EOI de M\u00e1laga ::Los idiomas ponen el mundo a tus pies::\" \/>\n<meta property=\"article:modified_time\" content=\"2026-02-03T11:27:15+00:00\" \/>\n<meta name=\"twitter:card\" content=\"summary_large_image\" \/>\n<meta name=\"twitter:label1\" content=\"Tiempo de lectura\" \/>\n\t<meta name=\"twitter:data1\" content=\"1 minuto\" \/>\n<script type=\"application\/ld+json\" class=\"yoast-schema-graph\">{\"@context\":\"https:\/\/schema.org\",\"@graph\":[{\"@type\":\"WebPage\",\"@id\":\"https:\/\/www.eoimalaga.com\/web\/ausencia-del-profesorado\/\",\"url\":\"https:\/\/www.eoimalaga.com\/web\/ausencia-del-profesorado\/\",\"name\":\"Ausencias del profesorado - P\u00e1gina Oficial de la EOI de M\u00e1laga ::Los idiomas ponen el mundo a tus pies::\",\"isPartOf\":{\"@id\":\"https:\/\/www.eoimalaga.com\/web\/#website\"},\"datePublished\":\"2017-05-26T22:05:30+00:00\",\"dateModified\":\"2026-02-03T11:27:15+00:00\",\"breadcrumb\":{\"@id\":\"https:\/\/www.eoimalaga.com\/web\/ausencia-del-profesorado\/#breadcrumb\"},\"inLanguage\":\"es\",\"potentialAction\":[{\"@type\":\"ReadAction\",\"target\":[\"https:\/\/www.eoimalaga.com\/web\/ausencia-del-profesorado\/\"]}]},{\"@type\":\"BreadcrumbList\",\"@id\":\"https:\/\/www.eoimalaga.com\/web\/ausencia-del-profesorado\/#breadcrumb\",\"itemListElement\":[{\"@type\":\"ListItem\",\"position\":1,\"name\":\"Home\",\"item\":\"https:\/\/www.eoimalaga.com\/web\/\"},{\"@type\":\"ListItem\",\"position\":2,\"name\":\"Ausencias del profesorado\"}]},{\"@type\":\"WebSite\",\"@id\":\"https:\/\/www.eoimalaga.com\/web\/#website\",\"url\":\"https:\/\/www.eoimalaga.com\/web\/\",\"name\":\"P\u00e1gina Oficial de la EOI de M\u00e1laga ::Los idiomas ponen el mundo a tus pies::\",\"description\":\"EOI M\u00e1laga\",\"potentialAction\":[{\"@type\":\"SearchAction\",\"target\":{\"@type\":\"EntryPoint\",\"urlTemplate\":\"https:\/\/www.eoimalaga.com\/web\/?s={search_term_string}\"},\"query-input\":{\"@type\":\"PropertyValueSpecification\",\"valueRequired\":true,\"valueName\":\"search_term_string\"}}],\"inLanguage\":\"es\"}]}<\/script>\n<!-- \/ Yoast SEO plugin. -->","yoast_head_json":{"title":"Ausencias del profesorado - P\u00e1gina Oficial de la EOI de M\u00e1laga ::Los idiomas ponen el mundo a tus pies::","robots":{"index":"index","follow":"follow","max-snippet":"max-snippet:-1","max-image-preview":"max-image-preview:large","max-video-preview":"max-video-preview:-1"},"canonical":"https:\/\/www.eoimalaga.com\/web\/ausencia-del-profesorado\/","og_locale":"es_ES","og_type":"article","og_title":"Ausencias del profesorado - P\u00e1gina Oficial de la EOI de M\u00e1laga ::Los idiomas ponen el mundo a tus pies::","og_description":"[vc_row][vc_column][vc_column_text css=\u00bb\u00bb][\/vc_column_text][\/vc_column][\/vc_row][vc_row disable_element=\u00bbyes\u00bb][vc_column][vc_row_inner][vc_column_inner][\/vc_column_inner][\/vc_row_inner][\/vc_column][\/vc_row]","og_url":"https:\/\/www.eoimalaga.com\/web\/ausencia-del-profesorado\/","og_site_name":"P\u00e1gina Oficial de la EOI de M\u00e1laga ::Los idiomas ponen el mundo a tus pies::","article_modified_time":"2026-02-03T11:27:15+00:00","twitter_card":"summary_large_image","twitter_misc":{"Tiempo de lectura":"1 minuto"},"schema":{"@context":"https:\/\/schema.org","@graph":[{"@type":"WebPage","@id":"https:\/\/www.eoimalaga.com\/web\/ausencia-del-profesorado\/","url":"https:\/\/www.eoimalaga.com\/web\/ausencia-del-profesorado\/","name":"Ausencias del profesorado - P\u00e1gina Oficial de la EOI de M\u00e1laga ::Los idiomas ponen el mundo a tus pies::","isPartOf":{"@id":"https:\/\/www.eoimalaga.com\/web\/#website"},"datePublished":"2017-05-26T22:05:30+00:00","dateModified":"2026-02-03T11:27:15+00:00","breadcrumb":{"@id":"https:\/\/www.eoimalaga.com\/web\/ausencia-del-profesorado\/#breadcrumb"},"inLanguage":"es","potentialAction":[{"@type":"ReadAction","target":["https:\/\/www.eoimalaga.com\/web\/ausencia-del-profesorado\/"]}]},{"@type":"BreadcrumbList","@id":"https:\/\/www.eoimalaga.com\/web\/ausencia-del-profesorado\/#breadcrumb","itemListElement":[{"@type":"ListItem","position":1,"name":"Home","item":"https:\/\/www.eoimalaga.com\/web\/"},{"@type":"ListItem","position":2,"name":"Ausencias del profesorado"}]},{"@type":"WebSite","@id":"https:\/\/www.eoimalaga.com\/web\/#website","url":"https:\/\/www.eoimalaga.com\/web\/","name":"P\u00e1gina Oficial de la EOI de M\u00e1laga ::Los idiomas ponen el mundo a tus pies::","description":"EOI M\u00e1laga","potentialAction":[{"@type":"SearchAction","target":{"@type":"EntryPoint","urlTemplate":"https:\/\/www.eoimalaga.com\/web\/?s={search_term_string}"},"query-input":{"@type":"PropertyValueSpecification","valueRequired":true,"valueName":"search_term_string"}}],"inLanguage":"es"}]}},"_links":{"self":[{"href":"https:\/\/www.eoimalaga.com\/web\/wp-json\/wp\/v2\/pages\/5190","targetHints":{"allow":["GET"]}}],"collection":[{"href":"https:\/\/www.eoimalaga.com\/web\/wp-json\/wp\/v2\/pages"}],"about":[{"href":"https:\/\/www.eoimalaga.com\/web\/wp-json\/wp\/v2\/types\/page"}],"author":[{"embeddable":true,"href":"https:\/\/www.eoimalaga.com\/web\/wp-json\/wp\/v2\/users\/8"}],"replies":[{"embeddable":true,"href":"https:\/\/www.eoimalaga.com\/web\/wp-json\/wp\/v2\/comments?post=5190"}],"version-history":[{"count":2287,"href":"https:\/\/www.eoimalaga.com\/web\/wp-json\/wp\/v2\/pages\/5190\/revisions"}],"predecessor-version":[{"id":22897,"href":"https:\/\/www.eoimalaga.com\/web\/wp-json\/wp\/v2\/pages\/5190\/revisions\/22897"}],"wp:attachment":[{"href":"https:\/\/www.eoimalaga.com\/web\/wp-json\/wp\/v2\/media?parent=5190"}],"wp:term":[{"taxonomy":"category","embeddable":true,"href":"https:\/\/www.eoimalaga.com\/web\/wp-json\/wp\/v2\/categories?post=5190"},{"taxonomy":"post_tag","embeddable":true,"href":"https:\/\/www.eoimalaga.com\/web\/wp-json\/wp\/v2\/tags?post=5190"}],"curies":[{"name":"wp","href":"https:\/\/api.w.org\/{rel}","templated":true}]}}