{"id":5111,"date":"2017-04-04T23:55:11","date_gmt":"2017-04-04T21:55:11","guid":{"rendered":"http:\/\/www.eoimalaga.com\/web\/?page_id=5111"},"modified":"2026-04-30T10:16:00","modified_gmt":"2026-04-30T08:16:00","slug":"eoi_home-2","status":"publish","type":"page","link":"https:\/\/www.eoimalaga.com\/web\/","title":{"rendered":"<!Home EOI 2017>"},"content":{"rendered":"<div class=\"wpb-content-wrapper\"><p>[vc_row full_width=\u00bbstretch_row_content\u00bb el_id=\u00bbrow_focus_title\u00bb el_class=\u00bbcustom_spacer_row\u00bb css=\u00bb.vc_custom_1591267400451{margin-top: 0px !important;margin-bottom: 0px !important;padding-top: 0px !important;padding-bottom: 0px !important;background-image: url(https:\/\/www.eoimalaga.com\/web\/wp-content\/uploads\/2016\/06\/eoi_bacground_home.png?id=4398) !important;}\u00bb][vc_column css=\u00bb.vc_custom_1481791680110{margin-top: 0px !important;margin-bottom: 0px !important;padding-top: 0px !important;padding-bottom: 0px !important;}\u00bb el_class=\u00bbnicdark_upper_level1&#8243;][vc_empty_space height=\u00bb200px\u00bb]\n\n    <div class=\" nicdark_textevidence nicdark_bg_ nicdark_shadow center\">\n        <div class=\"nicdark_margin20\">\n            <h2 class=\"white subtitle\"><a target=\"\" href=\"\" class=\"white\"><\/a><\/h2>\n       <\/div>\n        <i class=\"nicdark_zoom  nicdark_iconbg left extrabig  nicdark_displaynone_ipadland nicdark_displaynone_ipadpotr\"><\/i>\n    <\/div>\n      \n   [vc_row_inner css=\u00bb.vc_custom_1518695723723{margin-top: 0px !important;margin-right: 0px !important;margin-bottom: 0px !important;margin-left: 0px !important;padding-top: 0px !important;padding-bottom: -50px !important;}\u00bb][vc_column_inner width=\u00bb1\/4&#8243; css=\u00bb.vc_custom_1598609949825{padding-top: 0px !important;padding-right: 0px !important;padding-left: 0px !important;}\u00bb]\n\n    <div class=\"focus-title-home-eoi nicdark_textevidence nicdark_bg_orange nicdark_shadow center\">\n        <div class=\"nicdark_margin20\">\n            <h2 class=\"white subtitle\"><a target=\"_blank\" href=\"https:\/\/www.eoimalaga.com\/web\/pruebas-especificas-de-certificacion\/\" class=\"white\">Pruebas de certificaci\u00f3n<\/a><\/h2>\n       <\/div>\n        <i class=\"nicdark_zoom  nicdark_iconbg left extrabig orange nicdark_displaynone_ipadland nicdark_displaynone_ipadpotr\"><\/i>\n    <\/div>\n      \n   [\/vc_column_inner][vc_column_inner width=\u00bb1\/4&#8243; css=\u00bb.vc_custom_1513853716406{padding-top: 0px !important;padding-right: 0px !important;padding-bottom: 0px !important;padding-left: 0px !important;}\u00bb]\n\n    <div class=\"focus-title-home-eoi nicdark_textevidence nicdark_bg_yellow nicdark_shadow center\">\n        <div class=\"nicdark_margin20\">\n            <h2 class=\"white subtitle\"><a target=\"_blank\" href=\"https:\/\/www.eoimalaga.com\/web\/11miradas\/\" class=\"white\">11 idiomas, 11 miradas<\/a><\/h2>\n       <\/div>\n        <i class=\"nicdark_zoom  nicdark_iconbg left extrabig yellow nicdark_displaynone_ipadland nicdark_displaynone_ipadpotr\"><\/i>\n    <\/div>\n      \n   [\/vc_column_inner][vc_column_inner width=\u00bb1\/4&#8243; css=\u00bb.vc_custom_1513853741495{padding-top: 0px !important;padding-right: 0px !important;padding-bottom: 0px !important;padding-left: 0px !important;}\u00bb]\n\n    <div class=\"focus-title-home-eoi nicdark_textevidence nicdark_bg_green nicdark_shadow center\">\n        <div class=\"nicdark_margin20\">\n            <h2 class=\"white subtitle\"><a target=\"_blank\" href=\"https:\/\/www.eoimalaga.com\/apps\/preinscrip\/\" class=\"white\">Solicitud de plaza 2026\/27<\/a><\/h2>\n       <\/div>\n        <i class=\"nicdark_zoom  nicdark_iconbg left extrabig green nicdark_displaynone_ipadland nicdark_displaynone_ipadpotr\"><\/i>\n    <\/div>\n      \n   [\/vc_column_inner][vc_column_inner width=\u00bb1\/4&#8243; css=\u00bb.vc_custom_1513853707509{padding-top: 0px !important;padding-right: 0px !important;padding-bottom: 0px !important;padding-left: 0px !important;}\u00bb]\n\n    <div class=\"focus-title-home-eoi nicdark_textevidence nicdark_bg_blue nicdark_shadow center\">\n        <div class=\"nicdark_margin20\">\n            <h2 class=\"white subtitle\"><a target=\"\" href=\"https:\/\/www.eoimalaga.com\/web\/dace\/\" class=\"white\">Actividades Culturales<\/a><\/h2>\n       <\/div>\n        <i class=\"nicdark_zoom  nicdark_iconbg left extrabig blue nicdark_displaynone_ipadland nicdark_displaynone_ipadpotr\"><\/i>\n    <\/div>\n      \n   [\/vc_column_inner][\/vc_row_inner][\/vc_column][\/vc_row][vc_row full_width=\u00bbstretch_row_content\u00bb el_class=\u00bbeoi-home-2021-fila-noticias\u00bb][vc_column width=\u00bb1\/3&#8243; el_class=\u00bbeoi-home-2021-fila-noticias__col-ausencias\u00bb]<h2 style=\"color:;\" class=\"eoi-home-2021-title-noticias  \">Fechas a tener en cuenta<\/h2>[vc_column_text css=\u00bb\u00bb]<\/p>\n<ul>\n<li><strong>Matr\u00edcula libre<\/strong>: del 1 al 15 de abril de 2026 (<span style=\"text-decoration: underline;\"><span style=\"color: #0000ff;\"><a style=\"color: #0000ff; text-decoration: underline;\" href=\"https:\/\/www.eoimalaga.com\/apps\/matlib\/\" target=\"_blank\" rel=\"noopener\">+info<\/a><\/span><\/span>) (<span style=\"text-decoration: underline;\"><span style=\"color: #0000ff;\"><a style=\"color: #0000ff; text-decoration: underline;\" href=\"https:\/\/www.eoimalaga.com\/web\/wp-content\/uploads\/2026\/03\/Cuadrante-general-fechas-PEC-MAY-JUN26.pdf\">Calendario general fechas<\/a><\/span><\/span>)<\/li>\n<li><strong>Confirmaci\u00f3n de la participaci\u00f3n Pruebas de certificaci\u00f3n (PEC)<\/strong>\u00a0(alumnado oficial): del 1 al 16 de abril de 2026 (<span style=\"text-decoration: underline;\"><span style=\"color: #0000ff;\"><a style=\"color: #0000ff; text-decoration: underline;\" href=\"https:\/\/www.eoimalaga.com\/web\/pruebas-especificas-de-certificacion\/\" target=\"_blank\" rel=\"noopener\">+info<\/a><\/span><\/span>)<\/li>\n<li><strong>Anulaci\u00f3n de matr\u00edcula:<\/strong> hasta el 30 de abril de 2026 (<span style=\"text-decoration: underline;\"><span style=\"color: #0000ff;\"><a style=\"color: #0000ff; text-decoration: underline;\" href=\"https:\/\/www.eoimalaga.com\/web\/anulacion-de-matricula\/\" target=\"_blank\" rel=\"noopener\">+info<\/a><\/span><\/span>)<\/li>\n<li><strong>Solicitud de plazas curso 26\/27<\/strong>: del 1 al 20 de mayo (<span style=\"color: #0000ff;\"><a style=\"color: #0000ff;\" href=\"https:\/\/www.eoimalaga.com\/apps\/preinscrip\/\" target=\"_blank\" rel=\"noopener\">+info<\/a><\/span>)<\/li>\n<\/ul>\n<p>[\/vc_column_text][\/vc_column][vc_column width=\u00bb1\/3&#8243; el_class=\u00bbeoi-home-2021-fila-noticias__col-noticias\u00bb]<h2 style=\"color:;\" class=\"eoi-home-2021-title-noticias  \">Ciclo de charlas<\/h2>[vc_single_image image=\u00bb23054&#8243; img_size=\u00bb424&#215;600&#8243; alignment=\u00bbcenter\u00bb css=\u00bb\u00bb][vc_column_text css=\u00bb\u00bb]<\/p>\n<p style=\"text-align: center;\">Descarga <a href=\"https:\/\/www.eoimalaga.com\/web\/wp-content\/uploads\/2026\/03\/11IdiomasSesiones.pdf\" target=\"_blank\" rel=\"noopener\">aqu\u00ed<\/a> el programa completo.<\/p>\n<p>[\/vc_column_text][\/vc_column][vc_column width=\u00bb1\/3&#8243; el_class=\u00bbeoi-home-2021-fila-noticias__col-noticias\u00bb]<h2 style=\"color:;\" class=\"eoi-home-2021-title-noticias  \">Ausencias - Profesorado<\/h2>[vc_empty_space][vc_btn title=\u00bbAusencias\u00bb color=\u00bbwarning\u00bb size=\u00bblg\u00bb align=\u00bbcenter\u00bb link=\u00bburl:https%3A%2F%2Fwww.eoimalaga.com%2Fweb%2Fausencia-del-profesorado%2F|title:Ausencias|target:%20_blank|\u00bb][\/vc_column][\/vc_row][vc_row][vc_column width=\u00bb1\/6&#8243;][\/vc_column][vc_column width=\u00bb5\/6&#8243;][vc_column_text css=\u00bb\u00bb]<\/p>\n<h1 style=\"text-align: center;\">\u00bfQU\u00c9 EST\u00c1 PASANDO?<\/h1>\n<p style=\"text-align: center;\">En este calendario podr\u00e1s consultar todas las actividades y procesos administrativos de nuestro centro.<\/p>\n<p>[\/vc_column_text][\/vc_column][\/vc_row][vc_row][vc_column width=\u00bb1\/6&#8243;][vc_icon icon_fontawesome=\u00bbfas fa-info\u00bb color=\u00bbcustom\u00bb size=\u00bbxl\u00bb css=\u00bb\u00bb custom_color=\u00bb#ff6600&#8243;][\/vc_column][vc_column width=\u00bb5\/6&#8243;][vc_raw_html css=\u00bb\u00bb]JTNDaWZyYW1lJTIwc3JjJTNEJTIyaHR0cHMlM0ElMkYlMkZjYWxlbmRhci5nb29nbGUuY29tJTJGY2FsZW5kYXIlMkZlbWJlZCUzRmhlaWdodCUzRDYwMCUyNndrc3QlM0QyJTI2Y3R6JTNERXVyb3BlJTI1MkZNYWRyaWQlMjZzaG93UHJpbnQlM0QwJTI2c2hvd1RpdGxlJTNEMCUyNnNob3dDYWxlbmRhcnMlM0QwJTI2c2hvd1R6JTNEMCUyNnNyYyUzRFkxOWtNak5pWXpSbE0yWXhZVFpqWldKa01UUmlOalEyTkdKbU9HTm1OVEZqTXpkaE1qaGpZekkyWXpnek1UUXhNV0kzWmpCbU9XWXhPRGxpWmpZMlpERXdRR2R5YjNWd0xtTmhiR1Z1WkdGeUxtZHZiMmRzWlM1amIyMCUyNmNvbG9yJTNEJTI1MjNlZjZjMDAlMjIlMjBzdHlsZSUzRCUyMmJvcmRlciUzQXNvbGlkJTIwMXB4JTIwJTIzNzc3JTIyJTIwd2lkdGglM0QxMDAlMjUlMjBoZWlnaHQlM0QlMjI2MDAlMjIlMjBmcmFtZWJvcmRlciUzRCUyMjAlMjIlMjBzY3JvbGxpbmclM0QlMjJubyUyMiUzRSUzQyUyRmlmcmFtZSUzRQ==[\/vc_raw_html][\/vc_column][\/vc_row][vc_row full_width=\u00bbstretch_row_content\u00bb disable_element=\u00bbyes\u00bb el_class=\u00bbeoi-home-2021-fila-noticias\u00bb][vc_column width=\u00bb1\/4&#8243; el_class=\u00bbeoi-home-2021-fila-noticias__col-ausencias\u00bb][\/vc_column][vc_column width=\u00bb3\/4&#8243;][vc_row_inner][vc_column_inner]<h2 style=\"color:;\" class=\"eoi-home-2021-title-noticias  \">COEDUCACI\u00d3N - NOTICIAS<\/h2><h2 style=\"color:;\" class=\"  \">Qu\u00e9 est\u00e1 pasando en la EOI<\/h2>[\/vc_column_inner][\/vc_row_inner][\/vc_column][\/vc_row][vc_row full_width=\u00bbstretch_row_content\u00bb disable_element=\u00bbyes\u00bb el_class=\u00bbeoi-home-2021-fila-noticias\u00bb][vc_column width=\u00bb1\/3&#8243; el_class=\u00bbeoi-home-2021-fila-noticias__col-ausencias\u00bb]<h2 style=\"color:;\" class=\"eoi-home-2021-title-noticias  \">\u00daltimas noticias<\/h2>[vc_column_text css=\u00bb\u00bb]ADMISI\u00d3N CURSO 25\/26:<\/p>\n<ul>\n<li><strong>Consulta de solicitudes presentadas para el curso 25\/26<\/strong> (<span style=\"color: #0000ff;\"><a style=\"color: #0000ff;\" href=\"https:\/\/www.eoimalaga.com\/web\/solicitudes-presentadas-2025-26\/\">+ info<\/a><\/span>)<\/li>\n<li><strong>Fechas a tener en cuenta\u00a0<\/strong>\n<ul>\n<li><a href=\"https:\/\/www.eoimalaga.com\/web\/solicitudes-presentadas-2025-26\/\">publicaci\u00f3n del listado de solicitantes: 10 de junio<\/a><\/li>\n<li>publicaci\u00f3n listas de admitidos: 24 de junio<\/li>\n<li>matriculaci\u00f3n: por determinar<\/li>\n<\/ul>\n<\/li>\n<li>Toda la informaci\u00f3n aqu\u00ed\u00a0(<span style=\"text-decoration: underline;\"><a href=\"https:\/\/www.eoimalaga.com\/apps\/preinscrip25_26\/\" target=\"_blank\" rel=\"noopener\"><span style=\"color: #0000ff; text-decoration: underline;\">+info<\/span><\/a><\/span>)<\/li>\n<\/ul>\n<p>NOTAS DEL CURSO ACTUAL:<\/p>\n<ul>\n<li>todo el alumnado: puedes verlas a partir del d\u00eda 20 en iPasen.<\/li>\n<li>alumnado de promoci\u00f3n: para hablar con tu tutor\/a: d\u00eda 19 (<span style=\"text-decoration: underline;\"><span style=\"color: #0000ff;\"><a style=\"color: #0000ff; text-decoration: underline;\" href=\"https:\/\/eoimalaga.com\/web_docs\/Rec\/JUN\/2025_Jun_CalendReclam.docx.pdf\" target=\"_blank\" rel=\"noopener\">+info<\/a><\/span><\/span>)<\/li>\n<li>alumnado de certificaci\u00f3n-oficiales: puedes ver tu prueba el d\u00eda 20 (<span style=\"text-decoration: underline;\"><span style=\"color: #0000ff;\"><a style=\"color: #0000ff; text-decoration: underline;\" href=\"https:\/\/eoimalaga.com\/web_docs\/Rec\/JUN\/JUN25_Horario_Aclaraciones_CERT.pdf\" target=\"_blank\" rel=\"noopener\">+info<\/a><\/span><\/span>)<\/li>\n<li>alumnado de certificaci\u00f3n-libres: puedes ver tu prueba el d\u00eda 23 (<span style=\"text-decoration: underline; color: #0000ff;\"><a style=\"color: #0000ff; text-decoration: underline;\" href=\"https:\/\/eoimalaga.com\/web_docs\/Rec\/JUN\/JUN25_Horario_Aclaraciones_LIB.pdf\" target=\"_blank\" rel=\"noopener\">+info<\/a><\/span>)<\/li>\n<li>alumnado de la modalidad a distancia: d\u00eda 20 (en su aula virtual)<\/li>\n<\/ul>\n<p>MATR\u00cdCULA CURSO 25\/26:<\/p>\n<ul>\n<li>Alumnado oficial que ha aprobado en junio: d\u00edas 1 y 2 de julio\u00a0(<span style=\"text-decoration: underline; color: #0000ff;\"><a style=\"color: #0000ff; text-decoration: underline;\" href=\"https:\/\/www.eoimalaga.com\/web\/wp-content\/uploads\/2025\/06\/2025_Jul_Calendario-matricula-antiguos-1.pdf\" target=\"_blank\" rel=\"noopener\">+info<\/a><\/span>)<\/li>\n<li>Alumnado de la modalidad a distancia: del 1 al 10 de julio (a trav\u00e9s de la secretar\u00eda virtual)<\/li>\n<li>Alumnado de nuevo ingreso: m\u00e1s info en breve.<\/li>\n<\/ul>\n<p>[\/vc_column_text][\/vc_column][vc_column width=\u00bb1\/3&#8243; el_class=\u00bbeoi-home-2021-fila-noticias__col-noticias\u00bb]<h2 style=\"color:;\" class=\"eoi-home-2021-title-noticias  \">Fiesta de fin de curso<\/h2>[vc_column_text css=\u00bb\u00bb]<\/p>\n<p data-start=\"75\" data-end=\"123\">\u00a1La fiesta de fin de curso ya est\u00e1 aqu\u00ed!<\/p>\n<p data-start=\"125\" data-end=\"179\">Karaoke, barbacoa, m\u00fasica, baile y muchas sorpresas.<\/p>\n<p data-start=\"181\" data-end=\"253\">\u00a1No te lo pierdas! Ven a disfrutar con tus compa\u00f1eros y profes.<\/p>\n<p data-start=\"181\" data-end=\"253\">CU\u00c1NDO: D\u00eda 19<\/p>\n<p data-start=\"181\" data-end=\"253\">A QU\u00c9 HORA: a partir de las 17.30h.<\/p>\n<p>[\/vc_column_text][vc_single_image image=\u00bb21908&#8243; img_size=\u00bb300&#215;500&#8243; alignment=\u00bbcenter\u00bb css=\u00bb\u00bb][\/vc_column][vc_column width=\u00bb1\/3&#8243; el_class=\u00bbeoi-home-2021-fila-noticias__col-noticias\u00bb]<h2 style=\"color:;\" class=\"eoi-home-2021-title-noticias  \">Notas del primer cuatrimestre<\/h2>[vc_column_text css=\u00bb\u00bb]<strong>A partir del d\u00eda 2 de febrero <\/strong>podr\u00e1s consultar tus calificaciones en PASEN. En este tutorial puedes ver c\u00f3mo hacerlo.<\/p>\n<p><strong>Si no puedes ver tus calificaciones<\/strong> en la aplicaci\u00f3n m\u00f3vil, prueba a hacerlo en la <a href=\"https:\/\/seneca.juntadeandalucia.es\/seneca\/jsp\/portalpasen\/\" target=\"_blank\" rel=\"noopener\">web.<\/a>[\/vc_column_text][vc_column_text]<\/p>\n<div style=\"width: 100%;\">\n<div style=\"position: relative; padding-bottom: 56.25%; padding-top: 0; height: 0;\"><iframe loading=\"lazy\" style=\"position: absolute; top: 0; left: 0; width: 100%; height: 100%;\" title=\"Calificaciones\" src=\"https:\/\/view.genially.com\/61f900e519ac70001b81eed1\" width=\"1200px\" height=\"675px\" frameborder=\"0\" scrolling=\"yes\" allowfullscreen=\"allowfullscreen\"><\/iframe><\/div>\n<\/div>\n<p>[\/vc_column_text][vc_empty_space][\/vc_column][\/vc_row][vc_row disable_element=\u00bbyes\u00bb][vc_column width=\u00bb1\/3&#8243;]<h2 style=\"color:;\" class=\"eoi-home-2021-title-noticias  \">Consulta de calificaciones<\/h2>[vc_column_text]<strong>A partir del d\u00eda 12 de septiembre<\/strong> puedes consultar tus calificaciones en PASEN. En este tutorial puedes ver c\u00f3mo hacerlo. <strong>Si no puedes ver tus calificaciones<\/strong> en la aplicaci\u00f3n m\u00f3vil, prueba a hacerlo en la <a href=\"https:\/\/seneca.juntadeandalucia.es\/seneca\/jsp\/portalpasen\/\" target=\"_blank\" rel=\"noopener\">web<\/a>, con la siguiente ruta: Seguimiento del curso \/ Trayectoria escolar.[\/vc_column_text][vc_column_text]<\/p>\n<div style=\"width: 100%;\">\n<div style=\"position: relative; padding-bottom: 56.25%; padding-top: 0; height: 0;\"><iframe loading=\"lazy\" style=\"position: absolute; top: 0; left: 0; width: 100%; height: 100%;\" title=\"Calificaciones\" src=\"https:\/\/view.genially.com\/61f900e519ac70001b81eed1\" width=\"1200px\" height=\"675px\" frameborder=\"0\" scrolling=\"yes\" allowfullscreen=\"allowfullscreen\"><\/iframe><\/div>\n<\/div>\n<p>[\/vc_column_text][vc_column_text]<\/p>\n<p style=\"text-align: center;\"><a href=\"https:\/\/docs.google.com\/presentation\/d\/13CF4ZDVVUh8ZPzHFy03jlNTYPotSg8_Z1Iq0lxDgIQ4\/preview?slide=id.g2022fdde695_0_0\" target=\"_blank\" rel=\"noopener noreferrer\"><img loading=\"lazy\" decoding=\"async\" class=\"alignnone wp-image-16404 size-medium\" src=\"https:\/\/www.eoimalaga.com\/web\/wp-content\/uploads\/2023\/01\/Screen-Shot-2023-01-30-at-12.09.23-300x49.png\" alt=\"\" width=\"300\" height=\"49\" srcset=\"https:\/\/www.eoimalaga.com\/web\/wp-content\/uploads\/2023\/01\/Screen-Shot-2023-01-30-at-12.09.23-300x49.png 300w, https:\/\/www.eoimalaga.com\/web\/wp-content\/uploads\/2023\/01\/Screen-Shot-2023-01-30-at-12.09.23.png 582w\" sizes=\"auto, (max-width: 300px) 100vw, 300px\" \/><\/a><\/p>\n<p>[\/vc_column_text][\/vc_column][vc_column width=\u00bb1\/3&#8243;][vc_btn title=\u00bbTarjetas participantes\u00bb color=\u00bbsuccess\u00bb align=\u00bbcenter\u00bb link=\u00bburl:http%3A%2F%2Ftiny.cc%2Fl3mjvz||target:%20_blank|\u00bb][vc_column_text]<span style=\"color: #0000ff;\"><a style=\"color: #0000ff;\" href=\"https:\/\/dace-eoi-malaga.blogspot.com\/\" target=\"_blank\" rel=\"noopener noreferrer\"><img loading=\"lazy\" decoding=\"async\" class=\"alignnone wp-image-17836\" src=\"https:\/\/www.eoimalaga.com\/web\/wp-content\/uploads\/2023\/12\/EOIMalaga_23-Navidad-300x213.png\" alt=\"\" width=\"460\" height=\"327\" srcset=\"https:\/\/www.eoimalaga.com\/web\/wp-content\/uploads\/2023\/12\/EOIMalaga_23-Navidad-300x213.png 300w, https:\/\/www.eoimalaga.com\/web\/wp-content\/uploads\/2023\/12\/EOIMalaga_23-Navidad-1024x726.png 1024w, https:\/\/www.eoimalaga.com\/web\/wp-content\/uploads\/2023\/12\/EOIMalaga_23-Navidad-768x545.png 768w, https:\/\/www.eoimalaga.com\/web\/wp-content\/uploads\/2023\/12\/EOIMalaga_23-Navidad-1536x1090.png 1536w, https:\/\/www.eoimalaga.com\/web\/wp-content\/uploads\/2023\/12\/EOIMalaga_23-Navidad.png 1748w\" sizes=\"auto, (max-width: 460px) 100vw, 460px\" \/><\/a><\/span><\/p>\n<ul>\n<li><strong>Esther Rodr\u00edguez \u00c1vila- B2.1 Ingl\u00e9s y franc\u00e9s<\/strong><\/li>\n<\/ul>\n<p>[\/vc_column_text][\/vc_column][vc_column width=\u00bb1\/3&#8243;]<h2 style=\"color:;\" class=\"eoi-home-2021-title-noticias  \">Consulta de calificaciones<\/h2>[\/vc_column][\/vc_row][vc_row full_width=\u00bbstretch_row_content\u00bb disable_element=\u00bbyes\u00bb el_class=\u00bbeoi-home-2021-fila-02&#8243;][vc_column width=\u00bb1\/2&#8243; el_class=\u00bbeoi-home-2021-fila-02__col\u00bb][vc_column_text]<strong><span style=\"color: #0000ff;\"><a style=\"color: #0000ff;\" href=\"https:\/\/www.eoimalaga.com\/web\/reclamaciones\/\" target=\"_blank\" rel=\"noopener noreferrer\"><span style=\"font-size: 14pt;\"><img loading=\"lazy\" decoding=\"async\" class=\"alignnone wp-image-18891\" src=\"https:\/\/www.eoimalaga.com\/web\/wp-content\/uploads\/2024\/06\/Aqui\u0301-tienes-toda-la-informacio\u0301n-sobre-calificaciones-240x300.png\" alt=\"\" width=\"349\" height=\"436\" srcset=\"https:\/\/www.eoimalaga.com\/web\/wp-content\/uploads\/2024\/06\/Aqui\u0301-tienes-toda-la-informacio\u0301n-sobre-calificaciones-240x300.png 240w, https:\/\/www.eoimalaga.com\/web\/wp-content\/uploads\/2024\/06\/Aqui\u0301-tienes-toda-la-informacio\u0301n-sobre-calificaciones-819x1024.png 819w, https:\/\/www.eoimalaga.com\/web\/wp-content\/uploads\/2024\/06\/Aqui\u0301-tienes-toda-la-informacio\u0301n-sobre-calificaciones-768x960.png 768w, https:\/\/www.eoimalaga.com\/web\/wp-content\/uploads\/2024\/06\/Aqui\u0301-tienes-toda-la-informacio\u0301n-sobre-calificaciones.png 1080w\" sizes=\"auto, (max-width: 349px) 100vw, 349px\" \/><\/span><\/a><\/span><\/strong><\/p>\n<p><strong><span style=\"color: #0000ff;\"><a style=\"color: #0000ff;\" href=\"https:\/\/www.eoimalaga.com\/web\/reclamaciones\/\" target=\"_blank\" rel=\"noopener noreferrer\"><span style=\"font-size: 14pt;\">Clica aqu\u00ed para m\u00e1s informaci\u00f3n.<\/span><\/a><\/span><\/strong>[\/vc_column_text][vc_video link=\u00bbhttps:\/\/youtu.be\/jcgxB12Bm0o\u00bb]<h2 style=\"color:;\" class=\"eoi-home-2021-title-noticias  \">Protocolo Covid- Actualizado Enero 2022<\/h2>[vc_single_image image=\u00bb12584&#8243; img_size=\u00bblarge\u00bb onclick=\u00bbcustom_link\u00bb img_link_target=\u00bb_blank\u00bb link=\u00bbhttps:\/\/view.genial.ly\/60926af24039590d2f0ac80e\u00bb][vc_column_text]<img loading=\"lazy\" decoding=\"async\" class=\"alignnone size-medium wp-image-14004\" src=\"https:\/\/www.eoimalaga.com\/web\/wp-content\/uploads\/2022\/01\/Screenshot-2022-01-10-at-10.14.29-300x95.png\" alt=\"\" width=\"300\" height=\"95\" srcset=\"https:\/\/www.eoimalaga.com\/web\/wp-content\/uploads\/2022\/01\/Screenshot-2022-01-10-at-10.14.29-300x95.png 300w, https:\/\/www.eoimalaga.com\/web\/wp-content\/uploads\/2022\/01\/Screenshot-2022-01-10-at-10.14.29-1024x323.png 1024w, https:\/\/www.eoimalaga.com\/web\/wp-content\/uploads\/2022\/01\/Screenshot-2022-01-10-at-10.14.29-768x242.png 768w, https:\/\/www.eoimalaga.com\/web\/wp-content\/uploads\/2022\/01\/Screenshot-2022-01-10-at-10.14.29.png 1058w\" sizes=\"auto, (max-width: 300px) 100vw, 300px\" \/><\/p>\n<p><span style=\"font-size: 14pt;\"><a href=\"https:\/\/www.eoimalaga.com\/web\/wp-content\/uploads\/2022\/01\/EOI-Ma\u0301laga-PROTOCOLO-ACTUACIO\u0301N-COVID-19-2021-2022.pdf\" target=\"_blank\" rel=\"noopener noreferrer\">Aqu\u00ed<\/a> <\/span>lo puede consultar. Para cualquier comunicaci\u00f3n sobre el tema, escriba por favor a <span style=\"font-size: 14pt;\"><a href=\"mailto:covid@eoimalaga.com\">covid@eoimalaga.com<\/a><\/span>[\/vc_column_text][\/vc_column][vc_column width=\u00bb1\/2&#8243; el_class=\u00bbeoi-home-2021-fila-02__col\u00bb][vc_column_text]Si tienes dudas acerca de c\u00f3mo es la evaluaci\u00f3n, consulta este tutorial.<\/p>\n<p><span style=\"color: #ffffff;\">jljj\u00b4ljuu<\/span>[\/vc_column_text]<h2 style=\"color:;\" class=\"eoi-home-2021-title-noticias  \">La evaluaci\u00f3n explicada<\/h2>[vc_column_text]<span style=\"color: #ffffff;\">pppppppp<\/span><\/p>\n<div class=\"container-wrapper-genially\" style=\"position: relative; min-height: 400px; max-width: 100%;\">\n<p><video class=\"loader-genially\" style=\"position: absolute; top: 45%; left: 50%; transform: translate(-50%, -50%); width: 80px; height: 80px; margin-bottom: 10%;\" autoplay=\"autoplay\" loop=\"loop\" muted=\"muted\" width=\"300\" height=\"150\"><source src=\"https:\/\/static.genially.com\/resources\/loader-default-rebranding.mp4\" type=\"video\/mp4\" \/>Your browser does not support the video tag.<\/video><\/p>\n<div id=\"60926af24039590d2f0ac80e\" class=\"genially-embed\" style=\"margin: 0px auto; position: relative; height: auto; width: 100%;\"><\/div>\n<\/div>\n<p><script>(function (d) { var js, id = \"genially-embed-js\", ref = d.getElementsByTagName(\"script\")[0]; if (d.getElementById(id)) { return; } js = d.createElement(\"script\"); js.id = id; js.async = true; js.src = \"https:\/\/view.genially.com\/static\/embed\/embed.js\"; ref.parentNode.insertBefore(js, ref); }(document));<\/script>[\/vc_column_text][\/vc_column][\/vc_row][vc_row full_width=\u00bbstretch_row_content\u00bb el_class=\u00bbeoi-home-2021-fila-logos\u00bb][vc_column width=\u00bb1\/2&#8243; el_class=\u00bbeoi-home-2021-fila-logos__col-rrss\u00bb]<h3 style=\"color:;\" class=\"  \">S\u00edguenos en:<\/h3>[vc_icon icon_fontawesome=\u00bbfab fa-twitter\u00bb color=\u00bbcustom\u00bb link=\u00bburl:https%3A%2F%2Ftwitter.com%2FEOI_Malaga||target:%20_blank|\u00bb custom_color=\u00bb#1da1f2&#8243;][vc_icon icon_fontawesome=\u00bbfab fa-instagram\u00bb color=\u00bbcustom\u00bb link=\u00bburl:https%3A%2F%2Fwww.instagram.com%2Feoi_malaga%2F%3Fhl%3Den||target:%20_blank|\u00bb custom_color=\u00bb#b8338e\u00bb][vc_icon icon_fontawesome=\u00bbfab fa-youtube\u00bb color=\u00bbcustom\u00bb link=\u00bburl:https%3A%2F%2Fwww.youtube.com%2Fchannel%2FUCvAfydzONl4tfInwtwAaQXA%2Fvideos||target:%20_blank|\u00bb custom_color=\u00bb#c4302b\u00bb][vc_icon type=\u00bbopeniconic\u00bb color=\u00bbcustom\u00bb link=\u00bburl:https%3A%2F%2Fwww.tiktok.com%2F%40eoi_malaga||target:%20_blank|\u00bb custom_color=\u00bb#c4302b\u00bb][vc_icon type=\u00bbopeniconic\u00bb icon_openiconic=\u00bbvc-oi vc-oi-exchange\u00bb color=\u00bbcustom\u00bb link=\u00bburl:https%3A%2F%2Fbsky.app%2Fprofile%2Feoimalaga.bsky.social|target:_blank\u00bb custom_color=\u00bb#0085ff\u00bb][vc_icon icon_fontawesome=\u00bbfab fa-linkedin\u00bb color=\u00bbcustom\u00bb css=\u00bb\u00bb link=\u00bburl:https%3A%2F%2Fwww.linkedin.com%2Fcompany%2Fescuela-oficial-de-idiomas-m%C3%A1laga%2Fabout%2F|target:_blank\u00bb custom_color=\u00bb#0073b2&#8243;][\/vc_column][vc_column width=\u00bb1\/2&#8243; el_class=\u00bbeoi-home-2021-fila-logos__col-logos\u00bb][vc_single_image image=\u00bb12762&#8243; img_size=\u00bbfull\u00bb onclick=\u00bbcustom_link\u00bb img_link_target=\u00bb_blank\u00bb link=\u00bbhttps:\/\/www.fundacionunicaja.com\/\u00bb][vc_single_image image=\u00bb16899&#8243; img_size=\u00bbfull\u00bb alignment=\u00bbcenter\u00bb onclick=\u00bbcustom_link\u00bb link=\u00bbhttps:\/\/msms58gzatu.typeform.com\/to\/WgnIyXVj?typeform-source=t.co\u00bb][vc_single_image image=\u00bb12764&#8243; img_size=\u00bbfull\u00bb onclick=\u00bbcustom_link\u00bb img_link_target=\u00bb_blank\u00bb link=\u00bbhttps:\/\/www.oup.es\/es\u00bb][\/vc_column][\/vc_row][vc_row][vc_column][vc_column_text]<\/p>\n<p>&nbsp;<\/p>\n<p>&nbsp;<\/p>\n<p>&nbsp;<\/p>\n<p>&nbsp;<\/p>\n<p>&nbsp;<\/p>\n<p>&nbsp;<\/p>\n<p>&nbsp;<\/p>\n<p>&nbsp;<\/p>\n<p>[\/vc_column_text][\/vc_column][\/vc_row]<\/p>\n<\/div>","protected":false},"excerpt":{"rendered":"<p>[vc_row full_width=\u00bbstretch_row_content\u00bb el_id=\u00bbrow_focus_title\u00bb el_class=\u00bbcustom_spacer_row\u00bb css=\u00bb.vc_custom_1591267400451{margin-top: 0px !important;margin-bottom: 0px !important;padding-top: 0px !important;padding-bottom: 0px !important;background-image: url(https:\/\/www.eoimalaga.com\/web\/wp-content\/uploads\/2016\/06\/eoi_bacground_home.png?id=4398) !important;}\u00bb][vc_column css=\u00bb.vc_custom_1481791680110{margin-top: 0px !important;margin-bottom: 0px !important;padding-top: 0px !important;padding-bottom: 0px !important;}\u00bb el_class=\u00bbnicdark_upper_level1&#8243;][vc_empty_space height=\u00bb200px\u00bb][vc_row_inner css=\u00bb.vc_custom_1518695723723{margin-top: 0px !important;margin-right: 0px !important;margin-bottom: 0px !important;margin-left: 0px !important;padding-top: 0px !important;padding-bottom: -50px !important;}\u00bb][vc_column_inner width=\u00bb1\/4&#8243; css=\u00bb.vc_custom_1598609949825{padding-top: 0px !important;padding-right: 0px !important;padding-left: 0px !important;}\u00bb][\/vc_column_inner][vc_column_inner width=\u00bb1\/4&#8243; css=\u00bb.vc_custom_1513853716406{padding-top: 0px !important;padding-right: 0px !important;padding-bottom: 0px !important;padding-left: [&hellip;]<\/p>\n","protected":false},"author":11,"featured_media":0,"parent":0,"menu_order":0,"comment_status":"closed","ping_status":"closed","template":"","meta":{"inline_featured_image":false,"footnotes":""},"categories":[],"tags":[],"class_list":["post-5111","page","type-page","status-publish","hentry"],"yoast_head":"<!-- This site is optimized with the Yoast SEO plugin v26.5 - https:\/\/yoast.com\/wordpress\/plugins\/seo\/ -->\n<title>- P\u00e1gina Oficial de la EOI de M\u00e1laga ::Los idiomas ponen el mundo a tus pies::<\/title>\n<meta name=\"robots\" content=\"index, follow, max-snippet:-1, max-image-preview:large, max-video-preview:-1\" \/>\n<link rel=\"canonical\" href=\"https:\/\/www.eoimalaga.com\/web\/\" \/>\n<meta property=\"og:locale\" content=\"es_ES\" \/>\n<meta property=\"og:type\" content=\"article\" \/>\n<meta property=\"og:title\" content=\"- P\u00e1gina Oficial de la EOI de M\u00e1laga ::Los idiomas ponen el mundo a tus pies::\" \/>\n<meta property=\"og:description\" content=\"[vc_row full_width=\u00bbstretch_row_content\u00bb el_id=\u00bbrow_focus_title\u00bb el_class=\u00bbcustom_spacer_row\u00bb css=\u00bb.vc_custom_1591267400451{margin-top: 0px !important;margin-bottom: 0px !important;padding-top: 0px !important;padding-bottom: 0px !important;background-image: url(https:\/\/www.eoimalaga.com\/web\/wp-content\/uploads\/2016\/06\/eoi_bacground_home.png?id=4398) !important;}\u00bb][vc_column css=\u00bb.vc_custom_1481791680110{margin-top: 0px !important;margin-bottom: 0px !important;padding-top: 0px !important;padding-bottom: 0px !important;}\u00bb el_class=\u00bbnicdark_upper_level1&#8243;][vc_empty_space height=\u00bb200px\u00bb][vc_row_inner css=\u00bb.vc_custom_1518695723723{margin-top: 0px !important;margin-right: 0px !important;margin-bottom: 0px !important;margin-left: 0px !important;padding-top: 0px !important;padding-bottom: -50px !important;}\u00bb][vc_column_inner width=\u00bb1\/4&#8243; css=\u00bb.vc_custom_1598609949825{padding-top: 0px !important;padding-right: 0px !important;padding-left: 0px !important;}\u00bb][\/vc_column_inner][vc_column_inner width=\u00bb1\/4&#8243; css=\u00bb.vc_custom_1513853716406{padding-top: 0px !important;padding-right: 0px !important;padding-bottom: 0px !important;padding-left: [&hellip;]\" \/>\n<meta property=\"og:url\" content=\"https:\/\/www.eoimalaga.com\/web\/\" \/>\n<meta property=\"og:site_name\" content=\"P\u00e1gina Oficial de la EOI de M\u00e1laga ::Los idiomas ponen el mundo a tus pies::\" \/>\n<meta property=\"article:modified_time\" content=\"2026-04-30T08:16:00+00:00\" \/>\n<meta property=\"og:image\" content=\"https:\/\/www.eoimalaga.com\/web\/wp-content\/uploads\/2023\/01\/Screen-Shot-2023-01-30-at-12.09.23-300x49.png\" \/>\n<meta name=\"twitter:card\" content=\"summary_large_image\" \/>\n<meta name=\"twitter:label1\" content=\"Tiempo de lectura\" \/>\n\t<meta name=\"twitter:data1\" content=\"5 minutos\" \/>\n<script type=\"application\/ld+json\" class=\"yoast-schema-graph\">{\"@context\":\"https:\/\/schema.org\",\"@graph\":[{\"@type\":\"WebPage\",\"@id\":\"https:\/\/www.eoimalaga.com\/web\/\",\"url\":\"https:\/\/www.eoimalaga.com\/web\/\",\"name\":\"- P\u00e1gina Oficial de la EOI de M\u00e1laga ::Los idiomas ponen el mundo a tus pies::\",\"isPartOf\":{\"@id\":\"https:\/\/www.eoimalaga.com\/web\/#website\"},\"primaryImageOfPage\":{\"@id\":\"https:\/\/www.eoimalaga.com\/web\/#primaryimage\"},\"image\":{\"@id\":\"https:\/\/www.eoimalaga.com\/web\/#primaryimage\"},\"thumbnailUrl\":\"https:\/\/www.eoimalaga.com\/web\/wp-content\/uploads\/2023\/01\/Screen-Shot-2023-01-30-at-12.09.23-300x49.png\",\"datePublished\":\"2017-04-04T21:55:11+00:00\",\"dateModified\":\"2026-04-30T08:16:00+00:00\",\"inLanguage\":\"es\",\"potentialAction\":[{\"@type\":\"ReadAction\",\"target\":[\"https:\/\/www.eoimalaga.com\/web\/\"]}]},{\"@type\":\"ImageObject\",\"inLanguage\":\"es\",\"@id\":\"https:\/\/www.eoimalaga.com\/web\/#primaryimage\",\"url\":\"https:\/\/www.eoimalaga.com\/web\/wp-content\/uploads\/2023\/01\/Screen-Shot-2023-01-30-at-12.09.23.png\",\"contentUrl\":\"https:\/\/www.eoimalaga.com\/web\/wp-content\/uploads\/2023\/01\/Screen-Shot-2023-01-30-at-12.09.23.png\",\"width\":582,\"height\":96},{\"@type\":\"WebSite\",\"@id\":\"https:\/\/www.eoimalaga.com\/web\/#website\",\"url\":\"https:\/\/www.eoimalaga.com\/web\/\",\"name\":\"P\u00e1gina Oficial de la EOI de M\u00e1laga ::Los idiomas ponen el mundo a tus pies::\",\"description\":\"EOI M\u00e1laga\",\"potentialAction\":[{\"@type\":\"SearchAction\",\"target\":{\"@type\":\"EntryPoint\",\"urlTemplate\":\"https:\/\/www.eoimalaga.com\/web\/?s={search_term_string}\"},\"query-input\":{\"@type\":\"PropertyValueSpecification\",\"valueRequired\":true,\"valueName\":\"search_term_string\"}}],\"inLanguage\":\"es\"}]}<\/script>\n<!-- \/ Yoast SEO plugin. -->","yoast_head_json":{"title":"- P\u00e1gina Oficial de la EOI de M\u00e1laga ::Los idiomas ponen el mundo a tus pies::","robots":{"index":"index","follow":"follow","max-snippet":"max-snippet:-1","max-image-preview":"max-image-preview:large","max-video-preview":"max-video-preview:-1"},"canonical":"https:\/\/www.eoimalaga.com\/web\/","og_locale":"es_ES","og_type":"article","og_title":"- P\u00e1gina Oficial de la EOI de M\u00e1laga ::Los idiomas ponen el mundo a tus pies::","og_description":"[vc_row full_width=\u00bbstretch_row_content\u00bb el_id=\u00bbrow_focus_title\u00bb el_class=\u00bbcustom_spacer_row\u00bb css=\u00bb.vc_custom_1591267400451{margin-top: 0px !important;margin-bottom: 0px !important;padding-top: 0px !important;padding-bottom: 0px !important;background-image: url(https:\/\/www.eoimalaga.com\/web\/wp-content\/uploads\/2016\/06\/eoi_bacground_home.png?id=4398) !important;}\u00bb][vc_column css=\u00bb.vc_custom_1481791680110{margin-top: 0px !important;margin-bottom: 0px !important;padding-top: 0px !important;padding-bottom: 0px !important;}\u00bb el_class=\u00bbnicdark_upper_level1&#8243;][vc_empty_space height=\u00bb200px\u00bb][vc_row_inner css=\u00bb.vc_custom_1518695723723{margin-top: 0px !important;margin-right: 0px !important;margin-bottom: 0px !important;margin-left: 0px !important;padding-top: 0px !important;padding-bottom: -50px !important;}\u00bb][vc_column_inner width=\u00bb1\/4&#8243; css=\u00bb.vc_custom_1598609949825{padding-top: 0px !important;padding-right: 0px !important;padding-left: 0px !important;}\u00bb][\/vc_column_inner][vc_column_inner width=\u00bb1\/4&#8243; css=\u00bb.vc_custom_1513853716406{padding-top: 0px !important;padding-right: 0px !important;padding-bottom: 0px !important;padding-left: [&hellip;]","og_url":"https:\/\/www.eoimalaga.com\/web\/","og_site_name":"P\u00e1gina Oficial de la EOI de M\u00e1laga ::Los idiomas ponen el mundo a tus pies::","article_modified_time":"2026-04-30T08:16:00+00:00","og_image":[{"url":"https:\/\/www.eoimalaga.com\/web\/wp-content\/uploads\/2023\/01\/Screen-Shot-2023-01-30-at-12.09.23-300x49.png","type":"","width":"","height":""}],"twitter_card":"summary_large_image","twitter_misc":{"Tiempo de lectura":"5 minutos"},"schema":{"@context":"https:\/\/schema.org","@graph":[{"@type":"WebPage","@id":"https:\/\/www.eoimalaga.com\/web\/","url":"https:\/\/www.eoimalaga.com\/web\/","name":"- P\u00e1gina Oficial de la EOI de M\u00e1laga ::Los idiomas ponen el mundo a tus pies::","isPartOf":{"@id":"https:\/\/www.eoimalaga.com\/web\/#website"},"primaryImageOfPage":{"@id":"https:\/\/www.eoimalaga.com\/web\/#primaryimage"},"image":{"@id":"https:\/\/www.eoimalaga.com\/web\/#primaryimage"},"thumbnailUrl":"https:\/\/www.eoimalaga.com\/web\/wp-content\/uploads\/2023\/01\/Screen-Shot-2023-01-30-at-12.09.23-300x49.png","datePublished":"2017-04-04T21:55:11+00:00","dateModified":"2026-04-30T08:16:00+00:00","inLanguage":"es","potentialAction":[{"@type":"ReadAction","target":["https:\/\/www.eoimalaga.com\/web\/"]}]},{"@type":"ImageObject","inLanguage":"es","@id":"https:\/\/www.eoimalaga.com\/web\/#primaryimage","url":"https:\/\/www.eoimalaga.com\/web\/wp-content\/uploads\/2023\/01\/Screen-Shot-2023-01-30-at-12.09.23.png","contentUrl":"https:\/\/www.eoimalaga.com\/web\/wp-content\/uploads\/2023\/01\/Screen-Shot-2023-01-30-at-12.09.23.png","width":582,"height":96},{"@type":"WebSite","@id":"https:\/\/www.eoimalaga.com\/web\/#website","url":"https:\/\/www.eoimalaga.com\/web\/","name":"P\u00e1gina Oficial de la EOI de M\u00e1laga ::Los idiomas ponen el mundo a tus pies::","description":"EOI M\u00e1laga","potentialAction":[{"@type":"SearchAction","target":{"@type":"EntryPoint","urlTemplate":"https:\/\/www.eoimalaga.com\/web\/?s={search_term_string}"},"query-input":{"@type":"PropertyValueSpecification","valueRequired":true,"valueName":"search_term_string"}}],"inLanguage":"es"}]}},"_links":{"self":[{"href":"https:\/\/www.eoimalaga.com\/web\/wp-json\/wp\/v2\/pages\/5111","targetHints":{"allow":["GET"]}}],"collection":[{"href":"https:\/\/www.eoimalaga.com\/web\/wp-json\/wp\/v2\/pages"}],"about":[{"href":"https:\/\/www.eoimalaga.com\/web\/wp-json\/wp\/v2\/types\/page"}],"author":[{"embeddable":true,"href":"https:\/\/www.eoimalaga.com\/web\/wp-json\/wp\/v2\/users\/11"}],"replies":[{"embeddable":true,"href":"https:\/\/www.eoimalaga.com\/web\/wp-json\/wp\/v2\/comments?post=5111"}],"version-history":[{"count":1709,"href":"https:\/\/www.eoimalaga.com\/web\/wp-json\/wp\/v2\/pages\/5111\/revisions"}],"predecessor-version":[{"id":23304,"href":"https:\/\/www.eoimalaga.com\/web\/wp-json\/wp\/v2\/pages\/5111\/revisions\/23304"}],"wp:attachment":[{"href":"https:\/\/www.eoimalaga.com\/web\/wp-json\/wp\/v2\/media?parent=5111"}],"wp:term":[{"taxonomy":"category","embeddable":true,"href":"https:\/\/www.eoimalaga.com\/web\/wp-json\/wp\/v2\/categories?post=5111"},{"taxonomy":"post_tag","embeddable":true,"href":"https:\/\/www.eoimalaga.com\/web\/wp-json\/wp\/v2\/tags?post=5111"}],"curies":[{"name":"wp","href":"https:\/\/api.w.org\/{rel}","templated":true}]}}