{"id":21478,"date":"2025-03-25T12:44:08","date_gmt":"2025-03-25T10:44:08","guid":{"rendered":"https:\/\/www.eoimalaga.com\/web\/?page_id=21478"},"modified":"2025-03-25T13:48:22","modified_gmt":"2025-03-25T11:48:22","slug":"te-comprendo-2","status":"publish","type":"page","link":"https:\/\/www.eoimalaga.com\/web\/te-comprendo-2\/","title":{"rendered":"TE COMPRENDO"},"content":{"rendered":"<div class=\"wpb-content-wrapper\"><p>[vc_row full_width=\u00bbstretch_row_content\u00bb el_id=\u00bbrow_focus_title\u00bb el_class=\u00bbcustom_spacer_row\u00bb css=\u00bb.vc_custom_1591267400451{margin-top: 0px !important;margin-bottom: 0px !important;padding-top: 0px !important;padding-bottom: 0px !important;background-image: url(https:\/\/www.eoimalaga.com\/web\/wp-content\/uploads\/2016\/06\/eoi_bacground_home.png?id=4398) !important;}\u00bb][vc_column css=\u00bb.vc_custom_1481791680110{margin-top: 0px !important;margin-bottom: 0px !important;padding-top: 0px !important;padding-bottom: 0px !important;}\u00bb el_class=\u00bbnicdark_upper_level1&#8243;][vc_empty_space height=\u00bb200px\u00bb]\n\n    <div class=\" nicdark_textevidence nicdark_bg_ nicdark_shadow center\">\n        <div class=\"nicdark_margin20\">\n            <h2 class=\"white subtitle\"><a target=\"\" href=\"\" class=\"white\"><\/a><\/h2>\n       <\/div>\n        <i class=\"nicdark_zoom  nicdark_iconbg left extrabig  nicdark_displaynone_ipadland nicdark_displaynone_ipadpotr\"><\/i>\n    <\/div>\n      \n   [\/vc_column][\/vc_row][vc_row][vc_column][vc_column_text css=\u00bb\u00bb]<\/p>\n<h1 style=\"text-align: center;\">Mural \u201cTE COMPRENDO\u201d, obra de George Kowzan<\/h1>\n<p>[\/vc_column_text][vc_column_text css=\u00bb\u00bb]<\/p>\n<p style=\"text-align: center;\">Fecha de realizaci\u00f3n: Mayo \u2013 Julio 2015.<br \/>\nInauguraci\u00f3n: 22 de diciembre de 2015<\/p>\n<p>[\/vc_column_text][vc_column_text css=\u00bb\u00bb]La EOI M\u00e1laga decide convocar durante el curso acad\u00e9mico 2014\/15 un concurso para elegir la mejor propuesta de mural para este centro. El gran muro que tienen delante, nos parec\u00eda el espacio id\u00f3neo para tal fin. Sin duda, la EOI M\u00e1laga, por su significado y larga historia, merec\u00eda una obra destinada a perdurar, mucho m\u00e1s all\u00e1 de un atractivo revestimiento o una decoraci\u00f3n ef\u00edmera sin m\u00e1s compromiso que el de embellecer este gran rect\u00e1ngulo de 14 metros de ancho y 5 metros de alto.<\/p>\n<p>George Kowzan, alumno de espa\u00f1ol para extranjeros en nuestra escuela hasta el curso 2014\/15 y artista brit\u00e1nico consagrado, nos convenci\u00f3 desde el primer instante con su proyecto. La condici\u00f3n que no deb\u00eda faltar en la propuesta de mural, fue el reflejo del car\u00e1cter pluriling\u00fce y las m\u00faltiples culturas que se cruzan en el ir y venir de nuestro alumnado que cada d\u00eda transita por los pasillos entre aulas que devuelven el particular eco de sus conversaciones; en ingl\u00e9s, franc\u00e9s y alem\u00e1n en unos casos, italiano, portugu\u00e9s y griego en otros, para completar el mosaico pol\u00edglota con el espa\u00f1ol, \u00e1rabe, ruso, chino y japon\u00e9s.<\/p>\n<p>George capt\u00f3 la idea con una propuesta rotunda y certera. El signo pict\u00f3rico no es otra cosa que la palabra escrita. Como si de un puntillista se tratara, que hubiera sustituido los puntos por letras, George propone representar con palabras cinco rostros diferentes a gran escala a lo ancho de todo el muro. Acordamos que la frase \u201cte comprendo\u201d encierra mejor que ninguna otra la idea de la doble comprensi\u00f3n: la del idioma y la de la cultura ajena. \u201cTe comprendo\u201d se repite ininterrumpidamente por todo el muro en los once idiomas de nuestro centro. Cada rostro representa una raza humana diferente y todos est\u00e1n hablando, comunicando.<\/p>\n<p>De forma magistral y jugando con once tonos del azul corporativo &#8211; uno por cada idioma \u2013 George, como si cada d\u00eda la marea le hubiera obsequiado con un azul diferente, ha ido construyendo tono a tono, pincelada a pincelada, letra a letra, palabra a palabra, idioma a idioma, rostro a rostro y con la sabidur\u00eda del claroscuro y el arte de la fotograf\u00eda, una obra de radiante modernidad. El efecto pixelado, gracias a las letras omnipresentes, confiere al mural un car\u00e1cter digital de innegable actualidad.<\/p>\n<p>George Kowzan ha visualizado con inteligencia y profundidad la misi\u00f3n fundamental de la ense\u00f1anza de idiomas: la comunicaci\u00f3n entre culturas. Y esa imagen plasmada en nuestras instalaciones se ha convertido ya en icono de la EOI M\u00e1laga.<\/p>\n<p>&nbsp;<\/p>\n<p>&nbsp;<\/p>\n<p>&#8211; <strong>Juan Vicente Vega Exp\u00f3sito<\/strong><br \/>\n<strong>Director de la Escuela Oficial de Idiomas de M\u00e1laga<\/strong>[\/vc_column_text][\/vc_column][\/vc_row]<\/p>\n<\/div>","protected":false},"excerpt":{"rendered":"<p>[vc_row full_width=\u00bbstretch_row_content\u00bb el_id=\u00bbrow_focus_title\u00bb el_class=\u00bbcustom_spacer_row\u00bb css=\u00bb.vc_custom_1591267400451{margin-top: 0px !important;margin-bottom: 0px !important;padding-top: 0px !important;padding-bottom: 0px !important;background-image: url(https:\/\/www.eoimalaga.com\/web\/wp-content\/uploads\/2016\/06\/eoi_bacground_home.png?id=4398) !important;}\u00bb][vc_column css=\u00bb.vc_custom_1481791680110{margin-top: 0px !important;margin-bottom: 0px !important;padding-top: 0px !important;padding-bottom: 0px !important;}\u00bb el_class=\u00bbnicdark_upper_level1&#8243;][vc_empty_space height=\u00bb200px\u00bb][\/vc_column][\/vc_row][vc_row][vc_column][vc_column_text css=\u00bb\u00bb] Mural \u201cTE COMPRENDO\u201d, obra de George Kowzan [\/vc_column_text][vc_column_text css=\u00bb\u00bb] Fecha de realizaci\u00f3n: Mayo \u2013 Julio 2015. Inauguraci\u00f3n: 22 de diciembre de 2015 [\/vc_column_text][vc_column_text css=\u00bb\u00bb]La EOI M\u00e1laga decide convocar [&hellip;]<\/p>\n","protected":false},"author":12,"featured_media":0,"parent":0,"menu_order":0,"comment_status":"closed","ping_status":"closed","template":"","meta":{"inline_featured_image":false,"footnotes":""},"categories":[],"tags":[],"class_list":["post-21478","page","type-page","status-publish","hentry"],"yoast_head":"<!-- This site is optimized with the Yoast SEO plugin v26.5 - https:\/\/yoast.com\/wordpress\/plugins\/seo\/ -->\n<title>TE COMPRENDO - P\u00e1gina Oficial de la EOI de M\u00e1laga ::Los idiomas ponen el mundo a tus pies::<\/title>\n<meta name=\"robots\" content=\"index, follow, max-snippet:-1, max-image-preview:large, max-video-preview:-1\" \/>\n<link rel=\"canonical\" href=\"https:\/\/www.eoimalaga.com\/web\/te-comprendo-2\/\" \/>\n<meta property=\"og:locale\" content=\"es_ES\" \/>\n<meta property=\"og:type\" content=\"article\" \/>\n<meta property=\"og:title\" content=\"TE COMPRENDO - P\u00e1gina Oficial de la EOI de M\u00e1laga ::Los idiomas ponen el mundo a tus pies::\" \/>\n<meta property=\"og:description\" content=\"[vc_row full_width=\u00bbstretch_row_content\u00bb el_id=\u00bbrow_focus_title\u00bb el_class=\u00bbcustom_spacer_row\u00bb css=\u00bb.vc_custom_1591267400451{margin-top: 0px !important;margin-bottom: 0px !important;padding-top: 0px !important;padding-bottom: 0px !important;background-image: url(https:\/\/www.eoimalaga.com\/web\/wp-content\/uploads\/2016\/06\/eoi_bacground_home.png?id=4398) !important;}\u00bb][vc_column css=\u00bb.vc_custom_1481791680110{margin-top: 0px !important;margin-bottom: 0px !important;padding-top: 0px !important;padding-bottom: 0px !important;}\u00bb el_class=\u00bbnicdark_upper_level1&#8243;][vc_empty_space height=\u00bb200px\u00bb][\/vc_column][\/vc_row][vc_row][vc_column][vc_column_text css=\u00bb\u00bb] Mural \u201cTE COMPRENDO\u201d, obra de George Kowzan [\/vc_column_text][vc_column_text css=\u00bb\u00bb] Fecha de realizaci\u00f3n: Mayo \u2013 Julio 2015. Inauguraci\u00f3n: 22 de diciembre de 2015 [\/vc_column_text][vc_column_text css=\u00bb\u00bb]La EOI M\u00e1laga decide convocar [&hellip;]\" \/>\n<meta property=\"og:url\" content=\"https:\/\/www.eoimalaga.com\/web\/te-comprendo-2\/\" \/>\n<meta property=\"og:site_name\" content=\"P\u00e1gina Oficial de la EOI de M\u00e1laga ::Los idiomas ponen el mundo a tus pies::\" \/>\n<meta property=\"article:modified_time\" content=\"2025-03-25T11:48:22+00:00\" \/>\n<meta name=\"twitter:card\" content=\"summary_large_image\" \/>\n<meta name=\"twitter:label1\" content=\"Tiempo de lectura\" \/>\n\t<meta name=\"twitter:data1\" content=\"3 minutos\" \/>\n<script type=\"application\/ld+json\" class=\"yoast-schema-graph\">{\"@context\":\"https:\/\/schema.org\",\"@graph\":[{\"@type\":\"WebPage\",\"@id\":\"https:\/\/www.eoimalaga.com\/web\/te-comprendo-2\/\",\"url\":\"https:\/\/www.eoimalaga.com\/web\/te-comprendo-2\/\",\"name\":\"TE COMPRENDO - P\u00e1gina Oficial de la EOI de M\u00e1laga ::Los idiomas ponen el mundo a tus pies::\",\"isPartOf\":{\"@id\":\"https:\/\/www.eoimalaga.com\/web\/#website\"},\"datePublished\":\"2025-03-25T10:44:08+00:00\",\"dateModified\":\"2025-03-25T11:48:22+00:00\",\"breadcrumb\":{\"@id\":\"https:\/\/www.eoimalaga.com\/web\/te-comprendo-2\/#breadcrumb\"},\"inLanguage\":\"es\",\"potentialAction\":[{\"@type\":\"ReadAction\",\"target\":[\"https:\/\/www.eoimalaga.com\/web\/te-comprendo-2\/\"]}]},{\"@type\":\"BreadcrumbList\",\"@id\":\"https:\/\/www.eoimalaga.com\/web\/te-comprendo-2\/#breadcrumb\",\"itemListElement\":[{\"@type\":\"ListItem\",\"position\":1,\"name\":\"Home\",\"item\":\"https:\/\/www.eoimalaga.com\/web\/\"},{\"@type\":\"ListItem\",\"position\":2,\"name\":\"TE COMPRENDO\"}]},{\"@type\":\"WebSite\",\"@id\":\"https:\/\/www.eoimalaga.com\/web\/#website\",\"url\":\"https:\/\/www.eoimalaga.com\/web\/\",\"name\":\"P\u00e1gina Oficial de la EOI de M\u00e1laga ::Los idiomas ponen el mundo a tus pies::\",\"description\":\"EOI M\u00e1laga\",\"potentialAction\":[{\"@type\":\"SearchAction\",\"target\":{\"@type\":\"EntryPoint\",\"urlTemplate\":\"https:\/\/www.eoimalaga.com\/web\/?s={search_term_string}\"},\"query-input\":{\"@type\":\"PropertyValueSpecification\",\"valueRequired\":true,\"valueName\":\"search_term_string\"}}],\"inLanguage\":\"es\"}]}<\/script>\n<!-- \/ Yoast SEO plugin. -->","yoast_head_json":{"title":"TE COMPRENDO - P\u00e1gina Oficial de la EOI de M\u00e1laga ::Los idiomas ponen el mundo a tus pies::","robots":{"index":"index","follow":"follow","max-snippet":"max-snippet:-1","max-image-preview":"max-image-preview:large","max-video-preview":"max-video-preview:-1"},"canonical":"https:\/\/www.eoimalaga.com\/web\/te-comprendo-2\/","og_locale":"es_ES","og_type":"article","og_title":"TE COMPRENDO - P\u00e1gina Oficial de la EOI de M\u00e1laga ::Los idiomas ponen el mundo a tus pies::","og_description":"[vc_row full_width=\u00bbstretch_row_content\u00bb el_id=\u00bbrow_focus_title\u00bb el_class=\u00bbcustom_spacer_row\u00bb css=\u00bb.vc_custom_1591267400451{margin-top: 0px !important;margin-bottom: 0px !important;padding-top: 0px !important;padding-bottom: 0px !important;background-image: url(https:\/\/www.eoimalaga.com\/web\/wp-content\/uploads\/2016\/06\/eoi_bacground_home.png?id=4398) !important;}\u00bb][vc_column css=\u00bb.vc_custom_1481791680110{margin-top: 0px !important;margin-bottom: 0px !important;padding-top: 0px !important;padding-bottom: 0px !important;}\u00bb el_class=\u00bbnicdark_upper_level1&#8243;][vc_empty_space height=\u00bb200px\u00bb][\/vc_column][\/vc_row][vc_row][vc_column][vc_column_text css=\u00bb\u00bb] Mural \u201cTE COMPRENDO\u201d, obra de George Kowzan [\/vc_column_text][vc_column_text css=\u00bb\u00bb] Fecha de realizaci\u00f3n: Mayo \u2013 Julio 2015. Inauguraci\u00f3n: 22 de diciembre de 2015 [\/vc_column_text][vc_column_text css=\u00bb\u00bb]La EOI M\u00e1laga decide convocar [&hellip;]","og_url":"https:\/\/www.eoimalaga.com\/web\/te-comprendo-2\/","og_site_name":"P\u00e1gina Oficial de la EOI de M\u00e1laga ::Los idiomas ponen el mundo a tus pies::","article_modified_time":"2025-03-25T11:48:22+00:00","twitter_card":"summary_large_image","twitter_misc":{"Tiempo de lectura":"3 minutos"},"schema":{"@context":"https:\/\/schema.org","@graph":[{"@type":"WebPage","@id":"https:\/\/www.eoimalaga.com\/web\/te-comprendo-2\/","url":"https:\/\/www.eoimalaga.com\/web\/te-comprendo-2\/","name":"TE COMPRENDO - P\u00e1gina Oficial de la EOI de M\u00e1laga ::Los idiomas ponen el mundo a tus pies::","isPartOf":{"@id":"https:\/\/www.eoimalaga.com\/web\/#website"},"datePublished":"2025-03-25T10:44:08+00:00","dateModified":"2025-03-25T11:48:22+00:00","breadcrumb":{"@id":"https:\/\/www.eoimalaga.com\/web\/te-comprendo-2\/#breadcrumb"},"inLanguage":"es","potentialAction":[{"@type":"ReadAction","target":["https:\/\/www.eoimalaga.com\/web\/te-comprendo-2\/"]}]},{"@type":"BreadcrumbList","@id":"https:\/\/www.eoimalaga.com\/web\/te-comprendo-2\/#breadcrumb","itemListElement":[{"@type":"ListItem","position":1,"name":"Home","item":"https:\/\/www.eoimalaga.com\/web\/"},{"@type":"ListItem","position":2,"name":"TE COMPRENDO"}]},{"@type":"WebSite","@id":"https:\/\/www.eoimalaga.com\/web\/#website","url":"https:\/\/www.eoimalaga.com\/web\/","name":"P\u00e1gina Oficial de la EOI de M\u00e1laga ::Los idiomas ponen el mundo a tus pies::","description":"EOI M\u00e1laga","potentialAction":[{"@type":"SearchAction","target":{"@type":"EntryPoint","urlTemplate":"https:\/\/www.eoimalaga.com\/web\/?s={search_term_string}"},"query-input":{"@type":"PropertyValueSpecification","valueRequired":true,"valueName":"search_term_string"}}],"inLanguage":"es"}]}},"_links":{"self":[{"href":"https:\/\/www.eoimalaga.com\/web\/wp-json\/wp\/v2\/pages\/21478","targetHints":{"allow":["GET"]}}],"collection":[{"href":"https:\/\/www.eoimalaga.com\/web\/wp-json\/wp\/v2\/pages"}],"about":[{"href":"https:\/\/www.eoimalaga.com\/web\/wp-json\/wp\/v2\/types\/page"}],"author":[{"embeddable":true,"href":"https:\/\/www.eoimalaga.com\/web\/wp-json\/wp\/v2\/users\/12"}],"replies":[{"embeddable":true,"href":"https:\/\/www.eoimalaga.com\/web\/wp-json\/wp\/v2\/comments?post=21478"}],"version-history":[{"count":12,"href":"https:\/\/www.eoimalaga.com\/web\/wp-json\/wp\/v2\/pages\/21478\/revisions"}],"predecessor-version":[{"id":21494,"href":"https:\/\/www.eoimalaga.com\/web\/wp-json\/wp\/v2\/pages\/21478\/revisions\/21494"}],"wp:attachment":[{"href":"https:\/\/www.eoimalaga.com\/web\/wp-json\/wp\/v2\/media?parent=21478"}],"wp:term":[{"taxonomy":"category","embeddable":true,"href":"https:\/\/www.eoimalaga.com\/web\/wp-json\/wp\/v2\/categories?post=21478"},{"taxonomy":"post_tag","embeddable":true,"href":"https:\/\/www.eoimalaga.com\/web\/wp-json\/wp\/v2\/tags?post=21478"}],"curies":[{"name":"wp","href":"https:\/\/api.w.org\/{rel}","templated":true}]}}