{"id":18054,"date":"2024-02-01T19:42:21","date_gmt":"2024-02-01T17:42:21","guid":{"rendered":"https:\/\/www.eoimalaga.com\/web\/?page_id=18054"},"modified":"2025-01-17T12:53:42","modified_gmt":"2025-01-17T10:53:42","slug":"programa-cima","status":"publish","type":"page","link":"https:\/\/www.eoimalaga.com\/web\/programa-cima\/","title":{"rendered":"PROGRAMA CIMA"},"content":{"rendered":"<div class=\"wpb-content-wrapper\"><p>[vc_row][vc_column][\/vc_column][\/vc_row][vc_row][vc_column][vc_column_text]<img loading=\"lazy\" decoding=\"async\" class=\"wp-image-18056 aligncenter\" src=\"https:\/\/www.eoimalaga.com\/web\/wp-content\/uploads\/2024\/01\/Logo-CIMA_max-calidad-1024x476.png\" alt=\"\" width=\"381\" height=\"177\" srcset=\"https:\/\/www.eoimalaga.com\/web\/wp-content\/uploads\/2024\/01\/Logo-CIMA_max-calidad-1024x476.png 1024w, https:\/\/www.eoimalaga.com\/web\/wp-content\/uploads\/2024\/01\/Logo-CIMA_max-calidad-300x139.png 300w, https:\/\/www.eoimalaga.com\/web\/wp-content\/uploads\/2024\/01\/Logo-CIMA_max-calidad-768x357.png 768w, https:\/\/www.eoimalaga.com\/web\/wp-content\/uploads\/2024\/01\/Logo-CIMA_max-calidad-1536x713.png 1536w, https:\/\/www.eoimalaga.com\/web\/wp-content\/uploads\/2024\/01\/Logo-CIMA_max-calidad.png 1744w\" sizes=\"auto, (max-width: 381px) 100vw, 381px\" \/>[\/vc_column_text][\/vc_column][\/vc_row][vc_row][vc_column][vc_empty_space][\/vc_column][\/vc_row][vc_row][vc_column][vc_row_inner equal_height=\u00bbyes\u00bb content_placement=\u00bbmiddle\u00bb gap=\u00bb10&#8243;][vc_column_inner width=\u00bb1\/2&#8243; css=\u00bb.vc_custom_1643113110584{background-color: #f7f7f7 !important;}\u00bb][vc_column_text]<\/p>\n<h1><\/h1>\n<h1 style=\"text-align: center;\">Arte y Cultura<\/h1>\n<p>[\/vc_column_text][vc_icon icon_fontawesome=\u00bbfas fa-info-circle\u00bb color=\u00bbsandy_brown\u00bb size=\u00bblg\u00bb align=\u00bbcenter\u00bb css_animation=\u00bbfadeIn\u00bb link=\u00bburl:https%3A%2F%2Fwww.eoimalaga.com%2Fweb%2Fprograma-cima-arte%2F||target:%20_blank|\u00bb][\/vc_column_inner][vc_column_inner width=\u00bb1\/2&#8243; css=\u00bb.vc_custom_1643113006457{background-color: #f7f7f7 !important;}\u00bb][vc_column_text css=\u00bb.vc_custom_1706272203049{background-color: #f7f7f7 !important;}\u00bb]<\/p>\n<h1><\/h1>\n<h1 style=\"text-align: center;\">Comunicaci\u00f3n<\/h1>\n<p>[\/vc_column_text][vc_icon icon_fontawesome=\u00bbfas fa-info-circle\u00bb color=\u00bbsandy_brown\u00bb size=\u00bblg\u00bb align=\u00bbcenter\u00bb css_animation=\u00bbfadeIn\u00bb link=\u00bburl:https%3A%2F%2Fwww.eoimalaga.com%2Fweb%2Fprograma-cima-comunicacion%2F||target:%20_blank|\u00bb][\/vc_column_inner][\/vc_row_inner][\/vc_column][\/vc_row]<\/p>\n<\/div>","protected":false},"excerpt":{"rendered":"<p>[vc_row][vc_column][\/vc_column][\/vc_row][vc_row][vc_column][vc_column_text][\/vc_column_text][\/vc_column][\/vc_row][vc_row][vc_column][vc_empty_space][\/vc_column][\/vc_row][vc_row][vc_column][vc_row_inner equal_height=\u00bbyes\u00bb content_placement=\u00bbmiddle\u00bb gap=\u00bb10&#8243;][vc_column_inner width=\u00bb1\/2&#8243; css=\u00bb.vc_custom_1643113110584{background-color: #f7f7f7 !important;}\u00bb][vc_column_text] Arte y Cultura [\/vc_column_text][vc_icon icon_fontawesome=\u00bbfas fa-info-circle\u00bb color=\u00bbsandy_brown\u00bb size=\u00bblg\u00bb align=\u00bbcenter\u00bb css_animation=\u00bbfadeIn\u00bb link=\u00bburl:https%3A%2F%2Fwww.eoimalaga.com%2Fweb%2Fprograma-cima-arte%2F||target:%20_blank|\u00bb][\/vc_column_inner][vc_column_inner width=\u00bb1\/2&#8243; css=\u00bb.vc_custom_1643113006457{background-color: #f7f7f7 !important;}\u00bb][vc_column_text css=\u00bb.vc_custom_1706272203049{background-color: #f7f7f7 !important;}\u00bb] Comunicaci\u00f3n [\/vc_column_text][vc_icon icon_fontawesome=\u00bbfas fa-info-circle\u00bb color=\u00bbsandy_brown\u00bb size=\u00bblg\u00bb align=\u00bbcenter\u00bb css_animation=\u00bbfadeIn\u00bb link=\u00bburl:https%3A%2F%2Fwww.eoimalaga.com%2Fweb%2Fprograma-cima-comunicacion%2F||target:%20_blank|\u00bb][\/vc_column_inner][\/vc_row_inner][\/vc_column][\/vc_row]<\/p>\n","protected":false},"author":12,"featured_media":0,"parent":0,"menu_order":0,"comment_status":"closed","ping_status":"closed","template":"","meta":{"inline_featured_image":false,"footnotes":""},"categories":[95],"tags":[],"class_list":["post-18054","page","type-page","status-publish","hentry","category-cima"],"yoast_head":"<!-- This site is optimized with the Yoast SEO plugin v26.5 - https:\/\/yoast.com\/wordpress\/plugins\/seo\/ -->\n<title>PROGRAMA CIMA - P\u00e1gina Oficial de la EOI de M\u00e1laga ::Los idiomas ponen el mundo a tus pies::<\/title>\n<meta name=\"robots\" content=\"index, follow, max-snippet:-1, max-image-preview:large, max-video-preview:-1\" \/>\n<link rel=\"canonical\" href=\"https:\/\/www.eoimalaga.com\/web\/programa-cima\/\" \/>\n<meta property=\"og:locale\" content=\"es_ES\" \/>\n<meta property=\"og:type\" content=\"article\" \/>\n<meta property=\"og:title\" content=\"PROGRAMA CIMA - P\u00e1gina Oficial de la EOI de M\u00e1laga ::Los idiomas ponen el mundo a tus pies::\" \/>\n<meta property=\"og:description\" content=\"[vc_row][vc_column][\/vc_column][\/vc_row][vc_row][vc_column][vc_column_text][\/vc_column_text][\/vc_column][\/vc_row][vc_row][vc_column][vc_empty_space][\/vc_column][\/vc_row][vc_row][vc_column][vc_row_inner equal_height=\u00bbyes\u00bb content_placement=\u00bbmiddle\u00bb gap=\u00bb10&#8243;][vc_column_inner width=\u00bb1\/2&#8243; css=\u00bb.vc_custom_1643113110584{background-color: #f7f7f7 !important;}\u00bb][vc_column_text] Arte y Cultura [\/vc_column_text][vc_icon icon_fontawesome=\u00bbfas fa-info-circle\u00bb color=\u00bbsandy_brown\u00bb size=\u00bblg\u00bb align=\u00bbcenter\u00bb css_animation=\u00bbfadeIn\u00bb link=\u00bburl:https%3A%2F%2Fwww.eoimalaga.com%2Fweb%2Fprograma-cima-arte%2F||target:%20_blank|\u00bb][\/vc_column_inner][vc_column_inner width=\u00bb1\/2&#8243; css=\u00bb.vc_custom_1643113006457{background-color: #f7f7f7 !important;}\u00bb][vc_column_text css=\u00bb.vc_custom_1706272203049{background-color: #f7f7f7 !important;}\u00bb] Comunicaci\u00f3n [\/vc_column_text][vc_icon icon_fontawesome=\u00bbfas fa-info-circle\u00bb color=\u00bbsandy_brown\u00bb size=\u00bblg\u00bb align=\u00bbcenter\u00bb css_animation=\u00bbfadeIn\u00bb link=\u00bburl:https%3A%2F%2Fwww.eoimalaga.com%2Fweb%2Fprograma-cima-comunicacion%2F||target:%20_blank|\u00bb][\/vc_column_inner][\/vc_row_inner][\/vc_column][\/vc_row]\" \/>\n<meta property=\"og:url\" content=\"https:\/\/www.eoimalaga.com\/web\/programa-cima\/\" \/>\n<meta property=\"og:site_name\" content=\"P\u00e1gina Oficial de la EOI de M\u00e1laga ::Los idiomas ponen el mundo a tus pies::\" \/>\n<meta property=\"article:modified_time\" content=\"2025-01-17T10:53:42+00:00\" \/>\n<meta property=\"og:image\" content=\"https:\/\/www.eoimalaga.com\/web\/wp-content\/uploads\/2024\/01\/Logo-CIMA_max-calidad.png\" \/>\n\t<meta property=\"og:image:width\" content=\"1744\" \/>\n\t<meta property=\"og:image:height\" content=\"810\" \/>\n\t<meta property=\"og:image:type\" content=\"image\/png\" \/>\n<meta name=\"twitter:card\" content=\"summary_large_image\" \/>\n<meta name=\"twitter:label1\" content=\"Tiempo de lectura\" \/>\n\t<meta name=\"twitter:data1\" content=\"1 minuto\" \/>\n<script type=\"application\/ld+json\" class=\"yoast-schema-graph\">{\"@context\":\"https:\/\/schema.org\",\"@graph\":[{\"@type\":\"WebPage\",\"@id\":\"https:\/\/www.eoimalaga.com\/web\/programa-cima\/\",\"url\":\"https:\/\/www.eoimalaga.com\/web\/programa-cima\/\",\"name\":\"PROGRAMA CIMA - P\u00e1gina Oficial de la EOI de M\u00e1laga ::Los idiomas ponen el mundo a tus pies::\",\"isPartOf\":{\"@id\":\"https:\/\/www.eoimalaga.com\/web\/#website\"},\"primaryImageOfPage\":{\"@id\":\"https:\/\/www.eoimalaga.com\/web\/programa-cima\/#primaryimage\"},\"image\":{\"@id\":\"https:\/\/www.eoimalaga.com\/web\/programa-cima\/#primaryimage\"},\"thumbnailUrl\":\"https:\/\/www.eoimalaga.com\/web\/wp-content\/uploads\/2024\/01\/Logo-CIMA_max-calidad-1024x476.png\",\"datePublished\":\"2024-02-01T17:42:21+00:00\",\"dateModified\":\"2025-01-17T10:53:42+00:00\",\"breadcrumb\":{\"@id\":\"https:\/\/www.eoimalaga.com\/web\/programa-cima\/#breadcrumb\"},\"inLanguage\":\"es\",\"potentialAction\":[{\"@type\":\"ReadAction\",\"target\":[\"https:\/\/www.eoimalaga.com\/web\/programa-cima\/\"]}]},{\"@type\":\"ImageObject\",\"inLanguage\":\"es\",\"@id\":\"https:\/\/www.eoimalaga.com\/web\/programa-cima\/#primaryimage\",\"url\":\"https:\/\/www.eoimalaga.com\/web\/wp-content\/uploads\/2024\/01\/Logo-CIMA_max-calidad.png\",\"contentUrl\":\"https:\/\/www.eoimalaga.com\/web\/wp-content\/uploads\/2024\/01\/Logo-CIMA_max-calidad.png\",\"width\":1744,\"height\":810},{\"@type\":\"BreadcrumbList\",\"@id\":\"https:\/\/www.eoimalaga.com\/web\/programa-cima\/#breadcrumb\",\"itemListElement\":[{\"@type\":\"ListItem\",\"position\":1,\"name\":\"Home\",\"item\":\"https:\/\/www.eoimalaga.com\/web\/\"},{\"@type\":\"ListItem\",\"position\":2,\"name\":\"PROGRAMA CIMA\"}]},{\"@type\":\"WebSite\",\"@id\":\"https:\/\/www.eoimalaga.com\/web\/#website\",\"url\":\"https:\/\/www.eoimalaga.com\/web\/\",\"name\":\"P\u00e1gina Oficial de la EOI de M\u00e1laga ::Los idiomas ponen el mundo a tus pies::\",\"description\":\"EOI M\u00e1laga\",\"potentialAction\":[{\"@type\":\"SearchAction\",\"target\":{\"@type\":\"EntryPoint\",\"urlTemplate\":\"https:\/\/www.eoimalaga.com\/web\/?s={search_term_string}\"},\"query-input\":{\"@type\":\"PropertyValueSpecification\",\"valueRequired\":true,\"valueName\":\"search_term_string\"}}],\"inLanguage\":\"es\"}]}<\/script>\n<!-- \/ Yoast SEO plugin. -->","yoast_head_json":{"title":"PROGRAMA CIMA - P\u00e1gina Oficial de la EOI de M\u00e1laga ::Los idiomas ponen el mundo a tus pies::","robots":{"index":"index","follow":"follow","max-snippet":"max-snippet:-1","max-image-preview":"max-image-preview:large","max-video-preview":"max-video-preview:-1"},"canonical":"https:\/\/www.eoimalaga.com\/web\/programa-cima\/","og_locale":"es_ES","og_type":"article","og_title":"PROGRAMA CIMA - P\u00e1gina Oficial de la EOI de M\u00e1laga ::Los idiomas ponen el mundo a tus pies::","og_description":"[vc_row][vc_column][\/vc_column][\/vc_row][vc_row][vc_column][vc_column_text][\/vc_column_text][\/vc_column][\/vc_row][vc_row][vc_column][vc_empty_space][\/vc_column][\/vc_row][vc_row][vc_column][vc_row_inner equal_height=\u00bbyes\u00bb content_placement=\u00bbmiddle\u00bb gap=\u00bb10&#8243;][vc_column_inner width=\u00bb1\/2&#8243; css=\u00bb.vc_custom_1643113110584{background-color: #f7f7f7 !important;}\u00bb][vc_column_text] Arte y Cultura [\/vc_column_text][vc_icon icon_fontawesome=\u00bbfas fa-info-circle\u00bb color=\u00bbsandy_brown\u00bb size=\u00bblg\u00bb align=\u00bbcenter\u00bb css_animation=\u00bbfadeIn\u00bb link=\u00bburl:https%3A%2F%2Fwww.eoimalaga.com%2Fweb%2Fprograma-cima-arte%2F||target:%20_blank|\u00bb][\/vc_column_inner][vc_column_inner width=\u00bb1\/2&#8243; css=\u00bb.vc_custom_1643113006457{background-color: #f7f7f7 !important;}\u00bb][vc_column_text css=\u00bb.vc_custom_1706272203049{background-color: #f7f7f7 !important;}\u00bb] Comunicaci\u00f3n [\/vc_column_text][vc_icon icon_fontawesome=\u00bbfas fa-info-circle\u00bb color=\u00bbsandy_brown\u00bb size=\u00bblg\u00bb align=\u00bbcenter\u00bb css_animation=\u00bbfadeIn\u00bb link=\u00bburl:https%3A%2F%2Fwww.eoimalaga.com%2Fweb%2Fprograma-cima-comunicacion%2F||target:%20_blank|\u00bb][\/vc_column_inner][\/vc_row_inner][\/vc_column][\/vc_row]","og_url":"https:\/\/www.eoimalaga.com\/web\/programa-cima\/","og_site_name":"P\u00e1gina Oficial de la EOI de M\u00e1laga ::Los idiomas ponen el mundo a tus pies::","article_modified_time":"2025-01-17T10:53:42+00:00","og_image":[{"width":1744,"height":810,"url":"https:\/\/www.eoimalaga.com\/web\/wp-content\/uploads\/2024\/01\/Logo-CIMA_max-calidad.png","type":"image\/png"}],"twitter_card":"summary_large_image","twitter_misc":{"Tiempo de lectura":"1 minuto"},"schema":{"@context":"https:\/\/schema.org","@graph":[{"@type":"WebPage","@id":"https:\/\/www.eoimalaga.com\/web\/programa-cima\/","url":"https:\/\/www.eoimalaga.com\/web\/programa-cima\/","name":"PROGRAMA CIMA - P\u00e1gina Oficial de la EOI de M\u00e1laga ::Los idiomas ponen el mundo a tus pies::","isPartOf":{"@id":"https:\/\/www.eoimalaga.com\/web\/#website"},"primaryImageOfPage":{"@id":"https:\/\/www.eoimalaga.com\/web\/programa-cima\/#primaryimage"},"image":{"@id":"https:\/\/www.eoimalaga.com\/web\/programa-cima\/#primaryimage"},"thumbnailUrl":"https:\/\/www.eoimalaga.com\/web\/wp-content\/uploads\/2024\/01\/Logo-CIMA_max-calidad-1024x476.png","datePublished":"2024-02-01T17:42:21+00:00","dateModified":"2025-01-17T10:53:42+00:00","breadcrumb":{"@id":"https:\/\/www.eoimalaga.com\/web\/programa-cima\/#breadcrumb"},"inLanguage":"es","potentialAction":[{"@type":"ReadAction","target":["https:\/\/www.eoimalaga.com\/web\/programa-cima\/"]}]},{"@type":"ImageObject","inLanguage":"es","@id":"https:\/\/www.eoimalaga.com\/web\/programa-cima\/#primaryimage","url":"https:\/\/www.eoimalaga.com\/web\/wp-content\/uploads\/2024\/01\/Logo-CIMA_max-calidad.png","contentUrl":"https:\/\/www.eoimalaga.com\/web\/wp-content\/uploads\/2024\/01\/Logo-CIMA_max-calidad.png","width":1744,"height":810},{"@type":"BreadcrumbList","@id":"https:\/\/www.eoimalaga.com\/web\/programa-cima\/#breadcrumb","itemListElement":[{"@type":"ListItem","position":1,"name":"Home","item":"https:\/\/www.eoimalaga.com\/web\/"},{"@type":"ListItem","position":2,"name":"PROGRAMA CIMA"}]},{"@type":"WebSite","@id":"https:\/\/www.eoimalaga.com\/web\/#website","url":"https:\/\/www.eoimalaga.com\/web\/","name":"P\u00e1gina Oficial de la EOI de M\u00e1laga ::Los idiomas ponen el mundo a tus pies::","description":"EOI M\u00e1laga","potentialAction":[{"@type":"SearchAction","target":{"@type":"EntryPoint","urlTemplate":"https:\/\/www.eoimalaga.com\/web\/?s={search_term_string}"},"query-input":{"@type":"PropertyValueSpecification","valueRequired":true,"valueName":"search_term_string"}}],"inLanguage":"es"}]}},"_links":{"self":[{"href":"https:\/\/www.eoimalaga.com\/web\/wp-json\/wp\/v2\/pages\/18054","targetHints":{"allow":["GET"]}}],"collection":[{"href":"https:\/\/www.eoimalaga.com\/web\/wp-json\/wp\/v2\/pages"}],"about":[{"href":"https:\/\/www.eoimalaga.com\/web\/wp-json\/wp\/v2\/types\/page"}],"author":[{"embeddable":true,"href":"https:\/\/www.eoimalaga.com\/web\/wp-json\/wp\/v2\/users\/12"}],"replies":[{"embeddable":true,"href":"https:\/\/www.eoimalaga.com\/web\/wp-json\/wp\/v2\/comments?post=18054"}],"version-history":[{"count":20,"href":"https:\/\/www.eoimalaga.com\/web\/wp-json\/wp\/v2\/pages\/18054\/revisions"}],"predecessor-version":[{"id":20477,"href":"https:\/\/www.eoimalaga.com\/web\/wp-json\/wp\/v2\/pages\/18054\/revisions\/20477"}],"wp:attachment":[{"href":"https:\/\/www.eoimalaga.com\/web\/wp-json\/wp\/v2\/media?parent=18054"}],"wp:term":[{"taxonomy":"category","embeddable":true,"href":"https:\/\/www.eoimalaga.com\/web\/wp-json\/wp\/v2\/categories?post=18054"},{"taxonomy":"post_tag","embeddable":true,"href":"https:\/\/www.eoimalaga.com\/web\/wp-json\/wp\/v2\/tags?post=18054"}],"curies":[{"name":"wp","href":"https:\/\/api.w.org\/{rel}","templated":true}]}}