{"id":14147,"date":"2022-01-25T15:14:33","date_gmt":"2022-01-25T13:14:33","guid":{"rendered":"https:\/\/www.eoimalaga.com\/web\/?page_id=14147"},"modified":"2023-06-01T12:11:10","modified_gmt":"2023-06-01T10:11:10","slug":"b2_vivir","status":"publish","type":"page","link":"https:\/\/www.eoimalaga.com\/web\/b2_vivir\/","title":{"rendered":"B2_VIVIR"},"content":{"rendered":"<div class=\"wpb-content-wrapper\"><p>[vc_row][vc_column][vc_single_image image=\u00bb14091&#8243; img_size=\u00bbfull\u00bb alignment=\u00bbcenter\u00bb][\/vc_column][\/vc_row][vc_row][vc_column][vc_column_text]<\/p>\n<h1 style=\"text-align: center\"><span style=\"font-size: 36pt\">B2<\/span><\/h1>\n<p>[\/vc_column_text][vc_column_text]<\/p>\n<h2>Curso 2021\/2022<\/h2>\n<p>[\/vc_column_text][vc_column_text]<\/p>\n<h3>Descubrimiento de obras arquitect\u00f3nicas<\/h3>\n<p><span style=\"font-weight: 400\">El alumnado de B2 de franc\u00e9s del grupo de tarde elige una obra (arquitect\u00f3nica o art\u00edstica) que se encuentre en M\u00e1laga y hace una presentaci\u00f3n en clase durante el mes de Noviembre de 2021<\/span><\/p>\n<p>Patricia Jim\u00e9nez profesora tutora<\/p>\n<p><a href=\"https:\/\/drive.google.com\/drive\/u\/1\/folders\/1k6w1aiZ1beL0ktWwtoIX_LNbSyL2Q7Xs\">https:\/\/drive.google.com\/drive\/u\/1\/folders\/1k6w1aiZ1beL0ktWwtoIX_LNbSyL2Q7Xs<\/a>[\/vc_column_text][vc_column_text]<\/p>\n<h3>Visita al museo del vidrio y cristal de M\u00e1laga<\/h3>\n<p><span style=\"font-weight: 400\">Visita guiada en ingl\u00e9s, con explicaci\u00f3n de la colecci\u00f3n de objetos de vidrio y cristal, cuadros, mobiliario, y espacio donde se ubica la colecci\u00f3n.\u00a0<\/span><\/p>\n<p><span style=\"font-weight: 400\">Sigue una actividad de mediaci\u00f3n escrita, consistente en transmitir en ingl\u00e9s la informaci\u00f3n relativa a un aspecto de la visita que les haya llamado la atenci\u00f3n.\u00a0<\/span><\/p>\n<p>Gregorio L\u00f3pez tutor y profesor<\/p>\n<p>&nbsp;<\/p>\n<p><a href=\"https:\/\/drive.google.com\/drive\/u\/1\/folders\/1TjlOyIcS1lphozGdIqniV3zbjbkhXJub\">https:\/\/drive.google.com\/drive\/u\/1\/folders\/1TjlOyIcS1lphozGdIqniV3zbjbkhXJub<\/a>[\/vc_column_text][vc_column_text]<\/p>\n<h2>Curso 2022\/2023<\/h2>\n<p>[\/vc_column_text][vc_column_text]<\/p>\n<h3>Visita al Museo de la Aviaci\u00f3n de M\u00e1laga<\/h3>\n<p><span style=\"font-weight: 400\">El 21 de febrero un grupo de alumnos de nivel B2 realiz\u00f3 una visita guiada con la auxiliar de franc\u00e9s al museo de la aviaci\u00f3n y realizaron una actividad de mediaci\u00f3n oral en clase donde explicaron a los compa\u00f1eros lo que aprendieron durante su visita.\u00a0<\/span><\/p>\n<p>&nbsp;<\/p>\n<p>Pinche <a href=\"https:\/\/drive.google.com\/drive\/folders\/1VyKBgbTDJEmMDYgK8pfTbrCFvsp_wvpV\">aqu\u00ed<\/a> para ver las im\u00e1genes.<\/p>\n<p>&nbsp;<\/p>\n<p>Roc\u00edo Vigara profesora y tutora<\/p>\n<p>[\/vc_column_text][vc_column_text]<\/p>\n<h3>Biograf\u00eda de personajes c\u00e9lebres de M\u00e1laga y provincia<\/h3>\n<p><span style=\"font-weight: 400\">Durante la Semana Blanca los alumnos de nivel B2 realizaron una presentaci\u00f3n de personajes c\u00e9lebres de M\u00e1laga, donde utilizaron el l\u00e9xico del arte y de la apreciaci\u00f3n.\u00a0<\/span><\/p>\n<p>&nbsp;<\/p>\n<p>Pinche <a href=\"https:\/\/drive.google.com\/drive\/folders\/1_y7MCOKurSIQAGv5IKidD4IuWaH0Ylp3\">aqu\u00ed<\/a> para ver los trabajos.<\/p>\n<p>&nbsp;<\/p>\n<p>Roc\u00edo Vigara profesora y tutora[\/vc_column_text][vc_column_text]<\/p>\n<h3>Biograf\u00eda de personajes c\u00e9lebres de M\u00e1laga y provincia y tour de la ciudad<\/h3>\n<p><span style=\"font-weight: 400\">Durante el 2\u00ba cuatrimestre, el alumnado de nivel B2 de ingl\u00e9s (IN5SAMM1930A) realiz\u00f3 diversas presentaciones sobre personajes c\u00e9lebres de Andaluc\u00eda y nos llevaron por un tour por lugares ic\u00f3nicos y m\u00e1s relevantes de la ciudad de M\u00e1laga.<\/span><\/p>\n<p>&nbsp;<\/p>\n<p>Pinche <a href=\"https:\/\/drive.google.com\/drive\/folders\/1KVHxQ8x8tiLBetKhcD2joX8zmjjIz9Dg\">aqu\u00ed<\/a> para ver los trabajos.<\/p>\n<p>&nbsp;<\/p>\n<p>Marisa Espinar, profesora y tutora[\/vc_column_text][vc_column_text]<\/p>\n<h3>Informe sobre la ciudad de M\u00e1laga<\/h3>\n<p><span style=\"font-weight: 400\">Desde el 15 al 31 de marzo de 2023 el alumnado de nivel B2 de ingl\u00e9s (IN5SAMM1930A) realiz\u00f3 una tarea de producci\u00f3n escrita, un informe sobre la ciudad de M\u00e1laga, incluyendo vocabulario y estructuras propias del nivel. <\/span><\/p>\n<p>&nbsp;<\/p>\n<p>Pinche <a href=\"https:\/\/drive.google.com\/drive\/folders\/1uqor7ZkpoYpUTJ2dDIMjx-g5HcSl5jfA\">aqu\u00ed<\/a> para ver los trabajos.<\/p>\n<p>&nbsp;<\/p>\n<p>Marisa Espinar, profesora y tutora[\/vc_column_text][vc_column_text]<\/p>\n<h3>Kahoot sobre M\u00e1laga y Andaluc\u00eda<\/h3>\n<p><span style=\"font-weight: 400\">Desde el 15 al 31 de marzo de 2023 el alumnado de nivel B2 de ingl\u00e9s (IN5SAMM1930A) <\/span><span style=\"font-weight: 400\">particip\u00f3 en diversos Kahoot sobre aspectos de cultura general sobre M\u00e1laga y de Andaluc\u00eda.<\/span><\/p>\n<p>&nbsp;<\/p>\n<p><span style=\"font-weight: 400\">Andaluc\u00eda Quiz:<\/span><\/p>\n<p><a href=\"https:\/\/create.kahoot.it\/details\/dfee194f-6b63-4f8f-8f3f-7b8b8d0ebe68\" target=\"_blank\" rel=\"noopener noreferrer\"><span style=\"font-weight: 400\">https:\/\/create.kahoot.it\/details\/dfee194f-6b63-4f8f-8f3f-7b8b8d0ebe68<\/span><\/a><\/p>\n<p>&nbsp;<\/p>\n<p><span style=\"font-weight: 400\">M\u00e1laga quiz:<\/span><\/p>\n<p><a href=\"https:\/\/create.kahoot.it\/details\/9d5852a1-ea0a-4da0-994a-f8393a8acf5c\" target=\"_blank\" rel=\"noopener noreferrer\"><span style=\"font-weight: 400\">https:\/\/create.kahoot.it\/details\/9d5852a1-ea0a-4da0-994a-f8393a8acf5c<\/span><\/a><\/p>\n<p>&nbsp;<\/p>\n<p>Marisa Espinar, profesora y tutora[\/vc_column_text][vc_column_text]<\/p>\n<h3>Visita al Museo Pompidou<\/h3>\n<p><span style=\"font-weight: 400\">El d\u00eda 29 de mayo el grupo monogr\u00e1fico de cultura francesa de B2 realiz\u00f3 una visita a la<\/span><span style=\"font-weight: 400\"> exposici\u00f3n semi-temporal \u201cUn tiempo propio\u201d. Se realizaron equipos <\/span><span style=\"font-weight: 400\">de 2 o 3 alumnos donde deb\u00edan buscar<\/span><span style=\"font-weight: 400\"> las obras que m\u00e1s inquietud les inspiraban y explicar porqu\u00e9 o buscar <\/span><span style=\"font-weight: 400\">las obras autores franceses que menos gustaran y explicar los motivos.<\/span><\/p>\n<p>Pinche <a href=\"https:\/\/drive.google.com\/drive\/folders\/1rl0lQ7h1nvfyAF_7hvlJSj1r_WHCOHte\">aqu\u00ed<\/a> para ver las im\u00e1genes.<\/p>\n<p>&nbsp;<\/p>\n<p>Mar\u00eda LeGoff, profesora y tutora[\/vc_column_text][\/vc_column][\/vc_row][vc_row full_width=\u00bbstretch_row\u00bb css=\u00bb.vc_custom_1643112902626{margin-bottom: 0px !important;padding-bottom: 40px !important;background-color: #ffffff !important;}\u00bb][vc_column][vc_row_inner][vc_column_inner][vc_column_text][\/vc_column_text][\/vc_column_inner][\/vc_row_inner][\/vc_column][\/vc_row]<\/p>\n<\/div>","protected":false},"excerpt":{"rendered":"<p>[vc_row][vc_column][vc_single_image image=\u00bb14091&#8243; img_size=\u00bbfull\u00bb alignment=\u00bbcenter\u00bb][\/vc_column][\/vc_row][vc_row][vc_column][vc_column_text] B2 [\/vc_column_text][vc_column_text] Curso 2021\/2022 [\/vc_column_text][vc_column_text] Descubrimiento de obras arquitect\u00f3nicas El alumnado de B2 de franc\u00e9s del grupo de tarde elige una obra (arquitect\u00f3nica o art\u00edstica) que se encuentre en M\u00e1laga y hace una presentaci\u00f3n en clase durante el mes de Noviembre de 2021 Patricia Jim\u00e9nez profesora tutora https:\/\/drive.google.com\/drive\/u\/1\/folders\/1k6w1aiZ1beL0ktWwtoIX_LNbSyL2Q7Xs[\/vc_column_text][vc_column_text] Visita al museo [&hellip;]<\/p>\n","protected":false},"author":15,"featured_media":0,"parent":0,"menu_order":0,"comment_status":"closed","ping_status":"closed","template":"","meta":{"inline_featured_image":false,"footnotes":""},"categories":[90],"tags":[],"class_list":["post-14147","page","type-page","status-publish","hentry","category-patrimonio"],"yoast_head":"<!-- This site is optimized with the Yoast SEO plugin v26.5 - https:\/\/yoast.com\/wordpress\/plugins\/seo\/ -->\n<title>B2_VIVIR - P\u00e1gina Oficial de la EOI de M\u00e1laga ::Los idiomas ponen el mundo a tus pies::<\/title>\n<meta name=\"robots\" content=\"index, follow, max-snippet:-1, max-image-preview:large, max-video-preview:-1\" \/>\n<link rel=\"canonical\" href=\"https:\/\/www.eoimalaga.com\/web\/b2_vivir\/\" \/>\n<meta property=\"og:locale\" content=\"es_ES\" \/>\n<meta property=\"og:type\" content=\"article\" \/>\n<meta property=\"og:title\" content=\"B2_VIVIR - P\u00e1gina Oficial de la EOI de M\u00e1laga ::Los idiomas ponen el mundo a tus pies::\" \/>\n<meta property=\"og:description\" content=\"[vc_row][vc_column][vc_single_image image=\u00bb14091&#8243; img_size=\u00bbfull\u00bb alignment=\u00bbcenter\u00bb][\/vc_column][\/vc_row][vc_row][vc_column][vc_column_text] B2 [\/vc_column_text][vc_column_text] Curso 2021\/2022 [\/vc_column_text][vc_column_text] Descubrimiento de obras arquitect\u00f3nicas El alumnado de B2 de franc\u00e9s del grupo de tarde elige una obra (arquitect\u00f3nica o art\u00edstica) que se encuentre en M\u00e1laga y hace una presentaci\u00f3n en clase durante el mes de Noviembre de 2021 Patricia Jim\u00e9nez profesora tutora https:\/\/drive.google.com\/drive\/u\/1\/folders\/1k6w1aiZ1beL0ktWwtoIX_LNbSyL2Q7Xs[\/vc_column_text][vc_column_text] Visita al museo [&hellip;]\" \/>\n<meta property=\"og:url\" content=\"https:\/\/www.eoimalaga.com\/web\/b2_vivir\/\" \/>\n<meta property=\"og:site_name\" content=\"P\u00e1gina Oficial de la EOI de M\u00e1laga ::Los idiomas ponen el mundo a tus pies::\" \/>\n<meta property=\"article:modified_time\" content=\"2023-06-01T10:11:10+00:00\" \/>\n<meta name=\"twitter:card\" content=\"summary_large_image\" \/>\n<meta name=\"twitter:label1\" content=\"Tiempo de lectura\" \/>\n\t<meta name=\"twitter:data1\" content=\"4 minutos\" \/>\n<script type=\"application\/ld+json\" class=\"yoast-schema-graph\">{\"@context\":\"https:\/\/schema.org\",\"@graph\":[{\"@type\":\"WebPage\",\"@id\":\"https:\/\/www.eoimalaga.com\/web\/b2_vivir\/\",\"url\":\"https:\/\/www.eoimalaga.com\/web\/b2_vivir\/\",\"name\":\"B2_VIVIR - P\u00e1gina Oficial de la EOI de M\u00e1laga ::Los idiomas ponen el mundo a tus pies::\",\"isPartOf\":{\"@id\":\"https:\/\/www.eoimalaga.com\/web\/#website\"},\"datePublished\":\"2022-01-25T13:14:33+00:00\",\"dateModified\":\"2023-06-01T10:11:10+00:00\",\"breadcrumb\":{\"@id\":\"https:\/\/www.eoimalaga.com\/web\/b2_vivir\/#breadcrumb\"},\"inLanguage\":\"es\",\"potentialAction\":[{\"@type\":\"ReadAction\",\"target\":[\"https:\/\/www.eoimalaga.com\/web\/b2_vivir\/\"]}]},{\"@type\":\"BreadcrumbList\",\"@id\":\"https:\/\/www.eoimalaga.com\/web\/b2_vivir\/#breadcrumb\",\"itemListElement\":[{\"@type\":\"ListItem\",\"position\":1,\"name\":\"Home\",\"item\":\"https:\/\/www.eoimalaga.com\/web\/\"},{\"@type\":\"ListItem\",\"position\":2,\"name\":\"B2_VIVIR\"}]},{\"@type\":\"WebSite\",\"@id\":\"https:\/\/www.eoimalaga.com\/web\/#website\",\"url\":\"https:\/\/www.eoimalaga.com\/web\/\",\"name\":\"P\u00e1gina Oficial de la EOI de M\u00e1laga ::Los idiomas ponen el mundo a tus pies::\",\"description\":\"EOI M\u00e1laga\",\"potentialAction\":[{\"@type\":\"SearchAction\",\"target\":{\"@type\":\"EntryPoint\",\"urlTemplate\":\"https:\/\/www.eoimalaga.com\/web\/?s={search_term_string}\"},\"query-input\":{\"@type\":\"PropertyValueSpecification\",\"valueRequired\":true,\"valueName\":\"search_term_string\"}}],\"inLanguage\":\"es\"}]}<\/script>\n<!-- \/ Yoast SEO plugin. -->","yoast_head_json":{"title":"B2_VIVIR - P\u00e1gina Oficial de la EOI de M\u00e1laga ::Los idiomas ponen el mundo a tus pies::","robots":{"index":"index","follow":"follow","max-snippet":"max-snippet:-1","max-image-preview":"max-image-preview:large","max-video-preview":"max-video-preview:-1"},"canonical":"https:\/\/www.eoimalaga.com\/web\/b2_vivir\/","og_locale":"es_ES","og_type":"article","og_title":"B2_VIVIR - P\u00e1gina Oficial de la EOI de M\u00e1laga ::Los idiomas ponen el mundo a tus pies::","og_description":"[vc_row][vc_column][vc_single_image image=\u00bb14091&#8243; img_size=\u00bbfull\u00bb alignment=\u00bbcenter\u00bb][\/vc_column][\/vc_row][vc_row][vc_column][vc_column_text] B2 [\/vc_column_text][vc_column_text] Curso 2021\/2022 [\/vc_column_text][vc_column_text] Descubrimiento de obras arquitect\u00f3nicas El alumnado de B2 de franc\u00e9s del grupo de tarde elige una obra (arquitect\u00f3nica o art\u00edstica) que se encuentre en M\u00e1laga y hace una presentaci\u00f3n en clase durante el mes de Noviembre de 2021 Patricia Jim\u00e9nez profesora tutora https:\/\/drive.google.com\/drive\/u\/1\/folders\/1k6w1aiZ1beL0ktWwtoIX_LNbSyL2Q7Xs[\/vc_column_text][vc_column_text] Visita al museo [&hellip;]","og_url":"https:\/\/www.eoimalaga.com\/web\/b2_vivir\/","og_site_name":"P\u00e1gina Oficial de la EOI de M\u00e1laga ::Los idiomas ponen el mundo a tus pies::","article_modified_time":"2023-06-01T10:11:10+00:00","twitter_card":"summary_large_image","twitter_misc":{"Tiempo de lectura":"4 minutos"},"schema":{"@context":"https:\/\/schema.org","@graph":[{"@type":"WebPage","@id":"https:\/\/www.eoimalaga.com\/web\/b2_vivir\/","url":"https:\/\/www.eoimalaga.com\/web\/b2_vivir\/","name":"B2_VIVIR - P\u00e1gina Oficial de la EOI de M\u00e1laga ::Los idiomas ponen el mundo a tus pies::","isPartOf":{"@id":"https:\/\/www.eoimalaga.com\/web\/#website"},"datePublished":"2022-01-25T13:14:33+00:00","dateModified":"2023-06-01T10:11:10+00:00","breadcrumb":{"@id":"https:\/\/www.eoimalaga.com\/web\/b2_vivir\/#breadcrumb"},"inLanguage":"es","potentialAction":[{"@type":"ReadAction","target":["https:\/\/www.eoimalaga.com\/web\/b2_vivir\/"]}]},{"@type":"BreadcrumbList","@id":"https:\/\/www.eoimalaga.com\/web\/b2_vivir\/#breadcrumb","itemListElement":[{"@type":"ListItem","position":1,"name":"Home","item":"https:\/\/www.eoimalaga.com\/web\/"},{"@type":"ListItem","position":2,"name":"B2_VIVIR"}]},{"@type":"WebSite","@id":"https:\/\/www.eoimalaga.com\/web\/#website","url":"https:\/\/www.eoimalaga.com\/web\/","name":"P\u00e1gina Oficial de la EOI de M\u00e1laga ::Los idiomas ponen el mundo a tus pies::","description":"EOI M\u00e1laga","potentialAction":[{"@type":"SearchAction","target":{"@type":"EntryPoint","urlTemplate":"https:\/\/www.eoimalaga.com\/web\/?s={search_term_string}"},"query-input":{"@type":"PropertyValueSpecification","valueRequired":true,"valueName":"search_term_string"}}],"inLanguage":"es"}]}},"_links":{"self":[{"href":"https:\/\/www.eoimalaga.com\/web\/wp-json\/wp\/v2\/pages\/14147","targetHints":{"allow":["GET"]}}],"collection":[{"href":"https:\/\/www.eoimalaga.com\/web\/wp-json\/wp\/v2\/pages"}],"about":[{"href":"https:\/\/www.eoimalaga.com\/web\/wp-json\/wp\/v2\/types\/page"}],"author":[{"embeddable":true,"href":"https:\/\/www.eoimalaga.com\/web\/wp-json\/wp\/v2\/users\/15"}],"replies":[{"embeddable":true,"href":"https:\/\/www.eoimalaga.com\/web\/wp-json\/wp\/v2\/comments?post=14147"}],"version-history":[{"count":18,"href":"https:\/\/www.eoimalaga.com\/web\/wp-json\/wp\/v2\/pages\/14147\/revisions"}],"predecessor-version":[{"id":17060,"href":"https:\/\/www.eoimalaga.com\/web\/wp-json\/wp\/v2\/pages\/14147\/revisions\/17060"}],"wp:attachment":[{"href":"https:\/\/www.eoimalaga.com\/web\/wp-json\/wp\/v2\/media?parent=14147"}],"wp:term":[{"taxonomy":"category","embeddable":true,"href":"https:\/\/www.eoimalaga.com\/web\/wp-json\/wp\/v2\/categories?post=14147"},{"taxonomy":"post_tag","embeddable":true,"href":"https:\/\/www.eoimalaga.com\/web\/wp-json\/wp\/v2\/tags?post=14147"}],"curies":[{"name":"wp","href":"https:\/\/api.w.org\/{rel}","templated":true}]}}