{"id":14145,"date":"2022-01-25T15:12:34","date_gmt":"2022-01-25T13:12:34","guid":{"rendered":"https:\/\/www.eoimalaga.com\/web\/?page_id=14145"},"modified":"2022-12-23T11:04:28","modified_gmt":"2022-12-23T09:04:28","slug":"b2-1_vivir","status":"publish","type":"page","link":"https:\/\/www.eoimalaga.com\/web\/b2-1_vivir\/","title":{"rendered":"B2.1_VIVIR"},"content":{"rendered":"<div class=\"wpb-content-wrapper\"><p>[vc_row][vc_column][vc_single_image image=\u00bb14091&#8243; img_size=\u00bbfull\u00bb alignment=\u00bbcenter\u00bb][\/vc_column][\/vc_row][vc_row][vc_column][vc_column_text]<\/p>\n<h1 style=\"text-align: center\"><span style=\"font-size: 36pt\">B2.1<\/span><\/h1>\n<p>[\/vc_column_text][vc_row_inner][vc_column_inner][vc_column_text]<\/p>\n<h2>Curso 2021\/2022<\/h2>\n<p>[\/vc_column_text][vc_column_text]<\/p>\n<h3>Museo Jorge Rando<\/h3>\n<p style=\"text-align: justify\"><span style=\"font-weight: 400\">El alumnado de B2.1 de franc\u00e9s semipresencial (FR4SALL1500A) realiz\u00f3 una visita guiada en el Museo Jorge Rando el jueves 24 de marzo de 2022.\u00a0<\/span><\/p>\n<p style=\"text-align: justify\"><span style=\"font-weight: 400\">Consulte <a href=\"https:\/\/drive.google.com\/drive\/folders\/1K0jZd_FCrDYwoxGcMCceGgeR1EZfCcZe?usp=sharing\" target=\"_blank\" rel=\"noopener noreferrer\">aqu<\/a>\u00ed las im\u00e1genes de la visita.<\/span><\/p>\n<p style=\"text-align: right\">Helena Molino Guerrero, profesora tutora<\/p>\n<p>[\/vc_column_text][\/vc_column_inner][\/vc_row_inner][\/vc_column][\/vc_row][vc_row][vc_column][vc_column_text]<\/p>\n<h3>Mujeres malague\u00f1as<\/h3>\n<p style=\"text-align: justify\"><span style=\"font-weight: 400\">Con motivo del d\u00eda de la mujer y en el marco del programa Vivir y Sentir el Patrimonio, el alumnado de B2.1 (FR4OALXV1500A , FR4OALXV1715A)\u00a0 ha presentado el 9 de marzo a mujeres malague\u00f1as que hicieron historia.<\/span><\/p>\n<p style=\"text-align: justify\">Consulte <a href=\"https:\/\/drive.google.com\/drive\/folders\/11kJS2TKE3I3ox984WO28pYalle5Si3Gv?usp=sharing\" target=\"_blank\" rel=\"noopener noreferrer\">aqu\u00ed\u00a0<\/a> el trabajo realizado.<\/p>\n<p style=\"text-align: right\">Sandrine Garc\u00eda L\u00f3pez, profesora tutora<\/p>\n<p>[\/vc_column_text][\/vc_column][\/vc_row][vc_row full_width=\u00bbstretch_row\u00bb css=\u00bb.vc_custom_1643112902626{margin-bottom: 0px !important;padding-bottom: 40px !important;background-color: #ffffff !important;}\u00bb][vc_column][vc_row_inner][vc_column_inner][vc_column_text]<\/p>\n<h3>Visita al centro hist\u00f3rico de M\u00e1laga<\/h3>\n<p style=\"text-align: justify\"><span style=\"font-weight: 400\">El alumnado de B2.1\u00a0 (FR4OALXV0900A , FR4OALXV1115A)\u00a0 visit\u00f3 el centro hist\u00f3rico el pasado 21 de febrero de 2022. Todo el alumnado se convirti\u00f3 en gu\u00eda durante la visita al presentar un monumento o un lugar emblem\u00e1tico.<\/span><\/p>\n<p style=\"text-align: justify\"><span style=\"font-weight: 400\">Consulte <a href=\"https:\/\/drive.google.com\/drive\/folders\/1G3E6WVfY97UuLcvVQTIDvJ_fdnSA_skN?usp=sharing\">aqu\u00ed <\/a>el trabajo realizado.<\/span><\/p>\n<p style=\"text-align: right\">Ana Mar\u00eda Melendo Lecea, profesora tutora<\/p>\n<p>[\/vc_column_text][\/vc_column_inner][\/vc_row_inner][vc_row_inner][vc_column_inner][vc_column_text]<\/p>\n<h3>Museo del Vidrio y Cristal de M\u00e1laga<\/h3>\n<p style=\"text-align: justify\"><span style=\"font-weight: 400\">El alumnado de B2.1\u00a0 (FR4OALXV1500A , FR4OALXV1715A)\u00a0 ha hecho una visita guiada en franc\u00e9s del Museo del Vidrio y Cristal de M\u00e1laga el mi\u00e9rcoles 16 de febrero de 2022.<\/span><\/p>\n<p style=\"text-align: right\">Sandrine Garc\u00eda L\u00f3pez, profesora tutora<\/p>\n<p>[\/vc_column_text][vc_images_carousel images=\u00bb14370,14368,14367,14366,14363&#8243;][\/vc_column_inner][\/vc_row_inner][\/vc_column][\/vc_row][vc_row][vc_column][vc_column_text]<\/p>\n<h3>Patrimonio cultural y natural de M\u00e1laga<\/h3>\n<p style=\"text-align: justify\"><span style=\"font-weight: 400\">El alumnado de B2.1 (FR4OALXV1500A, FR4OALXV1715A)\u00a0 ha presentado un elemento del patrimonio cultural y natural de la provincia de M\u00e1laga durante el mes de enero. <\/span><\/p>\n<p style=\"text-align: justify\">Consulte <a href=\"https:\/\/padlet.com\/sandrinegarciaeoi\/g0g3i5dkwjpvpfah\">aqu\u00ed\u00a0<\/a> el trabajo realizado.<\/p>\n<p style=\"text-align: right\">Sandrine Garc\u00eda L\u00f3pez, profesora tutora<\/p>\n<p>&nbsp;<\/p>\n<p>[\/vc_column_text][vc_row_inner][vc_column_inner][vc_column_text]<\/p>\n<h3>Museo Jorge Rando<\/h3>\n<p style=\"text-align: justify\"><span style=\"font-weight: 400\">El alumnado de B2.1\u00a0 (FR4OALXV0900A , FR4OALXV1115A)\u00a0 visit\u00f3 el Museo Jorge Rando el mi\u00e9rcoles 17 de noviembre de 2021. Todo el alumnado se convirti\u00f3 en gu\u00eda durante la visita al presentar una obra al resto del grupo.<\/span><\/p>\n<p style=\"text-align: justify\"><span style=\"font-weight: 400\">Consulte <a href=\"https:\/\/drive.google.com\/drive\/folders\/1PV0oxNPgu-BGkYgvL9-NU6CdArp4s_Mg?usp=sharing\" target=\"_blank\" rel=\"noopener noreferrer\">aqu\u00ed<\/a> el trabajo realizado.<\/span><\/p>\n<p style=\"text-align: right\">Ana Mar\u00eda Melendo Lecea, profesora tutora<\/p>\n<p>[\/vc_column_text][\/vc_column_inner][\/vc_row_inner][\/vc_column][\/vc_row][vc_row][vc_column][vc_column_text]<\/p>\n<h2>Curso 2022\/2023<\/h2>\n<p>[\/vc_column_text][vc_column_text]<\/p>\n<h3>Museo Jorge Rando (Noviembre)<\/h3>\n<p style=\"text-align: justify\"><span style=\"font-weight: 400\">El alumnado de B2.1\u00a0 (FR4OALX0900A, FR4OALX1115A)\u00a0 visit\u00f3 el Museo Jorge Rando el mi\u00e9rcoles 30 de noviembre de 2022. Todo el alumnado se convirti\u00f3 en gu\u00eda durante la visita al presentar una obra al resto del grupo.<\/span><\/p>\n<p style=\"text-align: justify\"><span style=\"font-weight: 400\">Consulte <a href=\"https:\/\/drive.google.com\/drive\/folders\/1Sqs43eWkqa9rgWYwiuUThs8Iq_JxyZSv\" target=\"_blank\" rel=\"noopener noreferrer\">aqu\u00ed<\/a> el trabajo realizado.<\/span><\/p>\n<p style=\"text-align: right\">Ana Mar\u00eda Melendo Lecea, profesora tutora<\/p>\n<p>[\/vc_column_text][vc_column_text]<\/p>\n<h3>Visita al centro hist\u00f3rico de M\u00e1laga<\/h3>\n<p style=\"text-align: justify\"><span style=\"font-weight: 400\">El alumnado de B2.1\u00a0 (FR4CALX1715A, FR4OALX1715A, FR4OALX1930A)\u00a0 visit\u00f3 el centro hist\u00f3rico el pasado 23 de noviembre de 2022. Todo el alumnado se convirti\u00f3 en gu\u00eda durante la visita al presentar un monumento o un lugar emblem\u00e1tico.<\/span><\/p>\n<p style=\"text-align: justify\"><span style=\"font-weight: 400\">Consulte <a href=\"https:\/\/drive.google.com\/drive\/folders\/1bLlFXlVXCV-fMtHqNHS5DHfOP5sta2cq\">aqu\u00ed <\/a>el trabajo realizado.<\/span><\/p>\n<p style=\"text-align: right\">Lola Ros Piqueras, profesora tutora<\/p>\n<p>[\/vc_column_text][vc_column_text]<\/p>\n<h3>Museo Jorge Rando (Diciembre)<\/h3>\n<p style=\"text-align: justify\"><span style=\"font-weight: 400\">El alumnado de B2.1\u00a0 (FR4CALX1715A, FR4OALX1715A, FR4OALX1930A)\u00a0 visit\u00f3 el Museo Jorge Rando el mi\u00e9rcoles 21 de diciembre de 2022. Todo el alumnado se convirti\u00f3 en gu\u00eda durante la visita al presentar una obra al resto del grupo.<\/span><\/p>\n<p style=\"text-align: justify\"><span style=\"font-weight: 400\">Consulte <a href=\"https:\/\/drive.google.com\/drive\/folders\/16n3OMEZpJvq6RaHOhhPtI34xgV7h9VhX\" target=\"_blank\" rel=\"noopener noreferrer\">aqu\u00ed<\/a> el trabajo realizado.<\/span><\/p>\n<p style=\"text-align: right\">Lola Ros Piqueras, profesora tutora<\/p>\n<p>[\/vc_column_text][\/vc_column][\/vc_row]<\/p>\n<\/div>","protected":false},"excerpt":{"rendered":"<p>[vc_row][vc_column][vc_single_image image=\u00bb14091&#8243; img_size=\u00bbfull\u00bb alignment=\u00bbcenter\u00bb][\/vc_column][\/vc_row][vc_row][vc_column][vc_column_text] B2.1 [\/vc_column_text][vc_row_inner][vc_column_inner][vc_column_text] Curso 2021\/2022 [\/vc_column_text][vc_column_text] Museo Jorge Rando El alumnado de B2.1 de franc\u00e9s semipresencial (FR4SALL1500A) realiz\u00f3 una visita guiada en el Museo Jorge Rando el jueves 24 de marzo de 2022.\u00a0 Consulte aqu\u00ed las im\u00e1genes de la visita. Helena Molino Guerrero, profesora tutora [\/vc_column_text][\/vc_column_inner][\/vc_row_inner][\/vc_column][\/vc_row][vc_row][vc_column][vc_column_text] Mujeres malague\u00f1as Con motivo del d\u00eda [&hellip;]<\/p>\n","protected":false},"author":15,"featured_media":0,"parent":0,"menu_order":0,"comment_status":"closed","ping_status":"closed","template":"","meta":{"inline_featured_image":false,"footnotes":""},"categories":[90],"tags":[],"class_list":["post-14145","page","type-page","status-publish","hentry","category-patrimonio"],"yoast_head":"<!-- This site is optimized with the Yoast SEO plugin v26.5 - https:\/\/yoast.com\/wordpress\/plugins\/seo\/ -->\n<title>B2.1_VIVIR - P\u00e1gina Oficial de la EOI de M\u00e1laga ::Los idiomas ponen el mundo a tus pies::<\/title>\n<meta name=\"robots\" content=\"index, follow, max-snippet:-1, max-image-preview:large, max-video-preview:-1\" \/>\n<link rel=\"canonical\" href=\"https:\/\/www.eoimalaga.com\/web\/b2-1_vivir\/\" \/>\n<meta property=\"og:locale\" content=\"es_ES\" \/>\n<meta property=\"og:type\" content=\"article\" \/>\n<meta property=\"og:title\" content=\"B2.1_VIVIR - P\u00e1gina Oficial de la EOI de M\u00e1laga ::Los idiomas ponen el mundo a tus pies::\" \/>\n<meta property=\"og:description\" content=\"[vc_row][vc_column][vc_single_image image=\u00bb14091&#8243; img_size=\u00bbfull\u00bb alignment=\u00bbcenter\u00bb][\/vc_column][\/vc_row][vc_row][vc_column][vc_column_text] B2.1 [\/vc_column_text][vc_row_inner][vc_column_inner][vc_column_text] Curso 2021\/2022 [\/vc_column_text][vc_column_text] Museo Jorge Rando El alumnado de B2.1 de franc\u00e9s semipresencial (FR4SALL1500A) realiz\u00f3 una visita guiada en el Museo Jorge Rando el jueves 24 de marzo de 2022.\u00a0 Consulte aqu\u00ed las im\u00e1genes de la visita. Helena Molino Guerrero, profesora tutora [\/vc_column_text][\/vc_column_inner][\/vc_row_inner][\/vc_column][\/vc_row][vc_row][vc_column][vc_column_text] Mujeres malague\u00f1as Con motivo del d\u00eda [&hellip;]\" \/>\n<meta property=\"og:url\" content=\"https:\/\/www.eoimalaga.com\/web\/b2-1_vivir\/\" \/>\n<meta property=\"og:site_name\" content=\"P\u00e1gina Oficial de la EOI de M\u00e1laga ::Los idiomas ponen el mundo a tus pies::\" \/>\n<meta property=\"article:modified_time\" content=\"2022-12-23T09:04:28+00:00\" \/>\n<meta name=\"twitter:card\" content=\"summary_large_image\" \/>\n<meta name=\"twitter:label1\" content=\"Tiempo de lectura\" \/>\n\t<meta name=\"twitter:data1\" content=\"3 minutos\" \/>\n<script type=\"application\/ld+json\" class=\"yoast-schema-graph\">{\"@context\":\"https:\/\/schema.org\",\"@graph\":[{\"@type\":\"WebPage\",\"@id\":\"https:\/\/www.eoimalaga.com\/web\/b2-1_vivir\/\",\"url\":\"https:\/\/www.eoimalaga.com\/web\/b2-1_vivir\/\",\"name\":\"B2.1_VIVIR - P\u00e1gina Oficial de la EOI de M\u00e1laga ::Los idiomas ponen el mundo a tus pies::\",\"isPartOf\":{\"@id\":\"https:\/\/www.eoimalaga.com\/web\/#website\"},\"datePublished\":\"2022-01-25T13:12:34+00:00\",\"dateModified\":\"2022-12-23T09:04:28+00:00\",\"breadcrumb\":{\"@id\":\"https:\/\/www.eoimalaga.com\/web\/b2-1_vivir\/#breadcrumb\"},\"inLanguage\":\"es\",\"potentialAction\":[{\"@type\":\"ReadAction\",\"target\":[\"https:\/\/www.eoimalaga.com\/web\/b2-1_vivir\/\"]}]},{\"@type\":\"BreadcrumbList\",\"@id\":\"https:\/\/www.eoimalaga.com\/web\/b2-1_vivir\/#breadcrumb\",\"itemListElement\":[{\"@type\":\"ListItem\",\"position\":1,\"name\":\"Home\",\"item\":\"https:\/\/www.eoimalaga.com\/web\/\"},{\"@type\":\"ListItem\",\"position\":2,\"name\":\"B2.1_VIVIR\"}]},{\"@type\":\"WebSite\",\"@id\":\"https:\/\/www.eoimalaga.com\/web\/#website\",\"url\":\"https:\/\/www.eoimalaga.com\/web\/\",\"name\":\"P\u00e1gina Oficial de la EOI de M\u00e1laga ::Los idiomas ponen el mundo a tus pies::\",\"description\":\"EOI M\u00e1laga\",\"potentialAction\":[{\"@type\":\"SearchAction\",\"target\":{\"@type\":\"EntryPoint\",\"urlTemplate\":\"https:\/\/www.eoimalaga.com\/web\/?s={search_term_string}\"},\"query-input\":{\"@type\":\"PropertyValueSpecification\",\"valueRequired\":true,\"valueName\":\"search_term_string\"}}],\"inLanguage\":\"es\"}]}<\/script>\n<!-- \/ Yoast SEO plugin. -->","yoast_head_json":{"title":"B2.1_VIVIR - P\u00e1gina Oficial de la EOI de M\u00e1laga ::Los idiomas ponen el mundo a tus pies::","robots":{"index":"index","follow":"follow","max-snippet":"max-snippet:-1","max-image-preview":"max-image-preview:large","max-video-preview":"max-video-preview:-1"},"canonical":"https:\/\/www.eoimalaga.com\/web\/b2-1_vivir\/","og_locale":"es_ES","og_type":"article","og_title":"B2.1_VIVIR - P\u00e1gina Oficial de la EOI de M\u00e1laga ::Los idiomas ponen el mundo a tus pies::","og_description":"[vc_row][vc_column][vc_single_image image=\u00bb14091&#8243; img_size=\u00bbfull\u00bb alignment=\u00bbcenter\u00bb][\/vc_column][\/vc_row][vc_row][vc_column][vc_column_text] B2.1 [\/vc_column_text][vc_row_inner][vc_column_inner][vc_column_text] Curso 2021\/2022 [\/vc_column_text][vc_column_text] Museo Jorge Rando El alumnado de B2.1 de franc\u00e9s semipresencial (FR4SALL1500A) realiz\u00f3 una visita guiada en el Museo Jorge Rando el jueves 24 de marzo de 2022.\u00a0 Consulte aqu\u00ed las im\u00e1genes de la visita. Helena Molino Guerrero, profesora tutora [\/vc_column_text][\/vc_column_inner][\/vc_row_inner][\/vc_column][\/vc_row][vc_row][vc_column][vc_column_text] Mujeres malague\u00f1as Con motivo del d\u00eda [&hellip;]","og_url":"https:\/\/www.eoimalaga.com\/web\/b2-1_vivir\/","og_site_name":"P\u00e1gina Oficial de la EOI de M\u00e1laga ::Los idiomas ponen el mundo a tus pies::","article_modified_time":"2022-12-23T09:04:28+00:00","twitter_card":"summary_large_image","twitter_misc":{"Tiempo de lectura":"3 minutos"},"schema":{"@context":"https:\/\/schema.org","@graph":[{"@type":"WebPage","@id":"https:\/\/www.eoimalaga.com\/web\/b2-1_vivir\/","url":"https:\/\/www.eoimalaga.com\/web\/b2-1_vivir\/","name":"B2.1_VIVIR - P\u00e1gina Oficial de la EOI de M\u00e1laga ::Los idiomas ponen el mundo a tus pies::","isPartOf":{"@id":"https:\/\/www.eoimalaga.com\/web\/#website"},"datePublished":"2022-01-25T13:12:34+00:00","dateModified":"2022-12-23T09:04:28+00:00","breadcrumb":{"@id":"https:\/\/www.eoimalaga.com\/web\/b2-1_vivir\/#breadcrumb"},"inLanguage":"es","potentialAction":[{"@type":"ReadAction","target":["https:\/\/www.eoimalaga.com\/web\/b2-1_vivir\/"]}]},{"@type":"BreadcrumbList","@id":"https:\/\/www.eoimalaga.com\/web\/b2-1_vivir\/#breadcrumb","itemListElement":[{"@type":"ListItem","position":1,"name":"Home","item":"https:\/\/www.eoimalaga.com\/web\/"},{"@type":"ListItem","position":2,"name":"B2.1_VIVIR"}]},{"@type":"WebSite","@id":"https:\/\/www.eoimalaga.com\/web\/#website","url":"https:\/\/www.eoimalaga.com\/web\/","name":"P\u00e1gina Oficial de la EOI de M\u00e1laga ::Los idiomas ponen el mundo a tus pies::","description":"EOI M\u00e1laga","potentialAction":[{"@type":"SearchAction","target":{"@type":"EntryPoint","urlTemplate":"https:\/\/www.eoimalaga.com\/web\/?s={search_term_string}"},"query-input":{"@type":"PropertyValueSpecification","valueRequired":true,"valueName":"search_term_string"}}],"inLanguage":"es"}]}},"_links":{"self":[{"href":"https:\/\/www.eoimalaga.com\/web\/wp-json\/wp\/v2\/pages\/14145","targetHints":{"allow":["GET"]}}],"collection":[{"href":"https:\/\/www.eoimalaga.com\/web\/wp-json\/wp\/v2\/pages"}],"about":[{"href":"https:\/\/www.eoimalaga.com\/web\/wp-json\/wp\/v2\/types\/page"}],"author":[{"embeddable":true,"href":"https:\/\/www.eoimalaga.com\/web\/wp-json\/wp\/v2\/users\/15"}],"replies":[{"embeddable":true,"href":"https:\/\/www.eoimalaga.com\/web\/wp-json\/wp\/v2\/comments?post=14145"}],"version-history":[{"count":20,"href":"https:\/\/www.eoimalaga.com\/web\/wp-json\/wp\/v2\/pages\/14145\/revisions"}],"predecessor-version":[{"id":16293,"href":"https:\/\/www.eoimalaga.com\/web\/wp-json\/wp\/v2\/pages\/14145\/revisions\/16293"}],"wp:attachment":[{"href":"https:\/\/www.eoimalaga.com\/web\/wp-json\/wp\/v2\/media?parent=14145"}],"wp:term":[{"taxonomy":"category","embeddable":true,"href":"https:\/\/www.eoimalaga.com\/web\/wp-json\/wp\/v2\/categories?post=14145"},{"taxonomy":"post_tag","embeddable":true,"href":"https:\/\/www.eoimalaga.com\/web\/wp-json\/wp\/v2\/tags?post=14145"}],"curies":[{"name":"wp","href":"https:\/\/api.w.org\/{rel}","templated":true}]}}