{"id":14133,"date":"2022-01-25T15:04:12","date_gmt":"2022-01-25T13:04:12","guid":{"rendered":"https:\/\/www.eoimalaga.com\/web\/?page_id=14133"},"modified":"2023-06-01T12:01:36","modified_gmt":"2023-06-01T10:01:36","slug":"a1_vivir","status":"publish","type":"page","link":"https:\/\/www.eoimalaga.com\/web\/a1_vivir\/","title":{"rendered":"A1_VIVIR"},"content":{"rendered":"<div class=\"wpb-content-wrapper\"><p>[vc_row][vc_column][vc_single_image image=\u00bb14091&#8243; img_size=\u00bbfull\u00bb alignment=\u00bbcenter\u00bb][\/vc_column][\/vc_row][vc_row][vc_column][vc_column_text]<\/p>\n<h1 style=\"text-align: center\"><span style=\"font-size: 36pt\"><strong>A1<\/strong><\/span><\/h1>\n<p>[\/vc_column_text][vc_column_text]<\/p>\n<h2>Curso 2021\/22<\/h2>\n<p>[\/vc_column_text][\/vc_column][\/vc_row][vc_row][vc_column][vc_column_text]<\/p>\n<h3>Rese\u00f1a de restaurantes malague\u00f1os<\/h3>\n<p style=\"text-align: justify\">El alumnado de nivel A1 de franc\u00e9s (FR10ALX1500A) ha realizado la rese\u00f1a de restaurantes malague\u00f1os durante el mes de marzo.<\/p>\n<p style=\"text-align: justify\">Consulte <a href=\"https:\/\/docs.google.com\/presentation\/d\/1-k3FGHV20_VNKN2f4NwyoJounOA-GDp-TlwifsWv4OI\/edit?usp=sharing\" target=\"_blank\" rel=\"noopener noreferrer\">aqu\u00ed<\/a> el trabajo realizado.<\/p>\n<p style=\"text-align: right\">Ana Mar\u00eda Carrasco Criado, profesora tutora<\/p>\n<p>[\/vc_column_text][\/vc_column][\/vc_row][vc_row][vc_column][vc_column_text]<\/p>\n<h3>Receta de cocina malague\u00f1a<\/h3>\n<p style=\"text-align: justify\">El alumnado de nivel A1 de franc\u00e9s (FR10ALX1500A) ha realizado la receta de cocida de un plato t\u00edpico malague\u00f1o en el mes de enero.<\/p>\n<p style=\"text-align: justify\">Consulte <a href=\"https:\/\/view.genial.ly\/620d0a0f808280001884bab4\" target=\"_blank\" rel=\"noopener noreferrer\">aqu\u00ed<\/a> el trabajo realizado.<\/p>\n<p style=\"text-align: right\">Ana Mar\u00eda Carrasco Criado, profesora tutora<\/p>\n<p>[\/vc_column_text][\/vc_column][\/vc_row][vc_row][vc_column][vc_column_text]<\/p>\n<h3>Ruta por M\u00e1laga<\/h3>\n<p style=\"text-align: justify\">El alumnado de nivel A1 de franc\u00e9s (FR10AMJ1715A y FR10ALX1930A) ha creado carteles indicando un itinerario a trav\u00e9s del centro de M\u00e1laga pasando por los monumentos o lugares m\u00e1s emblem\u00e1ticos el 8 de febrero de 2022.<\/p>\n<p style=\"text-align: justify\">Pulse <a href=\"https:\/\/drive.google.com\/drive\/folders\/1fAfIUOjzA1kb-b7ji8A-s-s2y-lJb8ex?usp=sharing\">aqu\u00ed<\/a> para ver las im\u00e1genes.<\/p>\n<p style=\"text-align: right\">Irene Saltares M\u00e1rquez, profesora tutora<\/p>\n<p>[\/vc_column_text][\/vc_column][\/vc_row][vc_row][vc_column][vc_column_text]<\/p>\n<h3>Personajes malague\u00f1os<\/h3>\n<p style=\"text-align: justify\">El alumnado de nivel A1 de franc\u00e9s (FR10AMJ1715A y FR10ALX1930A) ha hecho una presentaci\u00f3n oral en clase sobre algunos de los personajes malague\u00f1os m\u00e1s importantes el pasado 13 de diciembre.<\/p>\n<p style=\"text-align: justify\">Pinche <a href=\"https:\/\/drive.google.com\/drive\/folders\/1vj9Roq9QEZjB1R1yeyka37akT3KLIBxh?usp=sharing\">aqu\u00ed <\/a>para ver las im\u00e1genes.<\/p>\n<p style=\"text-align: right\">Irene Saltares M\u00e1rquez, profesora tutora<\/p>\n<p>[\/vc_column_text][\/vc_column][\/vc_row][vc_row][vc_column][vc_column_text]<\/p>\n<h3>Visita guiada por el casco hist\u00f3rico de M\u00e1laga<\/h3>\n<h3><span style=\"font-family: georgia, palatino, serif\"><strong><span style=\"font-size: 10pt;color: #000000\">Realizamos una visita guiada por el casco hist\u00f3rico de M\u00e1laga el 13 de enero de 2022 en la cual p<\/span><\/strong><\/span><span style=\"font-family: georgia, palatino, serif;font-size: 10pt;color: #000000\">articip\u00f3 todo el alumnado del grupo ITA \/ IT1OAMJ1930A.<\/span><\/h3>\n<p><span style=\"font-family: georgia, palatino, serif;font-size: 10pt;color: #000000\">Se abord\u00f3 el patrimonio material y natural de la ciudad. <\/span><span style=\"font-family: georgia, palatino, serif;font-size: 10pt;color: #000000\">Durante la visita guiada el alumnado\u00a0 explic\u00f3 diversos aspectos de los monumentos, jardines y edificios hist\u00f3ricos de la ciudad.<\/span><\/p>\n<p><span style=\"font-size: 10pt;font-family: georgia, palatino, serif\"><strong><span style=\"font-family: georgia, palatino, serif\">Maribel Gonz\u00e1lez profesora tutora de A1 de italiano\u00a0 \u00a0 \u00a0<\/span> \u00a0<\/strong><\/span>[\/vc_column_text][vc_images_carousel images=\u00bb15361,15360,15362&#8243;][\/vc_column][\/vc_row][vc_row][vc_column][vc_column_text]<\/p>\n<h3>Recorriendo los monumentos de M\u00e1laga<\/h3>\n<p><span style=\"font-weight: 400\">El 13 de enero de 2022\u00a0 realizamos un recorrido por los monumentos de M\u00e1laga y los alumnos y alumnas del grupo de A1 de italiano:\u00a0 \u00a0IT1OAMJ1715A, explicaron diversos aspectos de los monumentos de la ciudad, mostrando fotos de la ciudad en el pasado y explicando diversos eventos hist\u00f3ricos.\u00a0 <\/span><span style=\"font-weight: 400\">Para dar mayor veracidad a la actividad se disfrazaron de gu\u00edas, llevando sus nombres en tarjetas identificativas e incluso micr\u00f3fonos. <\/span><span style=\"font-weight: 400\">Fue una din\u00e1mica muy interesante y divertida, en la cual se implicaron mucho, ya que para la gran mayor\u00eda fu\u00e9\u00a0 el primer contacto con la lengua y fue un modo distinto de afrontar el examen de coproducci\u00f3n oral.<\/span><\/p>\n<p>Maribel Gonz\u00e1lez profesora tutora[\/vc_column_text][vc_gallery type=\u00bbimage_grid\u00bb images=\u00bb15366,15367,15368,15369&#8243;][vc_column_text]<\/p>\n<h2>Curso 2022\/23<\/h2>\n<p>[\/vc_column_text][vc_column_text]<\/p>\n<h3>Visita al Museo de la Aviaci\u00f3n de M\u00e1laga<\/h3>\n<p>El 21 de marzo un grupo de alumnos de nivel A1 realiz\u00f3 una visita guiada con la auxiliar de franc\u00e9s al museo de la aviaci\u00f3n, donde realizaron actividades de comprensi\u00f3n e interacci\u00f3n oral.<\/p>\n<p>&nbsp;<\/p>\n<p style=\"text-align: justify\">Pinche <a href=\"https:\/\/drive.google.com\/drive\/folders\/1l_zb_2riC1AXNJ9atZC8YWLTeGPFPrZ2\">aqu\u00ed <\/a>para ver las im\u00e1genes.<\/p>\n<p>&nbsp;<\/p>\n<p>Roc\u00edo Vigara, profesora tutora[\/vc_column_text][vc_column_text]<\/p>\n<h3>Visita a la exposici\u00f3n de fotograf\u00eda \u201cEdward Quinn: Picasso y los a\u00f1os dorados de la Costa Azul\u201d<\/h3>\n<p>El pasado 31 de mayo el grupo de A1 de ingl\u00e9s (IN1OALX1500A y IN1OALX1715A) visitaron la citada exposici\u00f3n, guiada en ingl\u00e9s por el personal de sala y dando posibilidad a que el alumnado pudiera hacer preguntas. Asimismo, antes de realizar la actividad los\/as estudiantes escogieron la fotograf\u00eda que m\u00e1s les llamaba la atenci\u00f3n y durante la visita, por parejas se dirigieron a la zona donde se encontraba la fotograf\u00eda que hab\u00edan elegido y la describieron en ingl\u00e9s, mientras su pareja estaba de espaldas a las im\u00e1genes. De esta forma se pone en pr\u00e1ctica, a trav\u00e9s de una actividad de mediaci\u00f3n oral, la descripci\u00f3n de fotograf\u00edas e im\u00e1genes estudiada y practicada durante el curso.<\/p>\n<p>Una vez descrita la fotograf\u00eda, la persona que estaba de espalda a las im\u00e1genes pod\u00eda volverse e intentar identificarla, mientras su compa\u00f1ero le explicaba por qu\u00e9 hab\u00eda elegido esa imagen.<\/p>\n<p>Gregorio L\u00f3pez, profesor tutor.[\/vc_column_text][vc_gallery type=\u00bbimage_grid\u00bb images=\u00bb17057&#8243;][\/vc_column][\/vc_row]<\/p>\n<\/div>","protected":false},"excerpt":{"rendered":"<p>[vc_row][vc_column][vc_single_image image=\u00bb14091&#8243; img_size=\u00bbfull\u00bb alignment=\u00bbcenter\u00bb][\/vc_column][\/vc_row][vc_row][vc_column][vc_column_text] A1 [\/vc_column_text][vc_column_text] Curso 2021\/22 [\/vc_column_text][\/vc_column][\/vc_row][vc_row][vc_column][vc_column_text] Rese\u00f1a de restaurantes malague\u00f1os El alumnado de nivel A1 de franc\u00e9s (FR10ALX1500A) ha realizado la rese\u00f1a de restaurantes malague\u00f1os durante el mes de marzo. Consulte aqu\u00ed el trabajo realizado. Ana Mar\u00eda Carrasco Criado, profesora tutora [\/vc_column_text][\/vc_column][\/vc_row][vc_row][vc_column][vc_column_text] Receta de cocina malague\u00f1a El alumnado de nivel A1 de [&hellip;]<\/p>\n","protected":false},"author":15,"featured_media":0,"parent":0,"menu_order":0,"comment_status":"closed","ping_status":"closed","template":"","meta":{"inline_featured_image":false,"footnotes":""},"categories":[90],"tags":[],"class_list":["post-14133","page","type-page","status-publish","hentry","category-patrimonio"],"yoast_head":"<!-- This site is optimized with the Yoast SEO plugin v26.5 - https:\/\/yoast.com\/wordpress\/plugins\/seo\/ -->\n<title>A1_VIVIR - P\u00e1gina Oficial de la EOI de M\u00e1laga ::Los idiomas ponen el mundo a tus pies::<\/title>\n<meta name=\"robots\" content=\"index, follow, max-snippet:-1, max-image-preview:large, max-video-preview:-1\" \/>\n<link rel=\"canonical\" href=\"https:\/\/www.eoimalaga.com\/web\/a1_vivir\/\" \/>\n<meta property=\"og:locale\" content=\"es_ES\" \/>\n<meta property=\"og:type\" content=\"article\" \/>\n<meta property=\"og:title\" content=\"A1_VIVIR - P\u00e1gina Oficial de la EOI de M\u00e1laga ::Los idiomas ponen el mundo a tus pies::\" \/>\n<meta property=\"og:description\" content=\"[vc_row][vc_column][vc_single_image image=\u00bb14091&#8243; img_size=\u00bbfull\u00bb alignment=\u00bbcenter\u00bb][\/vc_column][\/vc_row][vc_row][vc_column][vc_column_text] A1 [\/vc_column_text][vc_column_text] Curso 2021\/22 [\/vc_column_text][\/vc_column][\/vc_row][vc_row][vc_column][vc_column_text] Rese\u00f1a de restaurantes malague\u00f1os El alumnado de nivel A1 de franc\u00e9s (FR10ALX1500A) ha realizado la rese\u00f1a de restaurantes malague\u00f1os durante el mes de marzo. Consulte aqu\u00ed el trabajo realizado. Ana Mar\u00eda Carrasco Criado, profesora tutora [\/vc_column_text][\/vc_column][\/vc_row][vc_row][vc_column][vc_column_text] Receta de cocina malague\u00f1a El alumnado de nivel A1 de [&hellip;]\" \/>\n<meta property=\"og:url\" content=\"https:\/\/www.eoimalaga.com\/web\/a1_vivir\/\" \/>\n<meta property=\"og:site_name\" content=\"P\u00e1gina Oficial de la EOI de M\u00e1laga ::Los idiomas ponen el mundo a tus pies::\" \/>\n<meta property=\"article:modified_time\" content=\"2023-06-01T10:01:36+00:00\" \/>\n<meta name=\"twitter:card\" content=\"summary_large_image\" \/>\n<meta name=\"twitter:label1\" content=\"Tiempo de lectura\" \/>\n\t<meta name=\"twitter:data1\" content=\"4 minutos\" \/>\n<script type=\"application\/ld+json\" class=\"yoast-schema-graph\">{\"@context\":\"https:\/\/schema.org\",\"@graph\":[{\"@type\":\"WebPage\",\"@id\":\"https:\/\/www.eoimalaga.com\/web\/a1_vivir\/\",\"url\":\"https:\/\/www.eoimalaga.com\/web\/a1_vivir\/\",\"name\":\"A1_VIVIR - P\u00e1gina Oficial de la EOI de M\u00e1laga ::Los idiomas ponen el mundo a tus pies::\",\"isPartOf\":{\"@id\":\"https:\/\/www.eoimalaga.com\/web\/#website\"},\"datePublished\":\"2022-01-25T13:04:12+00:00\",\"dateModified\":\"2023-06-01T10:01:36+00:00\",\"breadcrumb\":{\"@id\":\"https:\/\/www.eoimalaga.com\/web\/a1_vivir\/#breadcrumb\"},\"inLanguage\":\"es\",\"potentialAction\":[{\"@type\":\"ReadAction\",\"target\":[\"https:\/\/www.eoimalaga.com\/web\/a1_vivir\/\"]}]},{\"@type\":\"BreadcrumbList\",\"@id\":\"https:\/\/www.eoimalaga.com\/web\/a1_vivir\/#breadcrumb\",\"itemListElement\":[{\"@type\":\"ListItem\",\"position\":1,\"name\":\"Home\",\"item\":\"https:\/\/www.eoimalaga.com\/web\/\"},{\"@type\":\"ListItem\",\"position\":2,\"name\":\"A1_VIVIR\"}]},{\"@type\":\"WebSite\",\"@id\":\"https:\/\/www.eoimalaga.com\/web\/#website\",\"url\":\"https:\/\/www.eoimalaga.com\/web\/\",\"name\":\"P\u00e1gina Oficial de la EOI de M\u00e1laga ::Los idiomas ponen el mundo a tus pies::\",\"description\":\"EOI M\u00e1laga\",\"potentialAction\":[{\"@type\":\"SearchAction\",\"target\":{\"@type\":\"EntryPoint\",\"urlTemplate\":\"https:\/\/www.eoimalaga.com\/web\/?s={search_term_string}\"},\"query-input\":{\"@type\":\"PropertyValueSpecification\",\"valueRequired\":true,\"valueName\":\"search_term_string\"}}],\"inLanguage\":\"es\"}]}<\/script>\n<!-- \/ Yoast SEO plugin. -->","yoast_head_json":{"title":"A1_VIVIR - P\u00e1gina Oficial de la EOI de M\u00e1laga ::Los idiomas ponen el mundo a tus pies::","robots":{"index":"index","follow":"follow","max-snippet":"max-snippet:-1","max-image-preview":"max-image-preview:large","max-video-preview":"max-video-preview:-1"},"canonical":"https:\/\/www.eoimalaga.com\/web\/a1_vivir\/","og_locale":"es_ES","og_type":"article","og_title":"A1_VIVIR - P\u00e1gina Oficial de la EOI de M\u00e1laga ::Los idiomas ponen el mundo a tus pies::","og_description":"[vc_row][vc_column][vc_single_image image=\u00bb14091&#8243; img_size=\u00bbfull\u00bb alignment=\u00bbcenter\u00bb][\/vc_column][\/vc_row][vc_row][vc_column][vc_column_text] A1 [\/vc_column_text][vc_column_text] Curso 2021\/22 [\/vc_column_text][\/vc_column][\/vc_row][vc_row][vc_column][vc_column_text] Rese\u00f1a de restaurantes malague\u00f1os El alumnado de nivel A1 de franc\u00e9s (FR10ALX1500A) ha realizado la rese\u00f1a de restaurantes malague\u00f1os durante el mes de marzo. Consulte aqu\u00ed el trabajo realizado. Ana Mar\u00eda Carrasco Criado, profesora tutora [\/vc_column_text][\/vc_column][\/vc_row][vc_row][vc_column][vc_column_text] Receta de cocina malague\u00f1a El alumnado de nivel A1 de [&hellip;]","og_url":"https:\/\/www.eoimalaga.com\/web\/a1_vivir\/","og_site_name":"P\u00e1gina Oficial de la EOI de M\u00e1laga ::Los idiomas ponen el mundo a tus pies::","article_modified_time":"2023-06-01T10:01:36+00:00","twitter_card":"summary_large_image","twitter_misc":{"Tiempo de lectura":"4 minutos"},"schema":{"@context":"https:\/\/schema.org","@graph":[{"@type":"WebPage","@id":"https:\/\/www.eoimalaga.com\/web\/a1_vivir\/","url":"https:\/\/www.eoimalaga.com\/web\/a1_vivir\/","name":"A1_VIVIR - P\u00e1gina Oficial de la EOI de M\u00e1laga ::Los idiomas ponen el mundo a tus pies::","isPartOf":{"@id":"https:\/\/www.eoimalaga.com\/web\/#website"},"datePublished":"2022-01-25T13:04:12+00:00","dateModified":"2023-06-01T10:01:36+00:00","breadcrumb":{"@id":"https:\/\/www.eoimalaga.com\/web\/a1_vivir\/#breadcrumb"},"inLanguage":"es","potentialAction":[{"@type":"ReadAction","target":["https:\/\/www.eoimalaga.com\/web\/a1_vivir\/"]}]},{"@type":"BreadcrumbList","@id":"https:\/\/www.eoimalaga.com\/web\/a1_vivir\/#breadcrumb","itemListElement":[{"@type":"ListItem","position":1,"name":"Home","item":"https:\/\/www.eoimalaga.com\/web\/"},{"@type":"ListItem","position":2,"name":"A1_VIVIR"}]},{"@type":"WebSite","@id":"https:\/\/www.eoimalaga.com\/web\/#website","url":"https:\/\/www.eoimalaga.com\/web\/","name":"P\u00e1gina Oficial de la EOI de M\u00e1laga ::Los idiomas ponen el mundo a tus pies::","description":"EOI M\u00e1laga","potentialAction":[{"@type":"SearchAction","target":{"@type":"EntryPoint","urlTemplate":"https:\/\/www.eoimalaga.com\/web\/?s={search_term_string}"},"query-input":{"@type":"PropertyValueSpecification","valueRequired":true,"valueName":"search_term_string"}}],"inLanguage":"es"}]}},"_links":{"self":[{"href":"https:\/\/www.eoimalaga.com\/web\/wp-json\/wp\/v2\/pages\/14133","targetHints":{"allow":["GET"]}}],"collection":[{"href":"https:\/\/www.eoimalaga.com\/web\/wp-json\/wp\/v2\/pages"}],"about":[{"href":"https:\/\/www.eoimalaga.com\/web\/wp-json\/wp\/v2\/types\/page"}],"author":[{"embeddable":true,"href":"https:\/\/www.eoimalaga.com\/web\/wp-json\/wp\/v2\/users\/15"}],"replies":[{"embeddable":true,"href":"https:\/\/www.eoimalaga.com\/web\/wp-json\/wp\/v2\/comments?post=14133"}],"version-history":[{"count":30,"href":"https:\/\/www.eoimalaga.com\/web\/wp-json\/wp\/v2\/pages\/14133\/revisions"}],"predecessor-version":[{"id":17059,"href":"https:\/\/www.eoimalaga.com\/web\/wp-json\/wp\/v2\/pages\/14133\/revisions\/17059"}],"wp:attachment":[{"href":"https:\/\/www.eoimalaga.com\/web\/wp-json\/wp\/v2\/media?parent=14133"}],"wp:term":[{"taxonomy":"category","embeddable":true,"href":"https:\/\/www.eoimalaga.com\/web\/wp-json\/wp\/v2\/categories?post=14133"},{"taxonomy":"post_tag","embeddable":true,"href":"https:\/\/www.eoimalaga.com\/web\/wp-json\/wp\/v2\/tags?post=14133"}],"curies":[{"name":"wp","href":"https:\/\/api.w.org\/{rel}","templated":true}]}}