{"version":"1.0","provider_name":"P\u00e1gina Oficial de la EOI de M\u00e1laga ::Los idiomas ponen el mundo a tus pies::","provider_url":"https:\/\/www.eoimalaga.com\/web","title":"Inauguraci\u00f3n Exposici\u00f3n - P\u00e1gina Oficial de la EOI de M\u00e1laga ::Los idiomas ponen el mundo a tus pies::","type":"rich","width":600,"height":338,"html":"<blockquote class=\"wp-embedded-content\" data-secret=\"aNib9SfWdE\"><a href=\"https:\/\/www.eoimalaga.com\/web\/inauguracion-exposicion\/\">Inauguraci\u00f3n Exposici\u00f3n<\/a><\/blockquote><iframe sandbox=\"allow-scripts\" security=\"restricted\" src=\"https:\/\/www.eoimalaga.com\/web\/inauguracion-exposicion\/embed\/#?secret=aNib9SfWdE\" width=\"600\" height=\"338\" title=\"\u00abInauguraci\u00f3n Exposici\u00f3n\u00bb \u2014 P\u00e1gina Oficial de la EOI de M\u00e1laga ::Los idiomas ponen el mundo a tus pies::\" data-secret=\"aNib9SfWdE\" frameborder=\"0\" marginwidth=\"0\" marginheight=\"0\" scrolling=\"no\" class=\"wp-embedded-content\"><\/iframe><script type=\"text\/javascript\">\n\/* <![CDATA[ *\/\n\/*! This file is auto-generated *\/\n!function(d,l){\"use strict\";l.querySelector&&d.addEventListener&&\"undefined\"!=typeof URL&&(d.wp=d.wp||{},d.wp.receiveEmbedMessage||(d.wp.receiveEmbedMessage=function(e){var t=e.data;if((t||t.secret||t.message||t.value)&&!\/[^a-zA-Z0-9]\/.test(t.secret)){for(var s,r,n,a=l.querySelectorAll('iframe[data-secret=\"'+t.secret+'\"]'),o=l.querySelectorAll('blockquote[data-secret=\"'+t.secret+'\"]'),c=new RegExp(\"^https?:$\",\"i\"),i=0;i<o.length;i++)o[i].style.display=\"none\";for(i=0;i<a.length;i++)s=a[i],e.source===s.contentWindow&&(s.removeAttribute(\"style\"),\"height\"===t.message?(1e3<(r=parseInt(t.value,10))?r=1e3:~~r<200&&(r=200),s.height=r):\"link\"===t.message&&(r=new URL(s.getAttribute(\"src\")),n=new URL(t.value),c.test(n.protocol))&&n.host===r.host&&l.activeElement===s&&(d.top.location.href=t.value))}},d.addEventListener(\"message\",d.wp.receiveEmbedMessage,!1),l.addEventListener(\"DOMContentLoaded\",function(){for(var e,t,s=l.querySelectorAll(\"iframe.wp-embedded-content\"),r=0;r<s.length;r++)(t=(e=s[r]).getAttribute(\"data-secret\"))||(t=Math.random().toString(36).substring(2,12),e.src+=\"#?secret=\"+t,e.setAttribute(\"data-secret\",t)),e.contentWindow.postMessage({message:\"ready\",secret:t},\"*\")},!1)))}(window,document);\n\/* ]]> *\/\n<\/script>\n","thumbnail_url":"https:\/\/www.eoimalaga.com\/web\/wp-content\/uploads\/2026\/03\/10.-aniversario-j11-724x1024.png","thumbnail_width":724,"thumbnail_height":1024,"description":"La EOI M\u00e1laga acoge la exposici\u00f3n \u201c10\u00ba Aniversario Grupo J11 \u2013 Dibujantes Urbanos\u201d La Escuela Oficial de Idiomas de M\u00e1laga acoger\u00e1 la exposici\u00f3n \u201c10\u00ba Aniversario Grupo J11 \u2013 Dibujantes Urbanos\u201d, una muestra que celebra diez a\u00f1os de actividad de este grupo dedicado al dibujo urbano. El Grupo J11 re\u00fane a artistas y aficionados que comparten [&hellip;]"}