{"version":"1.0","provider_name":"P\u00e1gina Oficial de la EOI de M\u00e1laga ::Los idiomas ponen el mundo a tus pies::","provider_url":"https:\/\/www.eoimalaga.com\/web","title":"Concierto Los idiomas de la m\u00fasica - P\u00e1gina Oficial de la EOI de M\u00e1laga ::Los idiomas ponen el mundo a tus pies::","type":"rich","width":600,"height":338,"html":"<blockquote class=\"wp-embedded-content\" data-secret=\"1Kpbngh5kF\"><a href=\"https:\/\/www.eoimalaga.com\/web\/concierto-los-idiomas-de-la-musica\/\">Concierto Los idiomas de la m\u00fasica<\/a><\/blockquote><iframe sandbox=\"allow-scripts\" security=\"restricted\" src=\"https:\/\/www.eoimalaga.com\/web\/concierto-los-idiomas-de-la-musica\/embed\/#?secret=1Kpbngh5kF\" width=\"600\" height=\"338\" title=\"\u00abConcierto Los idiomas de la m\u00fasica\u00bb \u2014 P\u00e1gina Oficial de la EOI de M\u00e1laga ::Los idiomas ponen el mundo a tus pies::\" data-secret=\"1Kpbngh5kF\" frameborder=\"0\" marginwidth=\"0\" marginheight=\"0\" scrolling=\"no\" class=\"wp-embedded-content\"><\/iframe><script type=\"text\/javascript\">\n\/* <![CDATA[ *\/\n\/*! This file is auto-generated *\/\n!function(d,l){\"use strict\";l.querySelector&&d.addEventListener&&\"undefined\"!=typeof URL&&(d.wp=d.wp||{},d.wp.receiveEmbedMessage||(d.wp.receiveEmbedMessage=function(e){var t=e.data;if((t||t.secret||t.message||t.value)&&!\/[^a-zA-Z0-9]\/.test(t.secret)){for(var s,r,n,a=l.querySelectorAll('iframe[data-secret=\"'+t.secret+'\"]'),o=l.querySelectorAll('blockquote[data-secret=\"'+t.secret+'\"]'),c=new RegExp(\"^https?:$\",\"i\"),i=0;i<o.length;i++)o[i].style.display=\"none\";for(i=0;i<a.length;i++)s=a[i],e.source===s.contentWindow&&(s.removeAttribute(\"style\"),\"height\"===t.message?(1e3<(r=parseInt(t.value,10))?r=1e3:~~r<200&&(r=200),s.height=r):\"link\"===t.message&&(r=new URL(s.getAttribute(\"src\")),n=new URL(t.value),c.test(n.protocol))&&n.host===r.host&&l.activeElement===s&&(d.top.location.href=t.value))}},d.addEventListener(\"message\",d.wp.receiveEmbedMessage,!1),l.addEventListener(\"DOMContentLoaded\",function(){for(var e,t,s=l.querySelectorAll(\"iframe.wp-embedded-content\"),r=0;r<s.length;r++)(t=(e=s[r]).getAttribute(\"data-secret\"))||(t=Math.random().toString(36).substring(2,12),e.src+=\"#?secret=\"+t,e.setAttribute(\"data-secret\",t)),e.contentWindow.postMessage({message:\"ready\",secret:t},\"*\")},!1)))}(window,document);\n\/* ]]> *\/\n<\/script>\n","thumbnail_url":"https:\/\/www.eoimalaga.com\/web\/wp-content\/uploads\/2026\/03\/Cartel-Concierto-.png","thumbnail_width":1587,"thumbnail_height":2245,"description":"Concierto: Los idiomas de la m\u00fasica La Escuela Oficial de Idiomas de M\u00e1laga acoger\u00e1 el pr\u00f3ximo 25 de marzo el concierto \u201cLos idiomas de la m\u00fasica\u201d, una propuesta art\u00edstica que re\u00fane m\u00fasica y danza en un mismo escenario. Este evento es fruto de la colaboraci\u00f3n entre la EOI M\u00e1laga, el Conservatorio Profesional de M\u00fasica Manuel [&hellip;]"}