{"id":7751,"date":"2020-05-20T12:02:25","date_gmt":"2020-05-20T11:02:25","guid":{"rendered":"https:\/\/www.eoimalaga.com\/apps\/?page_id=7751"},"modified":"2026-04-29T10:47:10","modified_gmt":"2026-04-29T09:47:10","slug":"preinscrip_monograf","status":"publish","type":"page","link":"https:\/\/www.eoimalaga.com\/apps\/preinscrip\/preinscrip_monograf\/","title":{"rendered":"preinscrip_monograf"},"content":{"rendered":"<div class=\"wpb-content-wrapper\"><p>[vc_row][vc_column width=\u00bb1\/4&#8243;][vc_column_text]<a href=\"https:\/\/www.eoimalaga.com\/web\/\" target=\"_blank\" rel=\"noopener noreferrer\"><img loading=\"lazy\" decoding=\"async\" class=\"aligncenter wp-image-9102\" src=\"https:\/\/www.eoimalaga.com\/apps\/wp-content\/uploads\/2022\/05\/imageedit_6_7015555720-300x288.jpg\" alt=\"\" width=\"147\" height=\"141\" srcset=\"https:\/\/www.eoimalaga.com\/apps\/wp-content\/uploads\/2022\/05\/imageedit_6_7015555720-300x288.jpg 300w, https:\/\/www.eoimalaga.com\/apps\/wp-content\/uploads\/2022\/05\/imageedit_6_7015555720-1024x984.jpg 1024w, https:\/\/www.eoimalaga.com\/apps\/wp-content\/uploads\/2022\/05\/imageedit_6_7015555720-768x738.jpg 768w, https:\/\/www.eoimalaga.com\/apps\/wp-content\/uploads\/2022\/05\/imageedit_6_7015555720.jpg 1134w\" sizes=\"auto, (max-width: 147px) 100vw, 147px\" \/><\/a>[\/vc_column_text][\/vc_column][vc_column width=\u00bb3\/4&#8243;][vc_column_text css=\u00bb.vc_custom_1777291561219{background-color: #403a3a !important;}\u00bb]<\/p>\n<h1><\/h1>\n<h1 style=\"text-align: center;\"><span style=\"color: #ffffff;\">Escuela Oficial de Idiomas de M\u00c1LAGA<\/span><\/h1>\n<h1 style=\"text-align: center;\"><span style=\"color: #ffffff; font-size: 18pt;\">SOLICITUD DE PLAZA: <span style=\"color: #00b9ff;\">CAPE (cursos monogr\u00e1ficos)<\/span><\/span><\/h1>\n<h1 style=\"text-align: center;\"><span style=\"color: #ffffff; font-size: 18pt;\">1 &#8211; 20 DE MAYO de 2026<\/span><\/h1>\n<p>[\/vc_column_text][\/vc_column][\/vc_row][vc_row][vc_column][vc_tta_tour style=\u00bboutline\u00bb color=\u00bbsky\u00bb active_section=\u00bb1&#8243;][vc_tta_section title=\u00bbPlazos\u00bb tab_id=\u00bb1542113862649-a8b921f4-383a\u00bb][vc_column_text css=\u00bb\u00bb]<\/p>\n<p class=\"Estilo40 Estilo29 Estilo39\" style=\"text-align: center;\" align=\"center\"><span style=\"font-size: 24pt; color: #6626a6;\"><strong><span style=\"color: #00b9ff;\">SOLICITUD DE PLAZA<\/span>\u00a0<\/strong><\/span><\/p>\n<p class=\"Estilo40\" style=\"text-align: center;\" align=\"center\"><span style=\"font-size: 24pt;\">1 &#8211; 20 de MAYO de 2026<\/span><\/p>\n<p>[\/vc_column_text][\/vc_tta_section][vc_tta_section title=\u00bbInformaci\u00f3n previa\u00bb tab_id=\u00bb1542113907490-a693d105-1e40&#8243;][vc_column_text css=\u00bb\u00bb]<\/p>\n<p class=\"Estilo29 Estilo39\"><span style=\"color: #ff6600;\"><strong>Atenci\u00f3n, a tener en cuenta:<\/strong><\/span><\/p>\n<ul>\n<li class=\"Estilo29 Estilo39\"><span class=\"Estilo17\">Podr\u00e1 solicitar admisi\u00f3n en tantos cursos CAPE\u00a0 como desee.\u00a0<\/span><\/li>\n<li class=\"Estilo29 Estilo39\"><span class=\"Estilo17\">La solicitud de admisi\u00f3n en un curso CAPE es compatible con UNA \u00daNICA solicitud de admisi\u00f3n en otro curso<\/span> de la modalidad presencial, semipresencial o a distancia.<\/li>\n<li class=\"Estilo29 Estilo39\"><span class=\"Estilo17\">Este tr\u00e1mite es <strong>s\u00f3lo<\/strong> una solicitud de plaza, <strong>NO una matr\u00edcula<\/strong>. <\/span>\n<ul>\n<li><span class=\"Estilo17\"><strong>Sabr\u00e1 si est\u00e1 admitido<\/strong> en la fecha prevista en \u00abPublicaci\u00f3n de listas de admitidos y no admitidos\u00bb del calendario de actuaci\u00f3n.\u00a0<\/span><\/li>\n<\/ul>\n<\/li>\n<\/ul>\n<ul>\n<li><span class=\"Estilo17\">Deber\u00e1 realizar su matr\u00edcula <strong>en las fechas de julio<\/strong> anunciadas en el <strong>calendario de actuaci\u00f3n.<\/strong><\/span><\/li>\n<\/ul>\n<p><span style=\"color: #00b9ff;\"><strong>Normativa vigente para alumnado con necesidades educativas especiales<\/strong><\/span><\/p>\n<p><a href=\"https:\/\/www.eoimalaga.com\/web\/dofei\/\">El alumnado con necesidades educativas especiales debe consultar la siguiente informaci\u00f3n<\/a>.<\/p>\n<p class=\"Estilo29 Estilo39\"><span style=\"color: #00b9ff;\"><strong>Descripci\u00f3n de los cursos CAPE:\u00a0<\/strong><\/span><\/p>\n<ul>\n<li class=\"Estilo39 Estilo55\"><strong>Idiomas que ofrecen los cursos:<\/strong> franc\u00e9s e ingl\u00e9s.<\/li>\n<li class=\"Estilo39 Estilo55\"><strong>Modalidad de los cursos:<\/strong> presencial.<\/li>\n<li class=\"Estilo39 Estilo55\"><strong>Horario semanal:<\/strong> 4 horas y 30 minutos.<\/li>\n<li class=\"Estilo39 Estilo55\"><strong>Duraci\u00f3n:<\/strong> anual.<\/li>\n<li class=\"Estilo39 Estilo55\"><strong>Certificaci\u00f3n:<\/strong> Al finalizar el curso, se expedir\u00e1 un <strong>certificado de aprovechamiento<\/strong> a aquellas personas cuya asistencia haya sido de al menos un 85% de la duraci\u00f3n total.<\/li>\n<li class=\"Estilo39 Estilo55\">Los cursos no son de promoci\u00f3n, por lo que no habr\u00e1 ni ex\u00e1menes de promoci\u00f3n, ni calificaciones con fines de promoci\u00f3n.<\/li>\n<li>Son impartidos por profesorado de franc\u00e9s e ingl\u00e9s.<\/li>\n<li>Est\u00e1n destinados a diferentes sectores profesionales o de servicios, a la recuperaci\u00f3n o refuerzo de competencias comunicativas, o a la preparaci\u00f3n para pruebas de certificaci\u00f3n.<\/li>\n<\/ul>\n<p>[\/vc_column_text][\/vc_tta_section][vc_tta_section title=\u00bbCursos y oferta de plazas\u00bb tab_id=\u00bb1542113905402-227dc172-5b50&#8243;][vc_column_text css=\u00bb\u00bb]<\/p>\n<p class=\"Estilo40\"><span style=\"color: #00b9ff;\"><strong>Cursos monogr\u00e1ficos ofertados y plazas<\/strong><\/span><\/p>\n<p class=\"Estilo82\"><span style=\"color: #000000;\">Pinche en cada curso para conocer los contenidos:<\/span><\/p>\n<table style=\"height: 371px; width: 100%; border-collapse: collapse;\" border=\"1\">\n<tbody>\n<tr style=\"height: 47px;\">\n<td style=\"width: 9.48484%; height: 47px; text-align: center;\"><span style=\"color: #000000;\"><strong>Idioma<\/strong><\/span><\/td>\n<td style=\"width: 24.9576%; height: 47px;\"><span style=\"color: #000000;\"><strong>Enlaces a la informaci\u00f3n del curso<\/strong><\/span><\/td>\n<td style=\"width: 0.725163%; height: 47px;\"><span style=\"color: #000000;\"><strong>Plazas<\/strong><\/span><\/td>\n<\/tr>\n<tr style=\"height: 47px;\">\n<td style=\"width: 9.48484%; height: 47px; text-align: center;\"><span style=\"color: #000000;\">Franc\u00e9s A2<\/span><\/td>\n<td style=\"width: 24.9576%; height: 47px;\"><a href=\"https:\/\/drive.google.com\/file\/d\/1Ismdym80kuMhtn96X4tbEAt8XbFDwjNP\/view?usp=drive_link\" target=\"_blank\" rel=\"noopener\"><span style=\"color: #00b9ff;\"><i>Actualizaci\u00f3n Ling\u00fc\u00edstica<\/i><\/span><\/a><\/td>\n<td style=\"width: 0.725163%; height: 47px; text-align: center;\"><span style=\"color: #000000;\">30<\/span><\/td>\n<\/tr>\n<tr>\n<td style=\"width: 9.48484%; height: 47px; text-align: center;\"><span style=\"color: #000000;\">Franc\u00e9s B1<\/span><\/td>\n<td style=\"width: 24.9576%;\"><a href=\"https:\/\/drive.google.com\/file\/d\/1DaF7h0iF8xIysrEnsDtCJcuJF88NJ3sM\/view?usp=drive_link\" target=\"_blank\" rel=\"noopener\"><em><span style=\"color: #00b9ff;\"><i>Actualizaci\u00f3n Ling\u00fc\u00edstica<\/i><\/span><\/em><\/a><\/td>\n<td style=\"width: 0.725163%; text-align: center;\"><span style=\"color: #000000;\">\u00a030<\/span><\/td>\n<\/tr>\n<tr style=\"height: 47px;\">\n<td style=\"width: 9.48484%; height: 47px; text-align: center;\"><span style=\"color: #000000;\">Franc\u00e9s B2.2<\/span><\/td>\n<td style=\"width: 24.9576%; height: 47px;\"><a href=\"https:\/\/drive.google.com\/file\/d\/17BJiyLxr4zVA0N8Hz7xD3echcHqeryMg\/view?usp=drive_link\" target=\"_blank\" rel=\"noopener noreferrer\"><span style=\"color: #5a1c99;\"><span style=\"color: #00b9ff;\">Aspectos<\/span><\/span><em><span style=\"color: #5a1c99;\"><span style=\"color: #00b9ff;\"> <span style=\"color: #00ccff;\">socioculturales<\/span><\/span><\/span><\/em><\/a><\/td>\n<td style=\"width: 0.725163%; height: 47px; text-align: center;\"><span style=\"color: #000000;\">50<\/span><\/td>\n<\/tr>\n<tr style=\"height: 47px;\">\n<td style=\"width: 9.48484%; height: 47px; text-align: center;\"><span style=\"color: #000000;\">Ingl\u00e9s A1<\/span><\/td>\n<td style=\"width: 24.9576%; height: 47px;\"><span style=\"color: #00ccff;\"><em><a style=\"color: #00ccff;\" href=\"https:\/\/drive.google.com\/file\/d\/1sJLy2RwBknP0_aHBXeIlRxt_o_yiKUIP\/view?usp=drive_link\" target=\"_blank\" rel=\"noopener\">Actualizaci\u00f3n ling\u00fc\u00edstica<\/a><\/em><\/span><\/td>\n<td style=\"width: 0.725163%; height: 47px; text-align: center;\"><span style=\"color: #000000;\">30<\/span><\/td>\n<\/tr>\n<tr style=\"height: 47px;\">\n<td style=\"width: 9.48484%; height: 47px; text-align: center;\"><span style=\"color: #000000;\">Ingl\u00e9s A2<\/span><\/td>\n<td style=\"width: 24.9576%; height: 47px;\"><a href=\"https:\/\/drive.google.com\/file\/d\/1wV7zIYh_62dR8-oOEsEP8W7hyN2wea7R\/view?usp=drive_link\" target=\"_blank\" rel=\"noopener\"><span style=\"color: #00b9ff;\"><em>Actualizaci\u00f3n ling\u00fc\u00edstica<\/em><\/span><\/a><\/td>\n<td style=\"width: 0.725163%; height: 47px; text-align: center;\"><span style=\"color: #000000;\">30<\/span><\/td>\n<\/tr>\n<tr style=\"height: 56px;\">\n<td style=\"width: 9.48484%; text-align: center; height: 56px;\">Ingl\u00e9s B1<\/td>\n<td style=\"width: 24.9576%; height: 56px;\"><span style=\"color: #00b9ff;\"><em>\u00a0<a href=\"https:\/\/drive.google.com\/file\/d\/1ducE5z53CLkmS_XSbXzB0qi1edvX-cAQ\/view?usp=drive_link\" target=\"_blank\" rel=\"noopener\"><span style=\"color: #00b9ff;\">Actualizaci\u00f3n ling\u00fc\u00edstica<\/span><\/a><\/em><\/span><\/td>\n<td style=\"width: 0.725163%; text-align: center; height: 56px;\"><span style=\"color: #000000;\">\u00a030<\/span><\/td>\n<\/tr>\n<tr style=\"height: 47px;\">\n<td style=\"width: 9.48484%; height: 47px; text-align: center;\"><span style=\"color: #000000;\">Ingl\u00e9s B2.1<\/span><\/td>\n<td style=\"width: 24.9576%; height: 47px;\"><a href=\"https:\/\/drive.google.com\/file\/d\/1wx3dhGJ2hi_6uWaDnOrTuOxuNmFz7BUx\/view?usp=drive_link\" target=\"_blank\" rel=\"noopener\"><span style=\"color: #00b9ff;\"><i>Actualizaci\u00f3n ling\u00fc\u00edstica<\/i><\/span><\/a><\/td>\n<td style=\"width: 0.725163%; height: 47px; text-align: center;\"><span style=\"color: #000000;\">25<\/span><\/td>\n<\/tr>\n<tr style=\"height: 24px;\">\n<td style=\"width: 9.48484%; text-align: center; height: 33px;\">Ingl\u00e9s B2.2<\/td>\n<td style=\"width: 24.9576%; height: 33px;\"><a href=\"https:\/\/drive.google.com\/file\/d\/13jW8rZKZO7Lnqx6GFq3C47iTwrClehGg\/view?usp=sharing\" target=\"_blank\" rel=\"noopener\"><span style=\"color: #00b9ff;\"><i>Actualizaci\u00f3n ling\u00fc\u00edstica<\/i><\/span><\/a><\/td>\n<td style=\"width: 0.725163%; text-align: center; height: 33px;\"><span style=\"color: #000000;\">25<\/span><\/td>\n<\/tr>\n<\/tbody>\n<\/table>\n<p>[\/vc_column_text][\/vc_tta_section][vc_tta_section title=\u00bbRequisitos\u00bb tab_id=\u00bb1542113903290-c381c618-573b\u00bb][vc_column_text css=\u00bb\u00bb]<\/p>\n<p class=\"Estilo40\"><span style=\"color: #00b9ff;\"><strong>Requisitos de acceso<\/strong><\/span><\/p>\n<p align=\"justify\"><span style=\"color: #5a1c99;\"><em><span style=\"color: #00b9ff;\">Franc\u00e9s CAPE A2 (Actualizaci\u00f3n ling\u00fc\u00edstica)<\/span><\/em><\/span><\/p>\n<ul>\n<li>Debe tener al menos <strong>16 A\u00d1OS<\/strong> cumplidos a 31 de diciembre de 2026.<\/li>\n<li>Haber superado al menos el Nivel B\u00e1sico A1\u00a0 o superar la <span style=\"color: #0000ff;\"><a href=\"https:\/\/docs.google.com\/forms\/d\/e\/1FAIpQLSc7nGMc1GsuvUEnLweUK8wMIQhg2j2_-DGZUAuT24oACm51wA\/viewform?usp=sharing&amp;ouid=108290662395218055559\" target=\"_blank\" rel=\"noopener noreferrer\">prueba inicial de clasificaci\u00f3n (PIC)<\/a>.<\/span><\/li>\n<\/ul>\n<p align=\"justify\"><span style=\"color: #5a1c99;\"><em><span style=\"color: #00b9ff;\">Franc\u00e9s CAPE B1 (Actualizaci\u00f3n ling\u00fc\u00edstica)<\/span><\/em><\/span><\/p>\n<ul>\n<li>Debe tener al menos <strong>16 A\u00d1OS<\/strong> cumplidos a 31 de diciembre de 2026.<\/li>\n<li>Estar en posesi\u00f3n del certificado de al menos Nivel B\u00e1sico A2 o superar la <span style=\"color: #0000ff;\"><a href=\"https:\/\/docs.google.com\/forms\/d\/e\/1FAIpQLSe5p9AqyHfZS6okbn2OKY8IOiTLDDWWHIeHbGsRcAZ25pE09g\/viewform\" target=\"_blank\" rel=\"noopener\">prueba inicial de clasificaci\u00f3n (PIC)<\/a>.<\/span><\/li>\n<\/ul>\n<p align=\"justify\"><span style=\"color: #5a1c99;\"><em><span style=\"color: #00b9ff;\">Franc\u00e9s CAPE B2.2 (Ambos cursos: Aspectos socioculturales)<\/span><\/em><\/span><\/p>\n<ul>\n<li>Debe tener al menos <strong>16 A\u00d1OS<\/strong> cumplidos a 31 de diciembre de 2026.<\/li>\n<li>Haber superado al menos el Nivel Intermedio B2.1\u00a0 o superar la <span style=\"color: #0000ff;\"><a href=\"https:\/\/forms.gle\/2PmJ7TLFQ2Twk6k7A\" target=\"_blank\" rel=\"noopener noreferrer\">prueba inicial de clasificaci\u00f3n (PIC)<\/a>.<\/span><\/li>\n<\/ul>\n<p align=\"justify\"><span style=\"color: #5a1c99;\"><em><span style=\"color: #00b9ff;\">Ingl\u00e9s CAPE A1 (Actualizaci\u00f3n ling\u00fc\u00edstica)<\/span><\/em><\/span><\/p>\n<ul>\n<li>Debe tener al menos <strong>16 A\u00d1OS<\/strong> cumplidos a 31 de diciembre de 2026.<\/li>\n<li>No se requiere acreditaci\u00f3n de nivel.<\/li>\n<\/ul>\n<p class=\"Estilo66\"><span style=\"color: #5a1c99;\"><em><span style=\"color: #00b9ff;\">Ingl\u00e9s CAPE A2 (Actualizaci\u00f3n ling\u00fc\u00edstica)<\/span><\/em><\/span><\/p>\n<ul>\n<li class=\"Estilo17\">Debe tener al menos <strong>16 A\u00d1OS<\/strong> cumplidos a 31 de diciembre de 2026.<\/li>\n<li>Estar en posesi\u00f3n del certificado de al menos Nivel B\u00e1sico A1 o superar la <a href=\"https:\/\/docs.google.com\/forms\/d\/e\/1FAIpQLSdqk_Lrr7-brIpjJ7gIZf2tMkVaV1yWV0C03Pyk1m6DvW0kIg\/viewform\" target=\"_blank\" rel=\"noopener noreferrer\">prueba inicial de clasificaci\u00f3n (PIC)<\/a>.<\/li>\n<\/ul>\n<p align=\"justify\"><span style=\"color: #00b9ff;\"><em>Ingl\u00e9s CAPE B1 (<span style=\"color: #00ccff;\">Actualizaci\u00f3n ling\u00fc\u00edstica<\/span>)<\/em><\/span><\/p>\n<ul>\n<li class=\"Estilo17\">Debe tener al menos <strong>16 A\u00d1OS<\/strong> cumplidos a 31 de diciembre de 2026.<\/li>\n<li>Estar en posesi\u00f3n del certificado de al menos Nivel B\u00e1sico A2 o superar la <a href=\"https:\/\/docs.google.com\/forms\/d\/e\/1FAIpQLSdqk_Lrr7-brIpjJ7gIZf2tMkVaV1yWV0C03Pyk1m6DvW0kIg\/viewform\" target=\"_blank\" rel=\"noopener noreferrer\">prueba inicial de clasificaci\u00f3n (PIC)<\/a>.<\/li>\n<\/ul>\n<p align=\"justify\"><span style=\"color: #00b9ff;\"><em>Ingl\u00e9s CAPE B2.1 (<span style=\"color: #00ccff;\">Actualizaci\u00f3n ling\u00fc\u00edstica)<\/span><\/em><\/span><\/p>\n<ul>\n<li>Debe tener al menos <strong>16 A\u00d1OS<\/strong> cumplidos a 31 de diciembre de 2026.<\/li>\n<li>Estar en posesi\u00f3n del certificado de al menos Nivel Intermedio B1 o superar la <span style=\"color: #0000ff;\"><a href=\"https:\/\/docs.google.com\/forms\/d\/e\/1FAIpQLSdqk_Lrr7-brIpjJ7gIZf2tMkVaV1yWV0C03Pyk1m6DvW0kIg\/viewform\" target=\"_blank\" rel=\"noopener noreferrer\">prueba inicial de clasificaci\u00f3n (PIC)<\/a>.<\/span><\/li>\n<\/ul>\n<p align=\"justify\"><span style=\"color: #00b9ff;\"><em>Ingl\u00e9s CAPE B2.2 (<span style=\"color: #00ccff;\">Actualizaci\u00f3n ling\u00fc\u00edstica<\/span>)<\/em><\/span><\/p>\n<ul>\n<li>Debe tener al menos <strong>16 A\u00d1OS<\/strong> cumplidos a 31 de diciembre de 2026.<\/li>\n<li>Haber superado al menos el Nivel Intermedio B2.1 o superar la <a href=\"https:\/\/docs.google.com\/forms\/d\/e\/1FAIpQLSdqk_Lrr7-brIpjJ7gIZf2tMkVaV1yWV0C03Pyk1m6DvW0kIg\/viewform\" target=\"_blank\" rel=\"noopener noreferrer\"><span style=\"color: #0000ff;\">prueba inicial de clasificaci\u00f3n (PIC).<\/span><\/a><\/li>\n<\/ul>\n<p>[\/vc_column_text][\/vc_tta_section][vc_tta_section title=\u00bbCriterios de admisi\u00f3n\u00bb tab_id=\u00bb1542113898595-77fd1f6b-4b71&#8243;][vc_column_text css=\u00bb\u00bb]<\/p>\n<p class=\"Estilo40\"><span style=\"color: #00b9ff;\"><strong>Criterios de admisi\u00f3n<\/strong><\/span><\/p>\n<p class=\"Estilo17\" style=\"text-align: left;\">En cualquier caso se reservar\u00e1 un 5% de plazas para los solicitantes con discapacidad acreditada a partir de un 33% diagnosticado. Si no podemos ofrecer plazas suficientes para atender todas las solicitudes estimadas, se resolver\u00e1 por sorteo p\u00fablico que ejecutar\u00e1 el sistema de informaci\u00f3n S\u00e9neca (Decreto 21 de 2020 de 17 de febrero)<\/p>\n<p>[\/vc_column_text][\/vc_tta_section][vc_tta_section title=\u00bbEntrega de la documentaci\u00f3n\u00bb tab_id=\u00bb1542113892220-cfdd9316-06e1&#8243;][vc_column_text css=\u00bb\u00bb]<\/p>\n<p class=\"Estilo40\"><span style=\"color: #88ad17;\"><strong>Documentaci\u00f3n<\/strong><\/span><\/p>\n<p>Recuerde que si est\u00e1 interesado en acceder a un curso superior a A1 tiene que:<\/p>\n<ul>\n<li>estar en posesi\u00f3n de ciertos <a href=\"https:\/\/www.eoimalaga.com\/apps\/central\/requiacad\/requiacad_cal\/\" target=\"_blank\" rel=\"noopener noreferrer\">requisitos acad\u00e9micos<\/a><\/li>\n<li>o realizar una <a href=\"https:\/\/www.eoimalaga.com\/apps\/central\/pics\/\" target=\"_blank\" rel=\"noopener noreferrer\">Prueba Inicial de Clasificaci\u00f3n (PIC).<\/a><\/li>\n<\/ul>\n<p>Esta es la documentaci\u00f3n que deber\u00e1 presentar:<\/p>\n<ul>\n<li><span class=\"Estilo11\"><a href=\"http:\/\/eoimalaga.com\/apps_docs\/preinscrip\/solic_admis_mon.pdf\" target=\"_blank\" rel=\"noopener\">Solicitud de admisi\u00f3n<\/a> rellenada y firmada.<\/span><\/li>\n<li><strong>Fotocopia del DNI, NIE o pasaporte <\/strong>(y documentaci\u00f3n complementaria para alumnado menor de edad)<\/li>\n<li><span class=\"Estilo11\">Fotocopia de LA\u00a0<\/span><span class=\"Estilo11\"><strong>DOCUMENTACI\u00d3N<\/strong>\u00a0JUSTIFICATIVA DE TODOS LOS\u00a0<strong>CRITERIOS DE ADMISI\u00d3N<\/strong>\u00a0ALEGADOS.<\/span><\/li>\n<li>Fotocopia de la\u00a0<span class=\"Estilo11\">LA\u00a0<strong>DOCUMENTACI\u00d3N<\/strong>\u00a0JUSTIFICATIVA DE TODOS LOS\u00a0<strong>REQUISITOS DE ACCESO<\/strong>\u00a0ALEGADOS.<\/span><\/li>\n<\/ul>\n<p>&nbsp;<\/p>\n<p>Tiene dos opciones de entrega de documentaci\u00f3n:<\/p>\n<ol>\n<li><strong>Entrega presencial en la EOI de M\u00e1laga, sita en Paseo de Martiricos, 26. 29009- M\u00e1laga. Dependiendo del nivel para el que solicite plaza:<\/strong><\/li>\n<\/ol>\n<ul>\n<li style=\"list-style-type: none;\">\n<ul>\n<li style=\"list-style-type: none;\">\n<ul>\n<li><strong>Solicitudes de plaza para nivel A1 de ingl\u00e9s:<\/strong>\n<ul>\n<li>en los buzones \u00a0habilitados en el vest\u00edbulo de la EOI<\/li>\n<li>en horario de 9:00 a 21:00 de lunes a jueves, y de 9.00 a 14.00 los viernes,<\/li>\n<li>aportando la documentaci\u00f3n citada arriba.<\/li>\n<\/ul>\n<\/li>\n<li><strong>Solicitudes de plaza para otros niveles en cualquiera de los idiomas ofertados:<\/strong>\n<ul>\n<li>Presencialmente en secretar\u00eda<\/li>\n<li>de 9.30 a 13.00 de lunes a viernes,<\/li>\n<li>aportando la documentaci\u00f3n citada arriba.<\/li>\n<\/ul>\n<\/li>\n<\/ul>\n<\/li>\n<\/ul>\n<\/li>\n<\/ul>\n<p style=\"padding-left: 40px;\"><strong>\u00a0 \u00a0 \u00a0 \u00a02. Por correo certificado con fecha de env\u00edo hasta el 20 de mayo de 2026<\/strong>, inclusive, a: EOI M\u00e1laga, Secretar\u00eda, Paseo de Martiricos, 26, 29009 M\u00e1laga<\/p>\n<ul>\n<li style=\"list-style-type: none;\">\n<ul>\n<li>Misma documentaci\u00f3n indicada anteriormente.<\/li>\n<\/ul>\n<\/li>\n<\/ul>\n<p>[\/vc_column_text][\/vc_tta_section][vc_tta_section tab_id=\u00bb1542113895436-e1e0afeb-8fa5&#8243; title=\u00bbConsideraciones\u00bb][vc_column_text]<span style=\"color: #00b9ff;\"><strong>M\u00ednimo de solicitudes:<\/strong><\/span><\/p>\n<ul>\n<li>La autorizaci\u00f3n de los cursos monogr\u00e1ficos por parte de la Consejer\u00eda de Educaci\u00f3n quedar\u00e1 condicionada a que, finalizado el plazo de admisi\u00f3n, el n\u00famero de solicitudes sea <strong>igual o superior a 15 personas por curso<\/strong>. (Orden de 1 de junio de 2021).<\/li>\n<li>Por este motivo no podemos garantizar en estos momentos la implantaci\u00f3n de los cursos.<\/li>\n<li>Los solicitantes ser\u00e1n informados al respecto, una vez hayamos realizado el recuento de solicitudes.<\/li>\n<\/ul>\n<p>[\/vc_column_text][\/vc_tta_section][\/vc_tta_tour][\/vc_column][\/vc_row]<\/p>\n<\/div>","protected":false},"excerpt":{"rendered":"<p>[vc_row][vc_column width=\u00bb1\/4&#8243;][vc_column_text][\/vc_column_text][\/vc_column][vc_column width=\u00bb3\/4&#8243;][vc_column_text css=\u00bb.vc_custom_1777291561219{background-color: #403a3a !important;}\u00bb] Escuela Oficial de Idiomas de M\u00c1LAGA SOLICITUD DE PLAZA: CAPE (cursos monogr\u00e1ficos) 1 &#8211; 20 DE MAYO de 2026 [\/vc_column_text][\/vc_column][\/vc_row][vc_row][vc_column][vc_tta_tour style=\u00bboutline\u00bb color=\u00bbsky\u00bb active_section=\u00bb1&#8243;][vc_tta_section title=\u00bbPlazos\u00bb tab_id=\u00bb1542113862649-a8b921f4-383a\u00bb][vc_column_text css=\u00bb\u00bb] SOLICITUD DE PLAZA\u00a0 1 &#8211; 20 de MAYO de 2026 [\/vc_column_text][\/vc_tta_section][vc_tta_section title=\u00bbInformaci\u00f3n previa\u00bb tab_id=\u00bb1542113907490-a693d105-1e40&#8243;][vc_column_text css=\u00bb\u00bb] Atenci\u00f3n, a tener en cuenta: Podr\u00e1 solicitar admisi\u00f3n [&hellip;]<\/p>\n","protected":false},"author":12,"featured_media":0,"parent":7503,"menu_order":0,"comment_status":"closed","ping_status":"closed","template":"","meta":{"footnotes":""},"class_list":["post-7751","page","type-page","status-publish","hentry"],"_links":{"self":[{"href":"https:\/\/www.eoimalaga.com\/apps\/wp-json\/wp\/v2\/pages\/7751","targetHints":{"allow":["GET"]}}],"collection":[{"href":"https:\/\/www.eoimalaga.com\/apps\/wp-json\/wp\/v2\/pages"}],"about":[{"href":"https:\/\/www.eoimalaga.com\/apps\/wp-json\/wp\/v2\/types\/page"}],"author":[{"embeddable":true,"href":"https:\/\/www.eoimalaga.com\/apps\/wp-json\/wp\/v2\/users\/12"}],"replies":[{"embeddable":true,"href":"https:\/\/www.eoimalaga.com\/apps\/wp-json\/wp\/v2\/comments?post=7751"}],"version-history":[{"count":199,"href":"https:\/\/www.eoimalaga.com\/apps\/wp-json\/wp\/v2\/pages\/7751\/revisions"}],"predecessor-version":[{"id":10574,"href":"https:\/\/www.eoimalaga.com\/apps\/wp-json\/wp\/v2\/pages\/7751\/revisions\/10574"}],"up":[{"embeddable":true,"href":"https:\/\/www.eoimalaga.com\/apps\/wp-json\/wp\/v2\/pages\/7503"}],"wp:attachment":[{"href":"https:\/\/www.eoimalaga.com\/apps\/wp-json\/wp\/v2\/media?parent=7751"}],"curies":[{"name":"wp","href":"https:\/\/api.w.org\/{rel}","templated":true}]}}