{"id":7247,"date":"2019-05-02T11:15:21","date_gmt":"2019-05-02T10:15:21","guid":{"rendered":"http:\/\/www.eoimalaga.com\/apps\/?page_id=7247"},"modified":"2021-04-28T10:13:31","modified_gmt":"2021-04-28T09:13:31","slug":"meritos_estudiante","status":"publish","type":"page","link":"https:\/\/www.eoimalaga.com\/apps\/meritos_estudiante\/","title":{"rendered":"meritos_estudiante"},"content":{"rendered":"<h3 class=\"Estilo52\"><strong>Acreditaci\u00f3n de la situaci\u00f3n de MATRICULADO EN ESTUDIOS OFICIALES DEL SISTEMA EDUCATIVO ANDALUZ.<\/strong><\/h3>\n<p class=\"Estilo17\" align=\"justify\">1. Se considerara que una persona est\u00e1 matriculada en estudios oficiales del sistema educativo andaluz cuando est\u00e9 matriculada en un centro docente radicado en Andaluc\u00eda en alguna de las ense\u00f1anzas reguladas en la Ley Org\u00e1nica 2\/2006, de 3 de mayo, o en la Ley Org\u00e1nica 6\/2001, de 21 de diciembre, de Universidades.<\/p>\n<p class=\"Estilo17\" align=\"justify\">No obstante lo anterior, se advierte de que aquellas personas que en el momento de solicitar plaza no est\u00e9n en posesi\u00f3n de, como m\u00ednimo, el certificado de ESO (o equivalente en sistemas anteriores), ser\u00e1n autom\u00e1ticamente adscritas al grupo 5 de los relacionados en el punto <strong>5. Criterios de admisi\u00f3n<\/strong> de este programa de ayuda.<\/p>\n<div class=\"Estilo17\" align=\"justify\">2. Los solicitantes deber\u00e1n aportar una certificaci\u00f3n emitida por la Secretar\u00eda del centro, instituci\u00f3n o universidad en la que se encuentren matriculados, o, en su defecto, una fotocopia del justificante de matr\u00edcula, haciendo constar a mano la leyenda \u00abEs copia fiel del original\u00bb, DNI\/NIE, fecha y firma.<\/div>\n","protected":false},"excerpt":{"rendered":"<p>Acreditaci\u00f3n de la situaci\u00f3n de MATRICULADO EN ESTUDIOS OFICIALES DEL SISTEMA EDUCATIVO ANDALUZ. 1. Se considerara que una persona est\u00e1 matriculada en estudios oficiales del sistema educativo andaluz cuando est\u00e9 matriculada en un centro docente radicado en Andaluc\u00eda en alguna de las ense\u00f1anzas reguladas en la Ley Org\u00e1nica 2\/2006, de 3 de mayo, o en [&hellip;]<\/p>\n","protected":false},"author":11,"featured_media":0,"parent":0,"menu_order":0,"comment_status":"closed","ping_status":"closed","template":"","meta":{"footnotes":""},"class_list":["post-7247","page","type-page","status-publish","hentry"],"_links":{"self":[{"href":"https:\/\/www.eoimalaga.com\/apps\/wp-json\/wp\/v2\/pages\/7247","targetHints":{"allow":["GET"]}}],"collection":[{"href":"https:\/\/www.eoimalaga.com\/apps\/wp-json\/wp\/v2\/pages"}],"about":[{"href":"https:\/\/www.eoimalaga.com\/apps\/wp-json\/wp\/v2\/types\/page"}],"author":[{"embeddable":true,"href":"https:\/\/www.eoimalaga.com\/apps\/wp-json\/wp\/v2\/users\/11"}],"replies":[{"embeddable":true,"href":"https:\/\/www.eoimalaga.com\/apps\/wp-json\/wp\/v2\/comments?post=7247"}],"version-history":[{"count":2,"href":"https:\/\/www.eoimalaga.com\/apps\/wp-json\/wp\/v2\/pages\/7247\/revisions"}],"predecessor-version":[{"id":8450,"href":"https:\/\/www.eoimalaga.com\/apps\/wp-json\/wp\/v2\/pages\/7247\/revisions\/8450"}],"wp:attachment":[{"href":"https:\/\/www.eoimalaga.com\/apps\/wp-json\/wp\/v2\/media?parent=7247"}],"curies":[{"name":"wp","href":"https:\/\/api.w.org\/{rel}","templated":true}]}}